{"id":32875,"date":"2018-12-17T18:28:05","date_gmt":"2018-12-17T18:28:05","guid":{"rendered":"https:\/\/museemontrealjuif.ca\/default\/"},"modified":"2025-08-11T16:09:17","modified_gmt":"2025-08-11T16:09:17","slug":"default","status":"publish","type":"page","link":"https:\/\/museemontrealjuif.ca\/fr\/","title":{"rendered":"01 \u2013 Page d\u2019accueil"},"content":{"rendered":"<div class=\"wpb-content-wrapper\"><p>[vc_row full_width=\u00a0\u00bbstretch_row_content_no_spaces\u00a0\u00bb content_placement=\u00a0\u00bbtop\u00a0\u00bb css=\u00a0\u00bb.vc_custom_1628185099322{margin-top: 0px !important;margin-bottom: 0px !important;padding-top: 0px !important;padding-bottom: 0px !important;background-position: center !important;background-repeat: no-repeat !important;background-size: cover !important;}\u00a0\u00bb][vc_column css=\u00a0\u00bb.vc_custom_1628185111492{margin-top: 0px !important;padding-top: 0px !important;}\u00a0\u00bb]\n\t\t\t<!-- START homepage FR REVOLUTION SLIDER 6.7.40 --><p class=\"rs-p-wp-fix\"><\/p>\n\t\t\t<rs-module-wrap id=\"rev_slider_9_1_wrapper\" data-source=\"gallery\" style=\"visibility:hidden;background:transparent;padding:0;margin:0px auto;margin-top:0;margin-bottom:0;\">\n\t\t\t\t<rs-module id=\"rev_slider_9_1\" style=\"\" data-version=\"6.7.40\">\n\t\t\t\t\t<rs-slides style=\"overflow: hidden; position: absolute;\">\n\t\t\t\t\t\t<rs-slide style=\"position: absolute;\" data-key=\"rs-27\" data-title=\"Slide\" data-anim=\"adpr:false;\" data-in=\"o:0;\" data-out=\"a:false;\">\n\t\t\t\t\t\t\t<img src=\"\/\/museemontrealjuif.ca\/wp-content\/plugins\/revslider\/sr6\/assets\/assets\/dummy.png\" alt=\"\" title=\"homepage&#8212;header\" width=\"1280\" height=\"641\" class=\"rev-slidebg tp-rs-img rs-lazyload\" data-lazyload=\"\/\/museemontrealjuif.ca\/wp-content\/uploads\/2019\/05\/homepage-header-1.jpg\" data-no-retina>\n<!--\n\t\t\t\t\t\t\t--><p\n\t\t\t\t\t\t\t\tid=\"slider-9-slide-27-layer-0\" \n\t\t\t\t\t\t\t\tclass=\"rs-layer\"\n\t\t\t\t\t\t\t\tdata-type=\"text\"\n\t\t\t\t\t\t\t\tdata-xy=\"x:c;xo:-3px,0,21px,1px;y:m;yo:-73px,-63px,-15px,-45px;\"\n\t\t\t\t\t\t\t\tdata-text=\"w:normal;s:60,49,37,28;l:72,59,44,42;ls:2,1,0,0;a:center;\"\n\t\t\t\t\t\t\t\tdata-dim=\"w:100%,729px,553px,305px;minh:0px,none,none,none;\"\n\t\t\t\t\t\t\t\tdata-basealign=\"slide\"\n\t\t\t\t\t\t\t\tdata-rsp_o=\"off\"\n\t\t\t\t\t\t\t\tdata-rsp_bd=\"off\"\n\t\t\t\t\t\t\t\tdata-frame_1=\"sp:400;\"\n\t\t\t\t\t\t\t\tdata-frame_999=\"o:0;st:w;sp:400;\"\n\t\t\t\t\t\t\t\tstyle=\"z-index:10;font-family:Adelle W01 SemiBold, Arvo, serif;text-shadow:gray 1px 1px 2px color: #eb5125;\"\n\t\t\t\t\t\t\t>Bienvenue au Mus\u00e9e du Montr\u00e9al juif\n\n \n\t\t\t\t\t\t\t<\/p><!--\n\n\t\t\t\t\t\t\t--><rs-layer\n\t\t\t\t\t\t\t\tid=\"slider-9-slide-27-layer-4\" \n\t\t\t\t\t\t\t\tdata-type=\"shape\"\n\t\t\t\t\t\t\t\tdata-xy=\"x:c;xo:1px,0,-6px,0;y:m;yo:-12px,0,9px,0;\"\n\t\t\t\t\t\t\t\tdata-text=\"w:normal;s:20,16,12,7;l:0,20,15,9;\"\n\t\t\t\t\t\t\t\tdata-dim=\"w:100%;h:400px,262px,199px,75%;\"\n\t\t\t\t\t\t\t\tdata-basealign=\"slide\"\n\t\t\t\t\t\t\t\tdata-rsp_o=\"off\"\n\t\t\t\t\t\t\t\tdata-rsp_bd=\"off\"\n\t\t\t\t\t\t\t\tdata-frame_1=\"sp:400;\"\n\t\t\t\t\t\t\t\tdata-frame_999=\"o:0;st:w;sp:400;\"\n\t\t\t\t\t\t\t\tstyle=\"z-index:8;background-color:rgba(60,190,225,0.6);\"\n\t\t\t\t\t\t\t> \n\t\t\t\t\t\t\t<\/rs-layer><!--\n\n\t\t\t\t\t\t\t--><a\n\t\t\t\t\t\t\t\tid=\"slider-9-slide-27-layer-6\" \n\t\t\t\t\t\t\t\tclass=\"rs-layer rev-btn\"\n\t\t\t\t\t\t\t\thref=\"https:\/\/museemontrealjuif.ca\/fr\/planifier-votre-visite\/\" target=\"_self\"\n\t\t\t\t\t\t\t\tdata-type=\"button\"\n\t\t\t\t\t\t\t\tdata-xy=\"x:c;xo:0,159px,94px,-1px;y:m;yo:94px,69px,54px,49px;\"\n\t\t\t\t\t\t\t\tdata-text=\"w:normal;s:20,16,14,16;l:40,33,25,28;ls:0,0,0,0px;a:center;\"\n\t\t\t\t\t\t\t\tdata-dim=\"minh:0px,none,none,none;\"\n\t\t\t\t\t\t\t\tdata-basealign=\"slide\"\n\t\t\t\t\t\t\t\tdata-rsp_o=\"off\"\n\t\t\t\t\t\t\t\tdata-rsp_bd=\"off\"\n\t\t\t\t\t\t\t\tdata-padding=\"r:25,21,16,10;l:25,21,16,10;\"\n\t\t\t\t\t\t\t\tdata-border=\"bos:solid;boc:#ffffff;bow:3px,3px,3px,3px;\"\n\t\t\t\t\t\t\t\tdata-frame_999=\"o:0;st:w;\"\n\t\t\t\t\t\t\t\tdata-frame_hover=\"bgc:rgba(0,0,0,0);boc:rgba(255,255,255,0.75);bor:0px,0px,0px,0px;bos:solid;bow:3px,3px,3px,3px;e:power1.inOut;\"\n\t\t\t\t\t\t\t\tstyle=\"z-index:11;background-color:rgba(0,0,0,0);font-family:'Arvo';\"\n\t\t\t\t\t\t\t>PLANIFIER VOTRE VISITE \n\t\t\t\t\t\t\t<\/a><!--\n-->\t\t\t\t\t<\/rs-slide>\n\t\t\t\t\t<\/rs-slides>\n\t\t\t\t<\/rs-module>\n\t\t\t\t<script>\n\t\t\t\t\tsetREVStartSize({c: 'rev_slider_9_1',rl:[1240,1024,778,480],el:[700,500,500,265],gw:[1240,1024,778,480],gh:[700,500,500,265],type:'standard',justify:'',layout:'fullwidth',mh:\"0\"});if (window.RS_MODULES!==undefined && window.RS_MODULES.modules!==undefined && window.RS_MODULES.modules[\"revslider91\"]!==undefined) {window.RS_MODULES.modules[\"revslider91\"].once = false;window.revapi9 = undefined;if (window.RS_MODULES.checkMinimal!==undefined) window.RS_MODULES.checkMinimal()}\n\t\t\t\t<\/script>\n\t\t\t<\/rs-module-wrap>\n\t\t\t<!-- END REVOLUTION SLIDER -->\n[vc_column_text css=\u00a0\u00bb.vc_custom_1628183844228{margin-top: 0px !important;margin-right: 0px !important;margin-bottom: 0px !important;margin-left: 0px !important;padding-top: 16px !important;padding-bottom: 16px !important;background-color: #e3f4f9 !important;}\u00a0\u00bb]<\/p>\n<p style=\"text-align: center;\"><span style=\"color: #333333; font-size: 80%;\">d\u00e9filer vers le bas<\/span><br \/>\n<span style=\"color: #333333; font-size: 80%;\">\u25bc<\/span>[\/vc_column_text][\/vc_column][\/vc_row][vc_row full_width=\u00a0\u00bbstretch_row_content\u00a0\u00bb content_placement=\u00a0\u00bbmiddle\u00a0\u00bb css=\u00a0\u00bb.vc_custom_1562960748898{background-image: url(https:\/\/museemontrealjuif.ca\/wp-content\/uploads\/2019\/06\/homepage-dots.jpg?id=34819) !important;background-position: center !important;background-repeat: no-repeat !important;background-size: cover !important;}\u00a0\u00bb el_class=\u00a0\u00bbmandate-background\u00a0\u00bb][vc_column offset=\u00a0\u00bbvc_hidden-xs\u00a0\u00bb][vc_row_inner content_placement=\u00a0\u00bbmiddle\u00a0\u00bb][vc_column_inner width=\u00a0\u00bb1\/3&Prime; offset=\u00a0\u00bbvc_hidden-xs\u00a0\u00bb][vc_empty_space height=\u00a0\u00bb28px\u00a0\u00bb][vc_single_image image=\u00a0\u00bb34980&Prime; img_size=\u00a0\u00bblarge\u00a0\u00bb css=\u00a0\u00bb.vc_custom_1562272707219{padding-top: 36px !important;}\u00a0\u00bb][\/vc_column_inner][vc_column_inner width=\u00a0\u00bb7\/12&Prime; offset=\u00a0\u00bbvc_hidden-xs\u00a0\u00bb][vc_column_text css=\u00a0\u00bb.vc_custom_1637853323680{padding-left: px !important;}\u00a0\u00bb]<\/p>\n<p style=\"text-align: center;\"><span style=\"font-family: Adelle W01 SemiBold, Arvo, serif; font-size: 175%; line-height: 1.25;\">Le Mus\u00e9e du Montr\u00e9al juif est un endroit novateur qui permet de se rapprocher de la vie et de l&rsquo;identit\u00e9 juives de Montr\u00e9al, de partager le patrimoine diversifi\u00e9 de la communaut\u00e9 et de cr\u00e9er de nouvelles exp\u00e9riences artistiques et culturelles.<\/span><\/p>\n<p>[\/vc_column_text][\/vc_column_inner][vc_column_inner width=\u00a0\u00bb1\/12&Prime; offset=\u00a0\u00bbvc_hidden-sm vc_hidden-xs\u00a0\u00bb][\/vc_column_inner][\/vc_row_inner][vc_row_inner content_placement=\u00a0\u00bbmiddle\u00a0\u00bb][vc_column_inner width=\u00a0\u00bb1\/5&Prime; offset=\u00a0\u00bbvc_hidden-sm vc_hidden-xs\u00a0\u00bb][\/vc_column_inner][vc_column_inner width=\u00a0\u00bb3\/5&Prime; offset=\u00a0\u00bbvc_col-lg-offset-0 vc_col-lg-6 vc_col-md-offset-0 vc_col-md-6 vc_col-xs-offset-2 vc_col-xs-8 vc_hidden-xs\u00a0\u00bb][vc_column_text css=\u00a0\u00bb.vc_custom_1563215893134{padding-left: px !important;}\u00a0\u00bb]<\/p>\n<p style=\"text-align: center;\"><span style=\"font-family: Adelle W01 SemiBold, Arvo, serif; font-size: 120%; line-height: 1.2;\">Nous sommes situ\u00e9s sur le boulevard Saint-Laurent, en plein c\u0153ur du quartier juif historique de Montr\u00e9al.<\/span><\/p>\n<p>&nbsp;<\/p>\n<p style=\"text-align: center;\"><span style=\"font-family: Adelle W01 SemiBold, Arvo, serif; font-size: 120%; line-height: 1.2;\">Nous vous invitons \u00e0 des visites guid\u00e9es, \u00e0 des expositions d\u2019art contemporain, \u00e0 des \u00e9v\u00e9nements culturels et m\u00eame \u00e0 la d\u00e9gustation de nos nouvelles interpr\u00e9tations de la cuisine juive.<\/span><\/p>\n<p>[\/vc_column_text][\/vc_column_inner][vc_column_inner width=\u00a0\u00bb1\/5&Prime; offset=\u00a0\u00bbvc_hidden-xs\u00a0\u00bb][vc_single_image image=\u00a0\u00bb34982&Prime; img_size=\u00a0\u00bbmedium\u00a0\u00bb alignment=\u00a0\u00bbright\u00a0\u00bb][\/vc_column_inner][\/vc_row_inner][\/vc_column][\/vc_row][vc_row content_placement=\u00a0\u00bbmiddle\u00a0\u00bb css=\u00a0\u00bb.vc_custom_1562960753956{background-position: center !important;background-repeat: no-repeat !important;background-size: cover !important;}\u00a0\u00bb el_class=\u00a0\u00bbmandate-background\u00a0\u00bb][vc_column offset=\u00a0\u00bbvc_hidden-lg vc_hidden-md vc_hidden-sm\u00a0\u00bb][vc_column_text css=\u00a0\u00bb.vc_custom_1563215909024{padding-left: px !important;border-radius: 4px !important;}\u00a0\u00bb]<\/p>\n<p style=\"text-align: center;\"><span style=\"font-family: Adelle W01 SemiBold, Arvo, serif; font-size: 150%; line-height: 1.2;\">Le Mus\u00e9e du Montr\u00e9al juif est un endroit novateur qui permet de se rapprocher de la vie et de l&rsquo;identit\u00e9 juives de Montr\u00e9al, de partager le patrimoine diversifi\u00e9 de la communaut\u00e9 et de cr\u00e9er de nouvelles exp\u00e9riences artistiques et culturelles.<\/span><\/p>\n<p>[\/vc_column_text][vc_single_image image=\u00a0\u00bb35017&Prime; img_size=\u00a0\u00bbfull\u00a0\u00bb alignment=\u00a0\u00bbcenter\u00a0\u00bb css=\u00a0\u00bb.vc_custom_1562961492768{padding-top: 20px !important;}\u00a0\u00bb][vc_column_text css=\u00a0\u00bb.vc_custom_1563215918575{padding-left: px !important;}\u00a0\u00bb]<\/p>\n<p style=\"text-align: center;\"><span style=\"font-family: Adelle W01 SemiBold, Arvo, serif; font-size: 120%; line-height: 1.2;\">Nous sommes situ\u00e9s sur le boulevard Saint-Laurent, en plein c\u0153ur du quartier juif historique de Montr\u00e9al.<\/span><\/p>\n<p>[\/vc_column_text][vc_single_image image=\u00a0\u00bb34982&Prime; alignment=\u00a0\u00bbcenter\u00a0\u00bb][vc_column_text css=\u00a0\u00bb.vc_custom_1563215927554{padding-left: px !important;}\u00a0\u00bb]<\/p>\n<p style=\"text-align: center;\"><span style=\"font-family: Adelle W01 SemiBold, Arvo, serif; font-size: 120%; line-height: 1.2;\">Nous vous invitons \u00e0 des visites guid\u00e9es, \u00e0 des expositions d\u2019art contemporain, \u00e0 des \u00e9v\u00e9nements culturels et m\u00eame \u00e0 la d\u00e9gustation de nos nouvelles interpr\u00e9tations de la cuisine juive.<\/span><\/p>\n<p>[\/vc_column_text][vc_single_image image=\u00a0\u00bb35017&Prime; img_size=\u00a0\u00bbfull\u00a0\u00bb alignment=\u00a0\u00bbcenter\u00a0\u00bb css=\u00a0\u00bb.vc_custom_1562961562308{padding-top: 20px !important;}\u00a0\u00bb][\/vc_column][\/vc_row][vc_row full_width=\u00a0\u00bbstretch_row_content\u00a0\u00bb content_placement=\u00a0\u00bbmiddle\u00a0\u00bb disable_element=\u00a0\u00bbyes\u00a0\u00bb css=\u00a0\u00bb.vc_custom_1594415058258{background-position: 0 0 !important;background-repeat: no-repeat !important;}\u00a0\u00bb][vc_column][vc_column_text css=\u00a0\u00bb.vc_custom_1562270620935{padding-top: 20px !important;padding-right: 40px !important;padding-bottom: 40px !important;padding-left: 40px !important;background-color: #d7d7d8 !important;}\u00a0\u00bb]<\/p>\n<p style=\"text-align: center;\"><strong>WHAT TO EXPECT FOR FIRST TIME VISITORS<\/strong><\/p>\n<p style=\"text-align: center;\">Veuillez noter que nous n&rsquo;avons pas de collection physique. If you have not booked a tour or are not attending an event, please plan on a 20 to 30 minute visit, where you will be able to enjoy a free small exhibition, our boutique, or a bite at our cafe.<\/p>\n<p>[\/vc_column_text][\/vc_column][\/vc_row][vc_row full_width=\u00a0\u00bbstretch_row_content\u00a0\u00bb equal_height=\u00a0\u00bbyes\u00a0\u00bb el_id=\u00a0\u00bbequal-height\u00a0\u00bb][vc_column css=\u00a0\u00bb.vc_custom_1563209371262{margin-right: 15px !important;margin-left: 15px !important;background-image: url(https:\/\/museemontrealjuif.ca\/wp-content\/uploads\/2019\/07\/homepage-tours.jpg?id=35042) !important;background-position: center !important;background-repeat: no-repeat !important;background-size: cover !important;}\u00a0\u00bb offset=\u00a0\u00bbvc_col-lg-4 vc_col-md-4 vc_col-xs-12&Prime;][vc_row_inner equal_height=\u00a0\u00bbyes\u00a0\u00bb content_placement=\u00a0\u00bbtop\u00a0\u00bb][vc_column_inner][vc_column_text]<\/p>\n<p style=\"text-align: center;\"><span style=\"font-family: Adelle W01 SemiBold, Arvo, serif; font-size: 250%; line-height: 1.2; color: #eb5125;\">Visites guid\u00e9es<\/span><br \/>\n<span style=\"color: #333333; font-weight: 600;\">Faites votre d\u00e9couverte du Montr\u00e9al juif en choisissant de participer \u00e0 nos visites historiques, aux visites gourmandes, ou aux visites de b\u00e2timents historiques.<\/span>[\/vc_column_text][vc_empty_space height=\u00a0\u00bb180px\u00a0\u00bb][\/vc_column_inner][\/vc_row_inner][vc_row_inner equal_height=\u00a0\u00bbyes\u00a0\u00bb content_placement=\u00a0\u00bbmiddle\u00a0\u00bb][vc_column_inner]<style type=\"text\/css\">.thegem-button-69f3f37ddc53f4649 .gem-button svg {fill: #ffffff;}.thegem-button-69f3f37ddc53f4649 .gem-button:hover svg {fill: #ffffff;}<\/style><div class=\"gem-button-container gem-button-position-center thegem-button-69f3f37ddc53f4649 button-sink   \"  ><a title=\"nos visites\" class=\"gem-button gem-button-size-medium gem-button-style-outline gem-button-text-weight-normal gem-button-border-3\" data-ll-effect=\"drop-right-without-wrap\" style=\"border-radius: 3px;border-color: #ffffff;color: #ffffff;\" onmouseleave=\"this.style.borderColor='#ffffff';this.style.backgroundColor='transparent';this.style.color='#ffffff';\" onmouseenter=\"this.style.borderColor='#ffffff';this.style.backgroundColor='#eb5125';this.style.color='#ffffff';\" href=\"https:\/\/museemontrealjuif.ca\/fr\/visites\/\" target=\"_self\">PLUS D&#039;INFOs<\/a><\/div> [\/vc_column_inner][\/vc_row_inner][\/vc_column][vc_column css=\u00a0\u00bb.vc_custom_1563210767076{margin-right: 15px !important;margin-left: 15px !important;background-image: url(https:\/\/museemontrealjuif.ca\/wp-content\/uploads\/2019\/07\/homepage-art-1.jpg?id=35058) !important;background-position: center !important;background-repeat: no-repeat !important;background-size: cover !important;}\u00a0\u00bb el_id=\u00a0\u00bbgradient-bkg\u00a0\u00bb offset=\u00a0\u00bbvc_col-lg-4 vc_col-md-4 vc_col-xs-12&Prime;][vc_row_inner equal_height=\u00a0\u00bbyes\u00a0\u00bb content_placement=\u00a0\u00bbtop\u00a0\u00bb][vc_column_inner][vc_column_text]<\/p>\n<p style=\"text-align: center;\"><span style=\"font-family: Adelle W01 SemiBold, Arvo, serif; font-size: 250%; line-height: 1.2; color: #eb5125;\">Expositions<\/span><br \/>\n<span style=\"color: #333333; font-weight: 600;\">Laissez-vous inspirer par des expositions d&rsquo;art contemporain et patrimonial.<\/span>[\/vc_column_text][vc_empty_space height=\u00a0\u00bb180px\u00a0\u00bb][\/vc_column_inner][\/vc_row_inner][vc_row_inner equal_height=\u00a0\u00bbyes\u00a0\u00bb content_placement=\u00a0\u00bbmiddle\u00a0\u00bb][vc_column_inner]<style type=\"text\/css\">.thegem-button-69f3f37ddc6468657 .gem-button svg {fill: #ffffff;}.thegem-button-69f3f37ddc6468657 .gem-button:hover svg {fill: #ffffff;}<\/style><div class=\"gem-button-container gem-button-position-center thegem-button-69f3f37ddc6468657 button-sink   \"  ><a title=\"expositions\" class=\"gem-button gem-button-size-medium gem-button-style-outline gem-button-text-weight-normal gem-button-border-3\" data-ll-effect=\"drop-right-without-wrap\" style=\"border-radius: 3px;border-color: #ffffff;color: #ffffff;\" onmouseleave=\"this.style.borderColor='#ffffff';this.style.backgroundColor='transparent';this.style.color='#ffffff';\" onmouseenter=\"this.style.borderColor='#ffffff';this.style.backgroundColor='#eb5125';this.style.color='#ffffff';\" href=\"https:\/\/museemontrealjuif.ca\/fr\/expositions\/\" target=\"_self\">EXPOS PASS\u00c9E<\/a><\/div> [\/vc_column_inner][\/vc_row_inner][\/vc_column][vc_column css=\u00a0\u00bb.vc_custom_1563209246439{margin-right: 15px !important;margin-left: 15px !important;background-image: url(https:\/\/museemontrealjuif.ca\/wp-content\/uploads\/2019\/07\/homepage-events.jpg?id=35037) !important;background-position: center !important;background-repeat: no-repeat !important;background-size: cover !important;}\u00a0\u00bb offset=\u00a0\u00bbvc_col-lg-4 vc_col-md-4 vc_col-xs-12&Prime;][vc_row_inner equal_height=\u00a0\u00bbyes\u00a0\u00bb content_placement=\u00a0\u00bbtop\u00a0\u00bb][vc_column_inner][vc_column_text]<\/p>\n<p style=\"text-align: center;\"><span style=\"font-family: Adelle W01 SemiBold, Arvo, serif; font-size: 250%; line-height: 1.2; color: #eb5125;\">\u00c9v\u00e9nements<\/span><br \/>\n<span style=\"color: #333333; font-weight: 600;\">Faites de nouvelles exp\u00e9riences culturelles lors de nos vernissages, de nos d\u00eeners \u00ab pop-up \u00bb, de nos ateliers interactifs, entre beaucoup d\u2019autres !<\/span><\/p>\n<p style=\"text-align: center;\">[\/vc_column_text][vc_empty_space height=\u00a0\u00bb180px\u00a0\u00bb][\/vc_column_inner][\/vc_row_inner][vc_row_inner equal_height=\u00a0\u00bbyes\u00a0\u00bb content_placement=\u00a0\u00bbmiddle\u00a0\u00bb][vc_column_inner]<style type=\"text\/css\">.thegem-button-69f3f37ddc6ec2030 .gem-button svg {fill: #ffffff;}.thegem-button-69f3f37ddc6ec2030 .gem-button:hover svg {fill: #ffffff;}<\/style><div class=\"gem-button-container gem-button-position-center thegem-button-69f3f37ddc6ec2030 button-sink   \"  ><a title=\"events\" class=\"gem-button gem-button-size-medium gem-button-style-outline gem-button-text-weight-normal gem-button-border-3\" data-ll-effect=\"drop-right-without-wrap\" style=\"border-radius: 3px;border-color: #ffffff;color: #ffffff;\" onmouseleave=\"this.style.borderColor='#ffffff';this.style.backgroundColor='transparent';this.style.color='#ffffff';\" onmouseenter=\"this.style.borderColor='#ffffff';this.style.backgroundColor='#eb5125';this.style.color='#ffffff';\" href=\"https:\/\/museemontrealjuif.ca\/events\" target=\"_self\">SEE OUR EVENTS<\/a><\/div> [\/vc_column_inner][\/vc_row_inner][\/vc_column][\/vc_row][vc_row full_width=\u00a0\u00bbstretch_row\u00a0\u00bb content_placement=\u00a0\u00bbmiddle\u00a0\u00bb css=\u00a0\u00bb.vc_custom_1754928554721{background-color: #E3F4F9 !important;}\u00a0\u00bb][vc_column width=\u00a0\u00bb1\/2&Prime;][vc_empty_space][vc_column_text css=\u00a0\u00bb.vc_custom_1754928539508{padding-right: 36px !important;padding-left: 36px !important;}\u00a0\u00bb]<\/p>\n<h3 style=\"text-align: center;\"><b>\u2014 Nous avons d\u00e9m\u00e9nag\u00e9 \u2014<\/b><\/h3>\n<p style=\"text-align: center;\">Venez nous voir chez <a href=\"https:\/\/museemontrealjuif.ca\/fr\/fisher\/\"><strong>H. Fisher &amp; Fils<\/strong><\/a> pendant que notre location au 5220 boul. St-Laurent est ferm\u00e9e pour r\u00e9novations.<\/p>\n<p style=\"text-align: center;\">Ouvert du <strong>jeudi au lundi, de 10 h \u00e0 17 h<\/strong>, au <strong>4129 boul. Saint-Laurent<\/strong>.<br \/>\nLes visites sans rendez-vous sont bienvenues lorsque l&rsquo;espace le permet.<br \/>\n<strong>La r\u00e9servation \u00e0 l&rsquo;avance est recommand\u00e9e.<\/strong><\/p>\n<p>[\/vc_column_text]<style type=\"text\/css\">.thegem-button-69f3f37ddc7728242 .gem-button svg {fill: #FFFFFF;}.thegem-button-69f3f37ddc7728242 .gem-button:hover svg {fill: #04B2E1;}<\/style><div class=\"gem-button-container gem-button-position-center thegem-button-69f3f37ddc7728242    \"  ><a class=\"gem-button gem-button-size-medium gem-button-style-flat gem-button-text-weight-normal\" data-ll-effect=\"drop-right-without-wrap\" style=\"border-radius: 3px;background-color: #04B2E1;color: #FFFFFF;\" onmouseleave=\"this.style.backgroundColor='#04B2E1';this.style.color='#FFFFFF';\" onmouseenter=\"this.style.backgroundColor='#EFEFEF';this.style.color='#04B2E1';\" href=\"https:\/\/fareharbor.com\/embeds\/book\/museemontrealjuif\/items\/629897\/?full-items=yes&#038;flow=1395961\" target=\"_self\">R\u00e9servez votre visite<\/a><\/div> [vc_empty_space][\/vc_column][vc_column width=\u00a0\u00bb1\/2&Prime;][vc_single_image image=\u00a0\u00bb43525&Prime; img_size=\u00a0\u00bblarge\u00a0\u00bb alignment=\u00a0\u00bbcenter\u00a0\u00bb onclick=\u00a0\u00bbcustom_link\u00a0\u00bb css=\u00a0\u00bb\u00a0\u00bb link=\u00a0\u00bbhttps:\/\/museemontrealjuif.ca\/fisher\/\u00a0\u00bb][\/vc_column][\/vc_row][vc_row][vc_column offset=\u00a0\u00bbvc_hidden-lg\u00a0\u00bb][vc_empty_space height=\u00a0\u00bb12px\u00a0\u00bb][\/vc_column][\/vc_row][vc_row][vc_column offset=\u00a0\u00bbvc_hidden-lg\u00a0\u00bb][vc_empty_space height=\u00a0\u00bb12px\u00a0\u00bb][\/vc_column][\/vc_row][vc_row full_width=\u00a0\u00bbstretch_row_content\u00a0\u00bb equal_height=\u00a0\u00bbyes\u00a0\u00bb content_placement=\u00a0\u00bbtop\u00a0\u00bb][vc_column css=\u00a0\u00bb.vc_custom_1562955001020{margin-right: 15px !important;margin-left: 15px !important;background-position: center !important;background-repeat: no-repeat !important;background-size: cover !important;}\u00a0\u00bb offset=\u00a0\u00bbvc_col-lg-4 vc_col-md-4 vc_col-xs-12&Prime;][vc_column_text css=\u00a0\u00bb.vc_custom_1750350891040{padding-top: px !important;}\u00a0\u00bb]<\/p>\n<p style=\"text-align: center;\"><span style=\"font-family: Adelle W01 SemiBold, Arvo, serif; font-size: 250%; line-height: 1.2; color: #eb5125;\"><strong>\u00c0 propos<\/strong><br \/>\nde notre<br \/>\n<strong>collection<\/strong><\/span>[\/vc_column_text][vc_column_text css=\u00a0\u00bb\u00a0\u00bb]<\/p>\n<p style=\"line-height: 1.5;\"><img class=\"alignleft wp-image-34871\" style=\"padding-bottom: 20px; padding-top: 20px;\" src=\"https:\/\/museemontrealjuif.ca\/wp-content\/uploads\/2019\/06\/homepage-collection-crop-5-167x300.jpg\" alt=\"\" width=\"130\" height=\"234\" srcset=\"https:\/\/museemontrealjuif.ca\/wp-content\/uploads\/2019\/06\/homepage-collection-crop-5-167x300.jpg 167w, https:\/\/museemontrealjuif.ca\/wp-content\/uploads\/2019\/06\/homepage-collection-crop-5-570x1024.jpg 570w, https:\/\/museemontrealjuif.ca\/wp-content\/uploads\/2019\/06\/homepage-collection-crop-5.jpg 741w\" sizes=\"(max-width: 130px) 100vw, 130px\" \/><br \/>\nNous recueillons et tra\u00e7ons les diverses histoires portant sur les personnes, les lieux et les \u00e9v\u00e9nements qui constituent le pass\u00e9 et le pr\u00e9sent des Juifs \u00e0 Montr\u00e9al.<\/p>\n<p>Notre collection uniquement disponible en ligne est accessible via notre site web de recherche.[\/vc_column_text][vc_column_text css=\u00a0\u00bb.vc_custom_1725994693811{margin-top: 0px !important;padding-top: 0px !important;}\u00a0\u00bb el_class=\u00a0\u00bbcaption\u00a0\u00bb]<span style=\"font-size: 60%; color: #000000; line-height: 60%;\">Affiche de th\u00e9\u00e2tre yiddish annon\u00e7ant \u00ab Der Payatz \u00bb (\u00ab Le Clown \u00bb) au Monument National en 1934. Avec la permission des Archives de la Biblioth\u00e8que publique juive.<\/span>[\/vc_column_text][\/vc_column][vc_column css=\u00a0\u00bb.vc_custom_1563209404698{margin-right: 15px !important;margin-left: 15px !important;background-image: url(https:\/\/museemontrealjuif.ca\/wp-content\/uploads\/2019\/07\/homepage-collection.jpg?id=35044) !important;background-position: center !important;background-repeat: no-repeat !important;background-size: cover !important;}\u00a0\u00bb offset=\u00a0\u00bbvc_col-lg-4 vc_col-md-4 vc_col-xs-12&Prime;][vc_column_text css=\u00a0\u00bb.vc_custom_1563215977010{padding-top: 10px !important;}\u00a0\u00bb]<\/p>\n<p style=\"text-align: center;\"><span style=\"font-family: Adelle W01 SemiBold, Arvo, serif; font-size: 180%; line-height: 1.2; color: #333333;\">Carte &amp; expos virtuelles<\/span><\/p>\n<p style=\"text-align: center;\"><span style=\"color: #333333; font-weight: 600;\">Une carte interactive de l\u2019histoire juive de Montr\u00e9al depuis les ann\u00e9es 1760.<\/span><\/p>\n<p>[\/vc_column_text][vc_empty_space height=\u00a0\u00bb275px\u00a0\u00bb]<style type=\"text\/css\">.thegem-button-69f3f37ddc7e47437 .gem-button svg {fill: #ffffff;}.thegem-button-69f3f37ddc7e47437 .gem-button:hover svg {fill: #ffffff;}<\/style><div class=\"gem-button-container gem-button-position-center thegem-button-69f3f37ddc7e47437    \"  ><a class=\"gem-button gem-button-size-medium gem-button-style-outline gem-button-text-weight-normal gem-button-border-2\" data-ll-effect=\"drop-right-without-wrap\" style=\"border-radius: 3px;border-color: #ffffff;color: #ffffff;\" onmouseleave=\"this.style.borderColor='#ffffff';this.style.backgroundColor='transparent';this.style.color='#ffffff';\" onmouseenter=\"this.style.borderColor='#ffffff';this.style.backgroundColor='#eb5125';this.style.color='#ffffff';\" href=\"\" target=\"_self\" role=\"button\">EXPOSITIONS VIRTUELLES<\/a><\/div> [vc_column_text css=\u00a0\u00bb.vc_custom_1725994684401{margin-top: 0px !important;padding-top: 0px !important;}\u00a0\u00bb el_class=\u00a0\u00bbcaption\u00a0\u00bb]<span style=\"font-size: 60%; color: #ffffff; line-height: 60%;\">\u00ab Jewish People&rsquo;s School \u00bb \u00e9l\u00e8ves jouant \u00e0 Fletcher&rsquo;s Field (aujourd&rsquo;hui Parc Jeanne-Mance) vers les ann\u00e9es 1940 ou 1950. Avec la permission des Archives de la Biblioth\u00e8que publique juive.<\/span>[\/vc_column_text][\/vc_column][vc_column css=\u00a0\u00bb.vc_custom_1563210795853{margin-right: 15px !important;margin-left: 15px !important;background-image: url(https:\/\/museemontrealjuif.ca\/wp-content\/uploads\/2019\/07\/homepage-oral-history-1.jpg?id=35060) !important;background-position: center !important;background-repeat: no-repeat !important;background-size: cover !important;}\u00a0\u00bb offset=\u00a0\u00bbvc_col-lg-4 vc_col-md-4 vc_col-xs-12&Prime;][vc_column_text css=\u00a0\u00bb.vc_custom_1563215987825{padding-top: 10px !important;}\u00a0\u00bb]<\/p>\n<p style=\"text-align: center;\"><span style=\"font-family: Adelle W01 SemiBold, Arvo, serif; font-size: 180%; line-height: 1.2; color: #333333;\">Histoires orales<\/span><\/p>\n<p style=\"text-align: center;\"><span style=\"color: #333333; font-weight: 600;\">\u00c9coutez notre collection ou partagez votre propre histoire sur la vie juive \u00e0 Montr\u00e9al.<\/span><\/p>\n<p>[\/vc_column_text][vc_empty_space height=\u00a0\u00bb275px\u00a0\u00bb]<style type=\"text\/css\">.thegem-button-69f3f37ddc8915510 .gem-button svg {fill: #ffffff;}.thegem-button-69f3f37ddc8915510 .gem-button:hover svg {fill: #ffffff;}<\/style><div class=\"gem-button-container gem-button-position-center thegem-button-69f3f37ddc8915510    \"  ><a class=\"gem-button gem-button-size-medium gem-button-style-outline gem-button-text-weight-normal gem-button-border-2\" data-ll-effect=\"drop-right-without-wrap\" style=\"border-radius: 3px;border-color: #ffffff;color: #ffffff;\" onmouseleave=\"this.style.borderColor='#ffffff';this.style.backgroundColor='transparent';this.style.color='#ffffff';\" onmouseenter=\"this.style.borderColor='#ffffff';this.style.backgroundColor='#eb5125';this.style.color='#ffffff';\" href=\"\" target=\"_self\" role=\"button\">HISTOIRES ORALES<\/a><\/div> [\/vc_column][\/vc_row]<\/p>\n<\/div>","protected":false},"excerpt":{"rendered":"<p>[vc_row full_width=\u00a0\u00bbstretch_row_content_no_spaces\u00a0\u00bb content_placement=\u00a0\u00bbtop\u00a0\u00bb css=\u00a0\u00bb.vc_custom_1628185099322{margin-top: 0px !important;margin-bottom: 0px !important;padding-top: 0px !important;padding-bottom: 0px !important;background-position: center !important;background-repeat: no-repeat !important;background-size: cover !important;}\u00a0\u00bb][vc_column css=\u00a0\u00bb.vc_custom_1628185111492{margin-top: 0px !important;padding-top: 0px !important;}\u00a0\u00bb][vc_column_text css=\u00a0\u00bb.vc_custom_1628183844228{margin-top: 0px !important;margin-right: 0px !important;margin-bottom: 0px !important;margin-left: 0px !important;padding-top: 16px !important;padding-bottom: 16px !important;background-color: #e3f4f9 !important;}\u00a0\u00bb] d\u00e9filer vers le bas \u25bc[\/vc_column_text][\/vc_column][\/vc_row][vc_row full_width=\u00a0\u00bbstretch_row_content\u00a0\u00bb content_placement=\u00a0\u00bbmiddle\u00a0\u00bb css=\u00a0\u00bb.vc_custom_1562960748898{background-image: url(https:\/\/museemontrealjuif.ca\/wp-content\/uploads\/2019\/06\/homepage-dots.jpg?id=34819) !important;background-position: center !important;background-repeat:&#8230;<\/p>\n","protected":false},"author":5,"featured_media":0,"parent":0,"menu_order":0,"comment_status":"closed","ping_status":"closed","template":"","meta":{"footnotes":""},"class_list":["post-32875","page","type-page","status-publish"],"_links":{"self":[{"href":"https:\/\/museemontrealjuif.ca\/fr\/wp-json\/wp\/v2\/pages\/32875","targetHints":{"allow":["GET"]}}],"collection":[{"href":"https:\/\/museemontrealjuif.ca\/fr\/wp-json\/wp\/v2\/pages"}],"about":[{"href":"https:\/\/museemontrealjuif.ca\/fr\/wp-json\/wp\/v2\/types\/page"}],"author":[{"embeddable":true,"href":"https:\/\/museemontrealjuif.ca\/fr\/wp-json\/wp\/v2\/users\/5"}],"replies":[{"embeddable":true,"href":"https:\/\/museemontrealjuif.ca\/fr\/wp-json\/wp\/v2\/comments?post=32875"}],"version-history":[{"count":0,"href":"https:\/\/museemontrealjuif.ca\/fr\/wp-json\/wp\/v2\/pages\/32875\/revisions"}],"wp:attachment":[{"href":"https:\/\/museemontrealjuif.ca\/fr\/wp-json\/wp\/v2\/media?parent=32875"}],"curies":[{"name":"wp","href":"https:\/\/api.w.org\/{rel}","templated":true}]}}