{"id":39839,"date":"2022-02-18T22:42:30","date_gmt":"2022-02-18T22:42:30","guid":{"rendered":"https:\/\/museemontrealjuif.ca\/support\/"},"modified":"2023-03-14T19:17:16","modified_gmt":"2023-03-14T19:17:16","slug":"nous-soutenir","status":"publish","type":"page","link":"https:\/\/museemontrealjuif.ca\/fr\/nous-soutenir\/","title":{"rendered":"Collecte de fonds du Mus\u00e9e 2022"},"content":{"rendered":"<div class=\"wpb-content-wrapper\"><p>[vc_row full_width=\u00a0\u00bbstretch_row\u00a0\u00bb content_placement=\u00a0\u00bbtop\u00a0\u00bb css=\u00a0\u00bb.vc_custom_1625534827797{margin-bottom: 0px !important;padding-top: 0px !important;padding-bottom: 0px !important;}\u00a0\u00bb][vc_column css=\u00a0\u00bb.vc_custom_1625200336138{margin-top: 0px !important;margin-bottom: 0px !important;padding-top: 0px !important;padding-bottom: 0px !important;}\u00a0\u00bb]\n\t\t\t<!-- START SupportUsHeader FR REVOLUTION SLIDER 6.7.40 --><p class=\"rs-p-wp-fix\"><\/p>\n\t\t\t<rs-module-wrap id=\"rev_slider_12_1_wrapper\" data-source=\"gallery\" style=\"visibility:hidden;background:transparent;padding:0;margin:0px auto;margin-top:0;margin-bottom:0;\">\n\t\t\t\t<rs-module id=\"rev_slider_12_1\" style=\"\" data-version=\"6.7.40\">\n\t\t\t\t\t<rs-slides style=\"overflow: hidden; position: absolute;\">\n\t\t\t\t\t\t<rs-slide style=\"position: absolute;\" data-key=\"rs-42\" data-title=\"Slide\" data-thumb=\"\/\/museemontrealjuif.ca\/wp-content\/uploads\/2022\/06\/008-50x100.jpeg\" data-anim=\"adpr:false;\" data-in=\"o:0;\" data-out=\"a:false;\">\n\t\t\t\t\t\t\t<img src=\"\/\/museemontrealjuif.ca\/wp-content\/plugins\/revslider\/sr6\/assets\/assets\/dummy.png\" alt=\"\" title=\"CF &#8211; 5220\" width=\"1024\" height=\"682\" class=\"rev-slidebg tp-rs-img rs-lazyload\" data-lazyload=\"\/\/museemontrealjuif.ca\/wp-content\/uploads\/2022\/06\/008.jpeg\" data-no-retina>\n<!--\n\t\t\t\t\t\t\t--><a\n\t\t\t\t\t\t\t\tid=\"slider-12-slide-42-layer-2\" \n\t\t\t\t\t\t\t\tclass=\"rs-layer rev-btn\"\n\t\t\t\t\t\t\t\thref=\"https:\/\/museemontrealjuif.ca\/fr\/donner\/\" target=\"_self\"\n\t\t\t\t\t\t\t\tdata-type=\"button\"\n\t\t\t\t\t\t\t\tdata-xy=\"x:c;xo:143px,169px,128px,109px;y:m;yo:132px,72px,54px,67px;\"\n\t\t\t\t\t\t\t\tdata-text=\"w:normal;s:30,24,18,20;l:40,33,25,33;fw:700;a:center;\"\n\t\t\t\t\t\t\t\tdata-dim=\"minh:0px,none,none,none;\"\n\t\t\t\t\t\t\t\tdata-basealign=\"slide\"\n\t\t\t\t\t\t\t\tdata-rsp_o=\"off\"\n\t\t\t\t\t\t\t\tdata-rsp_bd=\"off\"\n\t\t\t\t\t\t\t\tdata-padding=\"r:25,21,16,22;l:25,21,16,22;\"\n\t\t\t\t\t\t\t\tdata-border=\"bos:solid;boc:#ffffff;bow:4px,4px,4px,4px;\"\n\t\t\t\t\t\t\t\tdata-frame_0=\"x:0,0,0,0px;y:0,0,0,0px;\"\n\t\t\t\t\t\t\t\tdata-frame_1=\"x:0,0,0,0px;y:0,0,0,0px;sp:400;\"\n\t\t\t\t\t\t\t\tdata-frame_999=\"o:0;st:w;\"\n\t\t\t\t\t\t\t\tdata-frame_hover=\"bgc:rgba(0,0,0,0);boc:rgba(255,255,255,0.75);bor:0px,0px,0px,0px;bos:solid;bow:4px,4px,4px,4px;e:power1.inOut;\"\n\t\t\t\t\t\t\t\tstyle=\"z-index:11;background-color:rgba(0,0,0,0);font-family:Adelle W01 SemiBold, Arvo, serif;\"\n\t\t\t\t\t\t\t>DONNER \n\t\t\t\t\t\t\t<\/a><!--\n\n\t\t\t\t\t\t\t--><p\n\t\t\t\t\t\t\t\tid=\"slider-12-slide-42-layer-3\" \n\t\t\t\t\t\t\t\tclass=\"rs-layer\"\n\t\t\t\t\t\t\t\tdata-type=\"text\"\n\t\t\t\t\t\t\t\tdata-xy=\"x:c;y:m;yo:-21px,-27px,-20px,-32px;\"\n\t\t\t\t\t\t\t\tdata-text=\"w:normal;s:60,49,37,30;l:72,59,44,48;ls:2,1,0,0;a:center;\"\n\t\t\t\t\t\t\t\tdata-dim=\"w:956px,789px,599px,333px;minh:0px,none,none,none;\"\n\t\t\t\t\t\t\t\tdata-basealign=\"slide\"\n\t\t\t\t\t\t\t\tdata-rsp_o=\"off\"\n\t\t\t\t\t\t\t\tdata-rsp_bd=\"off\"\n\t\t\t\t\t\t\t\tdata-frame_1=\"sp:400;\"\n\t\t\t\t\t\t\t\tdata-frame_999=\"o:0;st:w;sp:400;\"\n\t\t\t\t\t\t\t\tstyle=\"z-index:10;font-family:Adelle W01 SemiBold, Arvo, serif;text-shadow:gray 1px 1px 2px color: #eb5125;\"\n\t\t\t\t\t\t\t>Le futur se passe ici \n\t\t\t\t\t\t\t<\/p><!--\n\n\t\t\t\t\t\t\t--><rs-layer\n\t\t\t\t\t\t\t\tid=\"slider-12-slide-42-layer-4\" \n\t\t\t\t\t\t\t\tdata-type=\"shape\"\n\t\t\t\t\t\t\t\tdata-xy=\"x:c;y:m;yo:1px,1px,1px,0;\"\n\t\t\t\t\t\t\t\tdata-text=\"w:normal;\"\n\t\t\t\t\t\t\t\tdata-dim=\"w:1818px,1269px,1269px,100%;h:445px,267px,267px,75%;\"\n\t\t\t\t\t\t\t\tdata-basealign=\"slide\"\n\t\t\t\t\t\t\t\tdata-rsp_o=\"off\"\n\t\t\t\t\t\t\t\tdata-rsp_bd=\"off\"\n\t\t\t\t\t\t\t\tdata-frame_1=\"sp:400;\"\n\t\t\t\t\t\t\t\tdata-frame_999=\"o:0;st:w;sp:400;\"\n\t\t\t\t\t\t\t\tstyle=\"z-index:8;background-color:rgba(60,190,225,0.6);\"\n\t\t\t\t\t\t\t> \n\t\t\t\t\t\t\t<\/rs-layer><!--\n\n\t\t\t\t\t\t\t--><a\n\t\t\t\t\t\t\t\tid=\"slider-12-slide-42-layer-8\" \n\t\t\t\t\t\t\t\tclass=\"rs-layer rev-btn\"\n\t\t\t\t\t\t\t\thref=\"https:\/\/museemontrealjuif.ca\/fr\/nouvelle-addresse-au-5220-boulevard-st-laurent\/\" target=\"_blank\" rel=\"noopener\"\n\t\t\t\t\t\t\t\tdata-type=\"button\"\n\t\t\t\t\t\t\t\tdata-xy=\"x:c;xo:-153px,-158px,-120px,-91px;y:m;yo:131px,71px,53px,68px;\"\n\t\t\t\t\t\t\t\tdata-text=\"w:normal;s:30,24,18,20;l:40,33,25,33;fw:700;a:center;\"\n\t\t\t\t\t\t\t\tdata-dim=\"minh:0px,none,none,none;\"\n\t\t\t\t\t\t\t\tdata-basealign=\"slide\"\n\t\t\t\t\t\t\t\tdata-rsp_o=\"off\"\n\t\t\t\t\t\t\t\tdata-rsp_bd=\"off\"\n\t\t\t\t\t\t\t\tdata-padding=\"r:25,21,16,22;l:25,21,16,22;\"\n\t\t\t\t\t\t\t\tdata-border=\"bos:solid;boc:#ffffff;bow:4px,4px,4px,4px;\"\n\t\t\t\t\t\t\t\tdata-frame_0=\"x:0,0,0,0px;y:0,0,0,0px;\"\n\t\t\t\t\t\t\t\tdata-frame_1=\"x:0,0,0,0px;y:0,0,0,0px;sp:400;\"\n\t\t\t\t\t\t\t\tdata-frame_999=\"o:0;st:w;\"\n\t\t\t\t\t\t\t\tdata-frame_hover=\"bgc:rgba(0,0,0,0);boc:rgba(255,255,255,0.75);bor:0px,0px,0px,0px;bos:solid;bow:4px,4px,4px,4px;e:power1.inOut;\"\n\t\t\t\t\t\t\t\tstyle=\"z-index:11;background-color:rgba(0,0,0,0);font-family:Adelle W01 SemiBold, Arvo, serif;\"\n\t\t\t\t\t\t\t>EN SAVOIR PLUS \n\t\t\t\t\t\t\t<\/a><!--\n-->\t\t\t\t\t<\/rs-slide>\n\t\t\t\t\t\t<rs-slide style=\"position: absolute;\" data-key=\"rs-39\" data-title=\"Slide\" data-thumb=\"\/\/museemontrealjuif.ca\/wp-content\/uploads\/2021\/08\/2013-05-05-tours-50x100.jpg\" data-anim=\"adpr:false;\" data-in=\"o:0;\" data-out=\"a:false;\">\n\t\t\t\t\t\t\t<img src=\"\/\/museemontrealjuif.ca\/wp-content\/plugins\/revslider\/sr6\/assets\/assets\/dummy.png\" alt=\"\" title=\"2013-05-05-tours\" width=\"2500\" height=\"1550\" class=\"rev-slidebg tp-rs-img rs-lazyload\" data-lazyload=\"\/\/museemontrealjuif.ca\/wp-content\/uploads\/2021\/08\/2013-05-05-tours.jpg\" data-no-retina>\n<!--\n\t\t\t\t\t\t\t--><a\n\t\t\t\t\t\t\t\tid=\"slider-12-slide-39-layer-1\" \n\t\t\t\t\t\t\t\tclass=\"rs-layer rev-btn\"\n\t\t\t\t\t\t\t\thref=\"https:\/\/museemontrealjuif.ca\/fr\/donner\" target=\"_self\"\n\t\t\t\t\t\t\t\tdata-type=\"button\"\n\t\t\t\t\t\t\t\tdata-xy=\"x:c;xo:0,-1px,0,-5px;y:m;yo:137px,92px,69px,47px;\"\n\t\t\t\t\t\t\t\tdata-text=\"w:normal;s:30,24,18,20;l:40,33,25,34;fw:700;a:center;\"\n\t\t\t\t\t\t\t\tdata-dim=\"minh:0px,none,none,none;\"\n\t\t\t\t\t\t\t\tdata-basealign=\"slide\"\n\t\t\t\t\t\t\t\tdata-rsp_o=\"off\"\n\t\t\t\t\t\t\t\tdata-rsp_bd=\"off\"\n\t\t\t\t\t\t\t\tdata-padding=\"r:25,21,16,23;l:25,21,16,23;\"\n\t\t\t\t\t\t\t\tdata-border=\"bos:solid;boc:#ffffff;bow:4px,4px,4px,4px;\"\n\t\t\t\t\t\t\t\tdata-frame_0=\"x:0,0,0,0px;y:0,0,0,0px;\"\n\t\t\t\t\t\t\t\tdata-frame_1=\"x:0,0,0,0px;y:0,0,0,0px;sp:400;\"\n\t\t\t\t\t\t\t\tdata-frame_999=\"o:0;st:w;\"\n\t\t\t\t\t\t\t\tdata-frame_hover=\"bgc:rgba(0,0,0,0);boc:rgba(255,255,255,0.75);bor:0px,0px,0px,0px;bos:solid;bow:4px,4px,4px,4px;e:power1.inOut;\"\n\t\t\t\t\t\t\t\tstyle=\"z-index:11;background-color:rgba(0,0,0,0);font-family:Adelle W01 SemiBold, Arvo, serif;\"\n\t\t\t\t\t\t\t>DONNER \n\t\t\t\t\t\t\t<\/a><!--\n\n\t\t\t\t\t\t\t--><p\n\t\t\t\t\t\t\t\tid=\"slider-12-slide-39-layer-3\" \n\t\t\t\t\t\t\t\tclass=\"rs-layer\"\n\t\t\t\t\t\t\t\tdata-type=\"text\"\n\t\t\t\t\t\t\t\tdata-xy=\"x:c;xo:2px,0,0,0;y:m;yo:-41px,-29px,-22px,-37px;\"\n\t\t\t\t\t\t\t\tdata-text=\"w:normal;s:60,49,37,20;l:72,59,44,26;ls:2,1,0,0;a:center;\"\n\t\t\t\t\t\t\t\tdata-dim=\"w:1188px,981px,745px,329px;minh:0px,none,none,none;\"\n\t\t\t\t\t\t\t\tdata-basealign=\"slide\"\n\t\t\t\t\t\t\t\tdata-rsp_o=\"off\"\n\t\t\t\t\t\t\t\tdata-rsp_bd=\"off\"\n\t\t\t\t\t\t\t\tdata-frame_1=\"e:power4.inOut;sp:1500;\"\n\t\t\t\t\t\t\t\tdata-frame_999=\"o:0;st:w;sp:400;\"\n\t\t\t\t\t\t\t\tstyle=\"z-index:9;font-family:Adelle W01 SemiBold, Arvo, serif;color:#eb5125;\"\n\t\t\t\t\t\t\t>Aidez-nous \u00e0 construire l'avenir de la communaut\u00e9 et de la culture juives de Montr\u00e9al. \n\t\t\t\t\t\t\t<\/p><!--\n\n\t\t\t\t\t\t\t--><rs-layer\n\t\t\t\t\t\t\t\tid=\"slider-12-slide-39-layer-4\" \n\t\t\t\t\t\t\t\tdata-type=\"shape\"\n\t\t\t\t\t\t\t\tdata-xy=\"x:c;y:m;\"\n\t\t\t\t\t\t\t\tdata-text=\"w:normal;\"\n\t\t\t\t\t\t\t\tdata-dim=\"w:1819px,1271px,1271px,1240px;h:445px,309px,309px,210px;\"\n\t\t\t\t\t\t\t\tdata-basealign=\"slide\"\n\t\t\t\t\t\t\t\tdata-rsp_o=\"off\"\n\t\t\t\t\t\t\t\tdata-rsp_bd=\"off\"\n\t\t\t\t\t\t\t\tdata-border=\"bor:10px,0,0,0;\"\n\t\t\t\t\t\t\t\tdata-frame_1=\"sp:400;\"\n\t\t\t\t\t\t\t\tdata-frame_999=\"o:0;st:w;sp:400;\"\n\t\t\t\t\t\t\t\tstyle=\"z-index:8;background-color:rgba(235,81,37,0.5);\"\n\t\t\t\t\t\t\t> \n\t\t\t\t\t\t\t<\/rs-layer><!--\n-->\t\t\t\t\t<\/rs-slide>\n\t\t\t\t\t\t<rs-slide style=\"position: absolute;\" data-key=\"rs-41\" data-title=\"Slide\" data-thumb=\"\/\/museemontrealjuif.ca\/wp-content\/uploads\/2021\/06\/DSC07156-50x100.jpg\" data-anim=\"adpr:false;\" data-in=\"o:0;\" data-out=\"a:false;\">\n\t\t\t\t\t\t\t<img src=\"\/\/museemontrealjuif.ca\/wp-content\/plugins\/revslider\/sr6\/assets\/assets\/dummy.png\" alt=\"\" title=\"DSC07156\" width=\"2500\" height=\"1548\" class=\"rev-slidebg tp-rs-img rs-lazyload\" data-lazyload=\"\/\/museemontrealjuif.ca\/wp-content\/uploads\/2021\/06\/DSC07156.jpg\" data-no-retina>\n<!--\n\t\t\t\t\t\t\t--><p\n\t\t\t\t\t\t\t\tid=\"slider-12-slide-41-layer-3\" \n\t\t\t\t\t\t\t\tclass=\"rs-layer\"\n\t\t\t\t\t\t\t\tdata-type=\"text\"\n\t\t\t\t\t\t\t\tdata-xy=\"x:c;xo:2px,0,0,3px;y:m;yo:-41px,-15px,-11px,-27px;\"\n\t\t\t\t\t\t\t\tdata-text=\"w:normal;s:40,32,24,20;l:52,40,30,26;ls:2,1,0,0;a:center;\"\n\t\t\t\t\t\t\t\tdata-dim=\"w:1247px,759px,645px,372px;h:auto,174px,138px,auto;minh:0px,none,none,none;\"\n\t\t\t\t\t\t\t\tdata-basealign=\"slide\"\n\t\t\t\t\t\t\t\tdata-rsp_o=\"off\"\n\t\t\t\t\t\t\t\tdata-rsp_bd=\"off\"\n\t\t\t\t\t\t\t\tdata-frame_0=\"x:0,0px,0px,0px;y:0,0px,0px,0px;\"\n\t\t\t\t\t\t\t\tdata-frame_1=\"x:0,0px,0px,0px;y:0,0px,0px,0px;sp:400;\"\n\t\t\t\t\t\t\t\tdata-frame_999=\"o:0;st:w;sp:400;\"\n\t\t\t\t\t\t\t\tstyle=\"z-index:10;font-family:Adelle W01 SemiBold, Arvo, serif;text-shadow:gray 1px 1px 2px color: #eb5125;\"\n\t\t\t\t\t\t\t>Avec chaque don, nous nous rapprochons un peu plus du retour d'expositions, d'ateliers et d'\u00e9v\u00e9nements culturels novateurs dans notre nouvelle maison. \n\t\t\t\t\t\t\t<\/p><!--\n\n\t\t\t\t\t\t\t--><rs-layer\n\t\t\t\t\t\t\t\tid=\"slider-12-slide-41-layer-4\" \n\t\t\t\t\t\t\t\tdata-type=\"shape\"\n\t\t\t\t\t\t\t\tdata-xy=\"x:c;y:m;yo:1px,1px,1px,0;\"\n\t\t\t\t\t\t\t\tdata-text=\"w:normal;\"\n\t\t\t\t\t\t\t\tdata-dim=\"w:1679px,1679px,1679px,100%;h:445px,267px,267px,75%;\"\n\t\t\t\t\t\t\t\tdata-basealign=\"slide\"\n\t\t\t\t\t\t\t\tdata-rsp_o=\"off\"\n\t\t\t\t\t\t\t\tdata-rsp_bd=\"off\"\n\t\t\t\t\t\t\t\tdata-frame_1=\"sp:400;\"\n\t\t\t\t\t\t\t\tdata-frame_999=\"o:0;st:w;sp:400;\"\n\t\t\t\t\t\t\t\tstyle=\"z-index:8;background-color:rgba(235,81,37,0.5);\"\n\t\t\t\t\t\t\t> \n\t\t\t\t\t\t\t<\/rs-layer><!--\n\n\t\t\t\t\t\t\t--><a\n\t\t\t\t\t\t\t\tid=\"slider-12-slide-41-layer-8\" \n\t\t\t\t\t\t\t\tclass=\"rs-layer rev-btn\"\n\t\t\t\t\t\t\t\thref=\"https:\/\/museemontrealjuif.ca\/fr\/donner\" target=\"_self\"\n\t\t\t\t\t\t\t\tdata-type=\"button\"\n\t\t\t\t\t\t\t\tdata-xy=\"x:c;xo:1px,0,0,-4px;y:m;yo:147px,94px,71px,79px;\"\n\t\t\t\t\t\t\t\tdata-text=\"w:normal;s:30,24,18,20;l:40,33,25,38;fw:700;a:center;\"\n\t\t\t\t\t\t\t\tdata-dim=\"minh:0px,none,none,none;\"\n\t\t\t\t\t\t\t\tdata-basealign=\"slide\"\n\t\t\t\t\t\t\t\tdata-rsp_o=\"off\"\n\t\t\t\t\t\t\t\tdata-rsp_bd=\"off\"\n\t\t\t\t\t\t\t\tdata-padding=\"r:25,21,16,22;l:25,21,16,22;\"\n\t\t\t\t\t\t\t\tdata-border=\"bos:solid;boc:#ffffff;bow:4px,4px,4px,4px;\"\n\t\t\t\t\t\t\t\tdata-frame_0=\"x:0,0,0,0px;y:0,0,0,0px;\"\n\t\t\t\t\t\t\t\tdata-frame_1=\"x:0,0,0,0px;y:0,0,0,0px;sp:400;\"\n\t\t\t\t\t\t\t\tdata-frame_999=\"o:0;st:w;\"\n\t\t\t\t\t\t\t\tdata-frame_hover=\"bgc:rgba(0,0,0,0);boc:rgba(255,255,255,0.75);bor:0px,0px,0px,0px;bos:solid;bow:4px,4px,4px,4px;e:power1.inOut;\"\n\t\t\t\t\t\t\t\tstyle=\"z-index:11;background-color:rgba(0,0,0,0);font-family:Adelle W01 SemiBold, Arvo, serif;\"\n\t\t\t\t\t\t\t>DONNER \n\t\t\t\t\t\t\t<\/a><!--\n-->\t\t\t\t\t<\/rs-slide>\n\t\t\t\t\t<\/rs-slides>\n\t\t\t\t<\/rs-module>\n\t\t\t\t<script>\n\t\t\t\t\tsetREVStartSize({c: 'rev_slider_12_1',rl:[1240,1024,778,480],el:[700,540,500,343],gw:[1240,1024,778,480],gh:[700,540,500,343],type:'standard',justify:'',layout:'fullwidth',mh:\"0\"});if (window.RS_MODULES!==undefined && window.RS_MODULES.modules!==undefined && window.RS_MODULES.modules[\"revslider121\"]!==undefined) {window.RS_MODULES.modules[\"revslider121\"].once = false;window.revapi12 = undefined;if (window.RS_MODULES.checkMinimal!==undefined) window.RS_MODULES.checkMinimal()}\n\t\t\t\t<\/script>\n\t\t\t<\/rs-module-wrap>\n\t\t\t<!-- END REVOLUTION SLIDER -->\n\t\t\t<div style=\"clear:both;display:block;width:100%;height:0px\"><\/div>[vc_column_text]<\/p>\n<p style=\"text-align: center;\"><span style=\"font-size: 80%; line-height: 1;\">d\u00e9filer vers le bas<\/span><br \/>\n<span style=\"font-size: 80%; line-height: 1;\">\u25bc<\/span><\/p>\n<p>[\/vc_column_text][\/vc_column][\/vc_row][vc_row full_width=\u00a0\u00bbstretch_row_content\u00a0\u00bb css=\u00a0\u00bb.vc_custom_1625538230675{padding-top: 16px !important;padding-bottom: 16px !important;background-position: center !important;background-repeat: no-repeat !important;background-size: cover !important;}\u00a0\u00bb][vc_column][vc_separator style=\u00a0\u00bbdotted\u00a0\u00bb border_width=\u00a0\u00bb4&Prime;][vc_column_text el_class=\u00a0\u00bbsubmenu\u00a0\u00bb]<\/p>\n<dl id=\"visit-submenu\">\n<dt style=\"text-align: center; font-family: Adelle W01 SemiBold, Arvo, serif; font-size: 135%;\"><a href=\"#who\">Qui nous sommes<\/a><\/dt>\n<dt style=\"text-align: center; font-family: Adelle W01 SemiBold, Arvo, serif; font-size: 135%;\"><a href=\"#what\">Ce que nous faisons<\/a><\/dt>\n<dt style=\"text-align: center; font-family: Adelle W01 SemiBold, Arvo, serif; font-size: 135%;\"><a href=\"#how\">Comment nous faisons la diff\u00e9rence<\/a><\/dt>\n<dt style=\"text-align: center; font-family: Adelle W01 SemiBold, Arvo, serif; font-size: 135%;\"><a href=\"#testimonials\">T\u00e9moignages<\/a><\/dt>\n<dt style=\"text-align: center; font-family: Adelle W01 SemiBold, Arvo, serif; font-size: 135%;\"><a href=\"#levelsofgiving\">Niveaux de don<\/a><\/dt>\n<\/dl>\n<p>[\/vc_column_text][vc_separator style=\u00a0\u00bbdotted\u00a0\u00bb border_width=\u00a0\u00bb4&Prime;][\/vc_column][\/vc_row][vc_row gap=\u00a0\u00bb35&Prime; content_placement=\u00a0\u00bbtop\u00a0\u00bb el_id=\u00a0\u00bbwho\u00a0\u00bb css=\u00a0\u00bb.vc_custom_1625524669398{margin-top: 0px !important;padding-top: 0px !important;}\u00a0\u00bb][vc_column width=\u00a0\u00bb1\/3&Prime;][vc_column_text css_animation=\u00a0\u00bbslideInDown\u00a0\u00bb]<\/p>\n<p style=\"text-align: center;\"><span style=\"color: #eb5125; line-height: 1.5; font-family: Adelle W01 SemiBold, Arvo, serif; font-size: 300%; letter-spacing: .2px;\">Qui nous sommes<\/span><\/p>\n<p>[\/vc_column_text][vc_separator style=\u00a0\u00bbdotted\u00a0\u00bb border_width=\u00a0\u00bb4&Prime; css=\u00a0\u00bb.vc_custom_1625524425831{padding-right: 0px !important;padding-left: 0px !important;}\u00a0\u00bb][vc_single_image image=\u00a0\u00bb38746&Prime; img_size=\u00a0\u00bbmedium\u00a0\u00bb alignment=\u00a0\u00bbcenter\u00a0\u00bb]<style type=\"text\/css\">.thegem-button-69ef47d57fdde3814 .gem-button svg {fill: #ffffff;}.thegem-button-69ef47d57fdde3814 .gem-button:hover svg {fill: #eb5125;}<\/style><div class=\"gem-button-container gem-button-position-center thegem-button-69ef47d57fdde3814    \"  ><a title=\"Donate\" class=\"gem-button gem-button-size-medium gem-button-style-flat gem-button-text-weight-normal\" data-ll-effect=\"drop-right-without-wrap\" style=\"border-radius: 3px;background-color: #eb5125;color: #ffffff;\" onmouseleave=\"this.style.backgroundColor='#eb5125';this.style.color='#ffffff';\" onmouseenter=\"this.style.backgroundColor='#efefef';this.style.color='#eb5125';\" href=\"https:\/\/museemontrealjuif.ca\/donate\/\" target=\"_self\">DONATE<\/a><\/div> [\/vc_column][vc_column width=\u00a0\u00bb2\/3&Prime; disable_custom_paddings_tablet=\u00a0\u00bbtrue\u00a0\u00bb disable_custom_paddings_mobile=\u00a0\u00bbtrue\u00a0\u00bb css=\u00a0\u00bb.vc_custom_1622178746486{padding-right: 96px !important;}\u00a0\u00bb][vc_empty_space][vc_column_text]Les gens recherchent de nouveaux endroits et opportunit\u00e9s pour se sentir connect\u00e9s \u00e0 la communaut\u00e9 juive et se sentir inspir\u00e9s par les arts, la culture et le patrimoine juifs. Le Mus\u00e9e aide les Montr\u00e9alais juifs \u00e0 se connecter de mani\u00e8re cr\u00e9ative, fra\u00eeche, inclusive et significative.<\/p>\n<p>Chaque ann\u00e9e, nous accueillons plus de <strong>25 000 participants<\/strong> pour d\u00e9couvrir plus de <strong>50 \u00e9v\u00e9nements<\/strong> , monter <strong>4 expositions d&rsquo;art<\/strong> et <strong>500 visites<\/strong> , <strong>3 volets de bourses<\/strong> et des programmes uniques de leadership et de micro-subventions pour les jeunes.<\/p>\n<p>Nous sommes une plaque tournante de programmes exp\u00e9rimentaux et novateurs qui utilisent les arts, la culture et le patrimoine juifs uniques de Montr\u00e9al pour offrir une fa\u00e7on diff\u00e9rente de b\u00e2tir la communaut\u00e9 juive. Nous vous demandons de nous aider \u00e0 atteindre notre objectif de 575 000 $ pour soutenir l&rsquo;avenir de nos activit\u00e9s et de notre programmation.<\/p>\n<p><span style=\"font-family: Adelle W01 SemiBold, Arvo, serif; font-size: 140%; letter-spacing: .5px;\">L&rsquo;avenir de la culture juive se passe ici.<\/span><\/p>\n<p><span style=\"font-family: Adelle W01 SemiBold, Arvo, serif; font-size: 140%; letter-spacing: .5px;\">Construisez l&rsquo;avenir avec nous.<\/span>[\/vc_column_text][vc_empty_space height=\u00a0\u00bb16px\u00a0\u00bb][\/vc_column][\/vc_row][vc_row full_width=\u00a0\u00bbstretch_row\u00a0\u00bb equal_height=\u00a0\u00bbyes\u00a0\u00bb disable_custom_paddings_tablet=\u00a0\u00bbtrue\u00a0\u00bb disable_custom_paddings_mobile=\u00a0\u00bbtrue\u00a0\u00bb css=\u00a0\u00bb.vc_custom_1625543880378{margin-top: 0px !important;margin-right: 32px !important;margin-bottom: 0px !important;margin-left: 32px !important;border-bottom-width: 0px !important;padding-top: 16px !important;padding-right: 64px !important;padding-bottom: px !important;padding-left: 64px !important;background-color: #e3f4f9 !important;}\u00a0\u00bb el_id=\u00a0\u00bbwhat\u00a0\u00bb][vc_column disable_custom_paddings_tablet=\u00a0\u00bbtrue\u00a0\u00bb disable_custom_paddings_mobile=\u00a0\u00bbtrue\u00a0\u00bb css=\u00a0\u00bb.vc_custom_1622702710766{margin-right: 32px !important;margin-left: 32px !important;padding-top: px !important;padding-right: px !important;padding-bottom: px !important;padding-left: px !important;}\u00a0\u00bb][vc_empty_space][vc_column_text css_animation=\u00a0\u00bbslideInDown\u00a0\u00bb]<\/p>\n<p style=\"font-family: 'Adelle W01 SemiBold', Arvo, serif; font-size: 300%; line-height: 1.2; text-align: center;\">Ce que nous faisons<\/p>\n<p>[\/vc_column_text][\/vc_column][\/vc_row][vc_row full_width=\u00a0\u00bbstretch_row\u00a0\u00bb gap=\u00a0\u00bb35&Prime; equal_height=\u00a0\u00bbyes\u00a0\u00bb disable_custom_paddings_tablet=\u00a0\u00bbtrue\u00a0\u00bb disable_custom_paddings_mobile=\u00a0\u00bbtrue\u00a0\u00bb css=\u00a0\u00bb.vc_custom_1625543873117{margin-top: 0px !important;margin-right: 32px !important;margin-bottom: 0px !important;margin-left: 32px !important;border-bottom-width: 0px !important;padding-top: 32px !important;padding-right: 64px !important;padding-bottom: 64px !important;padding-left: 64px !important;background-color: #e3f4f9 !important;}\u00a0\u00bb][vc_column width=\u00a0\u00bb1\/3&Prime; disable_custom_paddings_tablet=\u00a0\u00bbtrue\u00a0\u00bb disable_custom_paddings_mobile=\u00a0\u00bbtrue\u00a0\u00bb css=\u00a0\u00bb.vc_custom_1623441418290{margin-right: 16px !important;margin-left: 16px !important;padding-top: 32px !important;padding-right: 32px !important;padding-bottom: px !important;padding-left: 32px !important;background-color: #ffffff !important;}\u00a0\u00bb][vc_column_text]<\/p>\n<p style=\"text-align: center; font-family: Adelle W01 SemiBold, Arvo, serif; font-size: 150%; line-height: 1.2;\"><a href=\"https:\/\/museemontrealjuif.ca\/fr\/events\/category\/art\/?tribe_paged=1&amp;tribe_event_display=past\">Expositions d&rsquo;art<\/a><\/p>\n<p>[\/vc_column_text][vc_separator style=\u00a0\u00bbdotted\u00a0\u00bb border_width=\u00a0\u00bb4&Prime;][vc_single_image image=\u00a0\u00bb37027&Prime; img_size=\u00a0\u00bblarge\u00a0\u00bb alignment=\u00a0\u00bbcenter\u00a0\u00bb][vc_column_text]<\/p>\n<p style=\"text-align: center;\">La programmation artistique et les expositions du Mus\u00e9e visent \u00e0 partager les diverses cultures juives de Montr\u00e9al et \u00e0 mettre en lumi\u00e8re les enjeux et questions contemporains par des approches novatrices.<\/p>\n<p>[\/vc_column_text][\/vc_column][vc_column width=\u00a0\u00bb1\/3&Prime; css=\u00a0\u00bb.vc_custom_1623441427949{margin-right: 16px !important;margin-left: 16px !important;padding-top: 32px !important;padding-right: 32px !important;padding-bottom: px !important;padding-left: 32px !important;background-color: #ffffff !important;}\u00a0\u00bb][vc_column_text]<\/p>\n<p style=\"text-align: center; font-family: Adelle W01 SemiBold, Arvo, serif; font-size: 150%; line-height: 1.2;\"><a href=\"https:\/\/museemontrealjuif.ca\/events\/\">\u00c9v\u00e9nements<\/a><\/p>\n<p>[\/vc_column_text][vc_separator style=\u00a0\u00bbdotted\u00a0\u00bb border_width=\u00a0\u00bb4&Prime;][vc_single_image image=\u00a0\u00bb37039&Prime; img_size=\u00a0\u00bblarge\u00a0\u00bb alignment=\u00a0\u00bbcenter\u00a0\u00bb][vc_column_text]<\/p>\n<p style=\"text-align: center;\">Nos \u00e9v\u00e9nements agissent comme un moyen de renforcer les liens de notre public avec les arts et la culture communautaires et juifs gr\u00e2ce \u00e0 de nouvelles exp\u00e9riences.<\/p>\n<p>[\/vc_column_text][\/vc_column][vc_column width=\u00a0\u00bb1\/3&Prime; css=\u00a0\u00bb.vc_custom_1623441442003{margin-right: 16px !important;margin-left: 16px !important;padding-top: 32px !important;padding-right: 32px !important;padding-bottom: px !important;padding-left: 32px !important;background-color: #ffffff !important;}\u00a0\u00bb][vc_column_text]<\/p>\n<p style=\"text-align: center; font-family: Adelle W01 SemiBold, Arvo, serif; font-size: 150%; line-height: 1.2;\"><a href=\"https:\/\/museemontrealjuif.ca\/fr\/visites\/\">Visites et Exp\u00e9riences<\/a><\/p>\n<p>[\/vc_column_text][vc_separator style=\u00a0\u00bbdotted\u00a0\u00bb border_width=\u00a0\u00bb4&Prime;][vc_single_image image=\u00a0\u00bb38628&Prime; img_size=\u00a0\u00bblarge\u00a0\u00bb][vc_column_text]<\/p>\n<p style=\"text-align: center;\">Nous offrons au public des occasions d&rsquo;explorer et de partager le patrimoine juif de Montr\u00e9al, notamment des visites \u00e0 pied, des ateliers de cuisine et des exp\u00e9riences \u00e9ducatives pour les \u00e9coles.<\/p>\n<p>[\/vc_column_text][\/vc_column][\/vc_row][vc_row full_width=\u00a0\u00bbstretch_row\u00a0\u00bb gap=\u00a0\u00bb35&Prime; equal_height=\u00a0\u00bbyes\u00a0\u00bb content_placement=\u00a0\u00bbtop\u00a0\u00bb disable_custom_paddings_tablet=\u00a0\u00bbtrue\u00a0\u00bb disable_custom_paddings_mobile=\u00a0\u00bbtrue\u00a0\u00bb css=\u00a0\u00bb.vc_custom_1625543864019{margin-top: 0px !important;margin-right: 32px !important;margin-bottom: 0px !important;margin-left: 32px !important;border-top-width: 0px !important;padding-top: 0px !important;padding-right: 64px !important;padding-bottom: px !important;padding-left: 64px !important;background-color: #e3f4f9 !important;}\u00a0\u00bb][vc_column width=\u00a0\u00bb1\/3&Prime; disable_custom_paddings_tablet=\u00a0\u00bbtrue\u00a0\u00bb disable_custom_paddings_mobile=\u00a0\u00bbtrue\u00a0\u00bb css=\u00a0\u00bb.vc_custom_1622696588784{margin-right: 16px !important;margin-left: 16px !important;padding-top: 32px !important;padding-right: 32px !important;padding-bottom: px !important;padding-left: 32px !important;background-color: #ffffff !important;}\u00a0\u00bb][vc_column_text]<\/p>\n<p style=\"text-align: center; font-family: Adelle W01 SemiBold, Arvo, serif; font-size: 150%; line-height: 1.2;\"><a href=\"https:\/\/museemontrealjuif.ca\/fr\/stages-et-bourses\/\">Chercheur(euse)s associe\u0301(e)s<\/a><\/p>\n<p>[\/vc_column_text][vc_separator style=\u00a0\u00bbdotted\u00a0\u00bb border_width=\u00a0\u00bb4&Prime;][vc_single_image image=\u00a0\u00bb38632&Prime; img_size=\u00a0\u00bblarge\u00a0\u00bb alignment=\u00a0\u00bbcenter\u00a0\u00bb][vc_column_text]<\/p>\n<p style=\"text-align: center;\">Nos programme de chercheur(euse)s associe\u0301(e)s offrent des opportunit\u00e9s de recherche aux jeunes adultes pour cr\u00e9er du contenu qui enrichit les programmes du Mus\u00e9e et d\u00e9velopper des comp\u00e9tences pour travailler dans le secteur culturel.<\/p>\n<p>[\/vc_column_text][\/vc_column][vc_column width=\u00a0\u00bb1\/3&Prime; css=\u00a0\u00bb.vc_custom_1622696576452{margin-right: 16px !important;margin-left: 16px !important;padding-top: 32px !important;padding-right: 32px !important;padding-bottom: px !important;padding-left: 32px !important;background-color: #ffffff !important;}\u00a0\u00bb][vc_column_text]<\/p>\n<p style=\"text-align: center; font-family: Adelle W01 SemiBold, Arvo, serif; font-size: 150%; line-height: 1.2;\"><a href=\"http:\/\/imjm.ca\/#home\">Collections en ligne<\/a><\/p>\n<p>[\/vc_column_text][vc_separator style=\u00a0\u00bbdotted\u00a0\u00bb border_width=\u00a0\u00bb4&Prime;][vc_single_image image=\u00a0\u00bb37022&Prime; img_size=\u00a0\u00bblarge\u00a0\u00bb alignment=\u00a0\u00bbcenter\u00a0\u00bb][vc_column_text]<\/p>\n<p style=\"text-align: center;\">Notre collection en ligne cartographie et stocke les diverses histoires de personnes, de lieux et d&rsquo;\u00e9v\u00e9nements qui forment le pass\u00e9 et le pr\u00e9sent juifs de Montr\u00e9al.<\/p>\n<p>[\/vc_column_text][\/vc_column][vc_column width=\u00a0\u00bb1\/3&Prime; css=\u00a0\u00bb.vc_custom_1622696563900{margin-right: 16px !important;margin-left: 16px !important;padding-top: 32px !important;padding-right: 32px !important;padding-bottom: px !important;padding-left: 32px !important;background-color: #ffffff !important;}\u00a0\u00bb][vc_column_text]<\/p>\n<p style=\"text-align: center; font-family: Adelle W01 SemiBold, Arvo, serif; font-size: 150%; line-height: 1.2;\"><a href=\"https:\/\/museemontrealjuif.ca\/fr\/micro-subvention\/\">Microsubventions<\/a><\/p>\n<p>[\/vc_column_text][vc_separator style=\u00a0\u00bbdotted\u00a0\u00bb border_width=\u00a0\u00bb4&Prime;][vc_single_image image=\u00a0\u00bb38469&Prime; img_size=\u00a0\u00bblarge\u00a0\u00bb][vc_column_text]<\/p>\n<p style=\"text-align: center;\">Nous nous engageons \u00e0 soutenir la prochaine g\u00e9n\u00e9ration de leaders artistiques et culturels de Montr\u00e9al gr\u00e2ce \u00e0 notre programme de micro-subventions pour l&rsquo;exploration cr\u00e9ative.<\/p>\n<p>[\/vc_column_text][\/vc_column][\/vc_row][vc_row full_width=\u00a0\u00bbstretch_row\u00a0\u00bb equal_height=\u00a0\u00bbyes\u00a0\u00bb disable_custom_paddings_tablet=\u00a0\u00bbtrue\u00a0\u00bb disable_custom_paddings_mobile=\u00a0\u00bbtrue\u00a0\u00bb css=\u00a0\u00bb.vc_custom_1625543856032{margin-top: 0px !important;margin-right: 32px !important;margin-bottom: 0px !important;margin-left: 32px !important;border-bottom-width: 0px !important;padding-top: 16px !important;padding-right: 64px !important;padding-bottom: 32px !important;padding-left: 64px !important;background-color: #e3f4f9 !important;}\u00a0\u00bb][vc_column disable_custom_paddings_tablet=\u00a0\u00bbtrue\u00a0\u00bb disable_custom_paddings_mobile=\u00a0\u00bbtrue\u00a0\u00bb css=\u00a0\u00bb.vc_custom_1623114552808{margin-right: 32px !important;margin-left: 32px !important;padding-top: px !important;padding-right: px !important;padding-bottom: px !important;padding-left: px !important;}\u00a0\u00bb]<style type=\"text\/css\">.thegem-button-69ef47d57ff038402 .gem-button svg {fill: #ffffff;}.thegem-button-69ef47d57ff038402 .gem-button:hover svg {fill: #3cbee1;}<\/style><div class=\"gem-button-container gem-button-position-center thegem-button-69ef47d57ff038402    \"  ><a class=\"gem-button gem-button-size-large gem-button-style-flat gem-button-text-weight-normal\" data-ll-effect=\"drop-right-without-wrap\" style=\"border-radius: 3px;background-color: #3cbee1;color: #ffffff;\" onmouseleave=\"this.style.backgroundColor='#3cbee1';this.style.color='#ffffff';\" onmouseenter=\"this.style.backgroundColor='#efefef';this.style.color='#3cbee1';\" href=\"https:\/\/museemontrealjuif.ca\/donate\/\" target=\"_self\">DONATE<\/a><\/div> [vc_column_text css_animation=\u00a0\u00bbnone\u00a0\u00bb]<\/p>\n<p style=\"text-align: center;\">Si vous \u00eates int\u00e9ress\u00e9 \u00e0 soutenir un domaine de programmation sp\u00e9cifique avec votre don, veuillez contacter notre \u00e9quipe de d\u00e9veloppement \u00e0 info@imjm.ca, ou 514-840-9300<\/p>\n<p>[\/vc_column_text][\/vc_column][\/vc_row][vc_row full_width=\u00a0\u00bbstretch_row_content\u00a0\u00bb content_placement=\u00a0\u00bbtop\u00a0\u00bb css=\u00a0\u00bb.vc_custom_1628187501493{margin-bottom: 16px !important;}\u00a0\u00bb el_id=\u00a0\u00bbtestimonials\u00a0\u00bb][vc_column css=\u00a0\u00bb.vc_custom_1625542446033{margin-top: 0px !important;padding-top: 0px !important;padding-right: 0px !important;padding-left: 0px !important;}\u00a0\u00bb]\n\t\t\t<!-- START FC21Testimonials REVOLUTION SLIDER 6.7.40 --><p class=\"rs-p-wp-fix\"><\/p>\n\t\t\t<rs-module-wrap id=\"rev_slider_5_2_wrapper\" data-source=\"gallery\" style=\"visibility:hidden;background:transparent;padding:0;margin:0px auto;margin-top:0;margin-bottom:0;\">\n\t\t\t\t<rs-module id=\"rev_slider_5_2\" style=\"\" data-version=\"6.7.40\">\n\t\t\t\t\t<rs-slides style=\"overflow: hidden; position: absolute;\">\n\t\t\t\t\t\t<rs-slide style=\"position: absolute;\" data-key=\"rs-13\" data-title=\"Slide\" data-anim=\"adpr:false;\" data-in=\"o:0;\" data-out=\"a:false;\">\n\t\t\t\t\t\t\t<img src=\"\/\/museemontrealjuif.ca\/wp-content\/plugins\/revslider\/sr6\/assets\/assets\/dummy.png\" alt=\"Slide\" title=\"Collecte de fonds du Mus\u00e9e 2022\" class=\"rev-slidebg tp-rs-img rs-lazyload\" data-lazyload=\"\/\/museemontrealjuif.ca\/wp-content\/plugins\/revslider\/sr6\/assets\/assets\/transparent.png\" data-bg=\"c:#04b2e1;\" data-no-retina>\n<!--\t\t\t\t\t\t--><rs-zone id=\"rrzm_13\" class=\"rev_row_zone_middle\" style=\"z-index: 12;\"><!--\n\n\t\t\t\t\t\t\t\t--><rs-row\n\t\t\t\t\t\t\t\t\tid=\"slider-5-slide-13-layer-6\" \n\t\t\t\t\t\t\t\t\tdata-type=\"row\"\n\t\t\t\t\t\t\t\t\tdata-xy=\"xo:50px;yo:50px;\"\n\t\t\t\t\t\t\t\t\tdata-rsp_bd=\"off\"\n\t\t\t\t\t\t\t\t\tdata-padding=\"t:10;r:10;b:10;l:10;\"\n\t\t\t\t\t\t\t\t\tdata-frame_0=\"o:1;\"\n\t\t\t\t\t\t\t\t\tdata-frame_999=\"o:0;st:w;sA:9000;\"\n\t\t\t\t\t\t\t\t\tstyle=\"z-index:1;\"\n\t\t\t\t\t\t\t\t><!--\n\t\t\t\t\t\t\t\t\t--><rs-column\n\t\t\t\t\t\t\t\t\t\tid=\"slider-5-slide-13-layer-7\" \n\t\t\t\t\t\t\t\t\t\tdata-type=\"column\"\n\t\t\t\t\t\t\t\t\t\tdata-xy=\"xo:50px;yo:50px;\"\n\t\t\t\t\t\t\t\t\t\tdata-text=\"a:center;\"\n\t\t\t\t\t\t\t\t\t\tdata-rsp_bd=\"off\"\n\t\t\t\t\t\t\t\t\t\tdata-column=\"a:middle;\"\n\t\t\t\t\t\t\t\t\t\tdata-padding=\"t:10;r:10;b:10;l:10;\"\n\t\t\t\t\t\t\t\t\t\tdata-frame_0=\"o:1;\"\n\t\t\t\t\t\t\t\t\t\tdata-frame_999=\"o:0;st:w;sA:9000;\"\n\t\t\t\t\t\t\t\t\t\tstyle=\"z-index:2;width:100%;\"\n\t\t\t\t\t\t\t\t\t><!--\n\t\t\t\t\t\t\t\t\t\t--><rs-layer\n\t\t\t\t\t\t\t\t\t\t\tid=\"slider-5-slide-13-layer-11\" \n\t\t\t\t\t\t\t\t\t\t\tdata-type=\"image\"\n\t\t\t\t\t\t\t\t\t\t\tdata-rsp_ch=\"on\"\n\t\t\t\t\t\t\t\t\t\t\tdata-xy=\"\"\n\t\t\t\t\t\t\t\t\t\t\tdata-pos=\"r\"\n\t\t\t\t\t\t\t\t\t\t\tdata-text=\"w:normal;s:20,16,16,7;c:both,none,both,none;l:0,20,20,9;\"\n\t\t\t\t\t\t\t\t\t\t\tdata-flcr=\"c:both,none,both,none;\"\n\t\t\t\t\t\t\t\t\t\t\tdata-dim=\"w:300px,247px,247px,300px;h:300px,247px,247px,300px;\"\n\t\t\t\t\t\t\t\t\t\t\tdata-disp=\"inline-block\"\n\t\t\t\t\t\t\t\t\t\t\tdata-border=\"bor:180px,180px,180px,180px;\"\n\t\t\t\t\t\t\t\t\t\t\tdata-frame_999=\"o:0;st:w;\"\n\t\t\t\t\t\t\t\t\t\t\tstyle=\"z-index:3;display:inline-block;\"\n\t\t\t\t\t\t\t\t\t\t><img src=\"\/\/museemontrealjuif.ca\/wp-content\/plugins\/revslider\/sr6\/assets\/assets\/dummy.png\" alt=\"\" class=\"tp-rs-img rs-lazyload\" width=\"300\" height=\"300\" data-lazyload=\"\/\/museemontrealjuif.ca\/wp-content\/uploads\/2021\/07\/1001Lights_PhilipMarlene-copy-300x300.jpg\" data-no-retina> \n\t\t\t\t\t\t\t\t\t\t<\/rs-layer><!--\n\t\t\t\t\t\t\t\t\t--><\/rs-column><!--\n\n\t\t\t\t\t\t\t\t\t--><rs-column\n\t\t\t\t\t\t\t\t\t\tid=\"slider-5-slide-13-layer-8\" \n\t\t\t\t\t\t\t\t\t\tdata-type=\"column\"\n\t\t\t\t\t\t\t\t\t\tdata-xy=\"xo:50px,41px,41px,19px;yo:50px,41px,41px,19px;\"\n\t\t\t\t\t\t\t\t\t\tdata-text=\"s:20,16,16,7;l:0,20,20,9;\"\n\t\t\t\t\t\t\t\t\t\tdata-rsp_bd=\"off\"\n\t\t\t\t\t\t\t\t\t\tdata-column=\"w:66.67%;a:middle;\"\n\t\t\t\t\t\t\t\t\t\tdata-padding=\"t:10,8,8,4;r:10,8,8,4;b:10,8,8,4;l:10,8,8,4;\"\n\t\t\t\t\t\t\t\t\t\tdata-frame_0=\"o:1;\"\n\t\t\t\t\t\t\t\t\t\tdata-frame_999=\"o:0;st:w;sA:9000;\"\n\t\t\t\t\t\t\t\t\t\tstyle=\"z-index:4;width:100%;\"\n\t\t\t\t\t\t\t\t\t><!--\n\t\t\t\t\t\t\t\t\t\t--><rs-layer\n\t\t\t\t\t\t\t\t\t\t\tid=\"slider-5-slide-13-layer-12\" \n\t\t\t\t\t\t\t\t\t\t\tdata-type=\"text\"\n\t\t\t\t\t\t\t\t\t\t\tdata-color=\"#fff\"\n\t\t\t\t\t\t\t\t\t\t\tdata-rsp_ch=\"on\"\n\t\t\t\t\t\t\t\t\t\t\tdata-xy=\"\"\n\t\t\t\t\t\t\t\t\t\t\tdata-pos=\"r\"\n\t\t\t\t\t\t\t\t\t\t\tdata-text=\"w:normal;s:28,23,23,16;l:36,29,29,20;ls:1px,0px,0px,0px;a:inherit;\"\n\t\t\t\t\t\t\t\t\t\t\tdata-dim=\"h:218px,180px,180px,83px;minh:0px,none,0px,none;\"\n\t\t\t\t\t\t\t\t\t\t\tdata-frame_999=\"o:0;st:w;\"\n\t\t\t\t\t\t\t\t\t\t\tstyle=\"z-index:5;font-family:Adelle W01 SemiBold, Arvo, serif;\"\n\t\t\t\t\t\t\t\t\t\t>\u201cThe Museum of Jewish Montreal is a vital part of Montr\u00e9al\u2019s vibrant cultural landscape with its bold and innovative programming, as a home to multidisciplinary artistic practice, and as an incubator of innovation.\u201d \n\t\t\t\t\t\t\t\t\t\t<\/rs-layer><!--\n\n\t\t\t\t\t\t\t\t\t\t--><rs-layer\n\t\t\t\t\t\t\t\t\t\t\tid=\"slider-5-slide-13-layer-14\" \n\t\t\t\t\t\t\t\t\t\t\tdata-type=\"text\"\n\t\t\t\t\t\t\t\t\t\t\tdata-color=\"#fff\"\n\t\t\t\t\t\t\t\t\t\t\tdata-rsp_ch=\"on\"\n\t\t\t\t\t\t\t\t\t\t\tdata-xy=\"x:c;y:m;\"\n\t\t\t\t\t\t\t\t\t\t\tdata-pos=\"r\"\n\t\t\t\t\t\t\t\t\t\t\tdata-text=\"w:nowrap;s:20,16,16,16;l:24,19,19,20;ls:1px,0px,0px,0px;a:right;\"\n\t\t\t\t\t\t\t\t\t\t\tdata-dim=\"minh:0px,none,0px,none;\"\n\t\t\t\t\t\t\t\t\t\t\tdata-frame_999=\"o:0;st:w;\"\n\t\t\t\t\t\t\t\t\t\t\tstyle=\"z-index:6;font-family:'Open Sans';font-style:italic;\"\n\t\t\t\t\t\t\t\t\t\t>Philip Szporer + Marlene Millar, Mouvement Perp\u00e9tuel (Montr\u00e9al) \n\t\t\t\t\t\t\t\t\t\t<\/rs-layer><!--\n\t\t\t\t\t\t\t\t\t--><\/rs-column><!--\n\t\t\t\t\t\t\t\t--><\/rs-row><!--\n\t\t\t\t\t\t\t--><\/rs-zone><!--\n-->\t\t\t\t\t<\/rs-slide>\n\t\t\t\t\t\t<rs-slide style=\"position: absolute;\" data-key=\"rs-14\" data-title=\"Slide\" data-anim=\"adpr:false;\" data-in=\"o:0;\" data-out=\"a:false;\">\n\t\t\t\t\t\t\t<img src=\"\/\/museemontrealjuif.ca\/wp-content\/plugins\/revslider\/sr6\/assets\/assets\/dummy.png\" alt=\"Slide\" title=\"Collecte de fonds du Mus\u00e9e 2022\" class=\"rev-slidebg tp-rs-img rs-lazyload\" data-lazyload=\"\/\/museemontrealjuif.ca\/wp-content\/plugins\/revslider\/sr6\/assets\/assets\/transparent.png\" data-bg=\"c:#04b2e1;\" data-no-retina>\n<!--\t\t\t\t\t\t--><rs-zone id=\"rrzm_14\" class=\"rev_row_zone_middle\" style=\"z-index: 12;\"><!--\n\n\t\t\t\t\t\t\t\t--><rs-row\n\t\t\t\t\t\t\t\t\tid=\"slider-5-slide-14-layer-6\" \n\t\t\t\t\t\t\t\t\tdata-type=\"row\"\n\t\t\t\t\t\t\t\t\tdata-xy=\"xo:50px;yo:50px;\"\n\t\t\t\t\t\t\t\t\tdata-cbreak=\"3\"\n\t\t\t\t\t\t\t\t\tdata-rsp_bd=\"off\"\n\t\t\t\t\t\t\t\t\tdata-padding=\"t:10;r:10;b:10;l:10;\"\n\t\t\t\t\t\t\t\t\tdata-frame_0=\"o:1;\"\n\t\t\t\t\t\t\t\t\tdata-frame_999=\"o:0;st:w;sA:9000;\"\n\t\t\t\t\t\t\t\t\tstyle=\"z-index:1;\"\n\t\t\t\t\t\t\t\t><!--\n\t\t\t\t\t\t\t\t\t--><rs-column\n\t\t\t\t\t\t\t\t\t\tid=\"slider-5-slide-14-layer-7\" \n\t\t\t\t\t\t\t\t\t\tdata-type=\"column\"\n\t\t\t\t\t\t\t\t\t\tdata-xy=\"xo:50px;yo:50px;\"\n\t\t\t\t\t\t\t\t\t\tdata-text=\"a:center;\"\n\t\t\t\t\t\t\t\t\t\tdata-rsp_bd=\"off\"\n\t\t\t\t\t\t\t\t\t\tdata-column=\"w:66.67%;a:middle;\"\n\t\t\t\t\t\t\t\t\t\tdata-padding=\"t:10;r:10;b:10;l:10;\"\n\t\t\t\t\t\t\t\t\t\tdata-frame_0=\"o:1;\"\n\t\t\t\t\t\t\t\t\t\tdata-frame_999=\"o:0;st:w;sA:9000;\"\n\t\t\t\t\t\t\t\t\t\tstyle=\"z-index:2;width:100%;\"\n\t\t\t\t\t\t\t\t\t><!--\n\t\t\t\t\t\t\t\t\t\t--><rs-layer\n\t\t\t\t\t\t\t\t\t\t\tid=\"slider-5-slide-14-layer-12\" \n\t\t\t\t\t\t\t\t\t\t\tdata-type=\"text\"\n\t\t\t\t\t\t\t\t\t\t\tdata-color=\"#fff\"\n\t\t\t\t\t\t\t\t\t\t\tdata-rsp_ch=\"on\"\n\t\t\t\t\t\t\t\t\t\t\tdata-xy=\"\"\n\t\t\t\t\t\t\t\t\t\t\tdata-pos=\"r\"\n\t\t\t\t\t\t\t\t\t\t\tdata-text=\"w:normal;s:28,23,23,16;c:both,none,both,none;l:36,29,29,20;ls:1,0,1,0;\"\n\t\t\t\t\t\t\t\t\t\t\tdata-flcr=\"c:both,none,both,none;\"\n\t\t\t\t\t\t\t\t\t\t\tdata-dim=\"w:auto,616px,616px,auto;minh:0px,none,0px,none;\"\n\t\t\t\t\t\t\t\t\t\t\tdata-frame_999=\"o:0;st:w;\"\n\t\t\t\t\t\t\t\t\t\t\tstyle=\"z-index:3;font-family:Adelle W01 SemiBold, Arvo, serif;\"\n\t\t\t\t\t\t\t\t\t\t>\"The Museum is a young, vibrant space that prioritizes diverse voices and personal narratives to help tell the history of Jewish Montreal. In that way, it offers something that most other cultural institutions do not\u2013providing a living history of a city so many call home.\" \n\t\t\t\t\t\t\t\t\t\t<\/rs-layer><!--\n\n\t\t\t\t\t\t\t\t\t\t--><rs-layer\n\t\t\t\t\t\t\t\t\t\t\tid=\"slider-5-slide-14-layer-14\" \n\t\t\t\t\t\t\t\t\t\t\tdata-type=\"text\"\n\t\t\t\t\t\t\t\t\t\t\tdata-color=\"#fff\"\n\t\t\t\t\t\t\t\t\t\t\tdata-rsp_ch=\"on\"\n\t\t\t\t\t\t\t\t\t\t\tdata-xy=\"x:c;y:m;\"\n\t\t\t\t\t\t\t\t\t\t\tdata-pos=\"r\"\n\t\t\t\t\t\t\t\t\t\t\tdata-text=\"w:nowrap;s:20,16,16,16;l:24,19,19,20;ls:1px,0px,0px,0px;a:right;\"\n\t\t\t\t\t\t\t\t\t\t\tdata-dim=\"minh:0px,none,0px,none;\"\n\t\t\t\t\t\t\t\t\t\t\tdata-frame_999=\"o:0;st:w;\"\n\t\t\t\t\t\t\t\t\t\t\tstyle=\"z-index:4;font-family:'Open Sans';font-style:italic;\"\n\t\t\t\t\t\t\t\t\t\t>- Na'ama Freeman, Research Fellow \n\t\t\t\t\t\t\t\t\t\t<\/rs-layer><!--\n\t\t\t\t\t\t\t\t\t--><\/rs-column><!--\n\n\t\t\t\t\t\t\t\t\t--><rs-column\n\t\t\t\t\t\t\t\t\t\tid=\"slider-5-slide-14-layer-8\" \n\t\t\t\t\t\t\t\t\t\tdata-type=\"column\"\n\t\t\t\t\t\t\t\t\t\tdata-xy=\"xo:50px,41px,41px,19px;yo:50px,41px,41px,19px;\"\n\t\t\t\t\t\t\t\t\t\tdata-text=\"s:20,16,16,7;l:0,20,20,9;a:center;\"\n\t\t\t\t\t\t\t\t\t\tdata-rsp_bd=\"off\"\n\t\t\t\t\t\t\t\t\t\tdata-column=\"a:middle;\"\n\t\t\t\t\t\t\t\t\t\tdata-padding=\"t:10,8,8,4;r:10,8,8,4;b:10,8,8,4;l:10,8,8,4;\"\n\t\t\t\t\t\t\t\t\t\tdata-frame_0=\"o:1;\"\n\t\t\t\t\t\t\t\t\t\tdata-frame_999=\"o:0;st:w;sA:9000;\"\n\t\t\t\t\t\t\t\t\t\tstyle=\"z-index:5;width:100%;\"\n\t\t\t\t\t\t\t\t\t><!--\n\t\t\t\t\t\t\t\t\t\t--><rs-layer\n\t\t\t\t\t\t\t\t\t\t\tid=\"slider-5-slide-14-layer-11\" \n\t\t\t\t\t\t\t\t\t\t\tdata-type=\"image\"\n\t\t\t\t\t\t\t\t\t\t\tdata-rsp_ch=\"on\"\n\t\t\t\t\t\t\t\t\t\t\tdata-xy=\"\"\n\t\t\t\t\t\t\t\t\t\t\tdata-pos=\"r\"\n\t\t\t\t\t\t\t\t\t\t\tdata-text=\"w:normal;s:20,16,16,7;c:both,none,both,none;l:0,20,20,9;\"\n\t\t\t\t\t\t\t\t\t\t\tdata-flcr=\"c:both,none,both,none;\"\n\t\t\t\t\t\t\t\t\t\t\tdata-dim=\"w:309px,255px,255px,300px;h:309px,255px,255px,300px;\"\n\t\t\t\t\t\t\t\t\t\t\tdata-disp=\"inline-block\"\n\t\t\t\t\t\t\t\t\t\t\tdata-border=\"bor:180px,180px,180px,180px;\"\n\t\t\t\t\t\t\t\t\t\t\tdata-frame_999=\"o:0;st:w;\"\n\t\t\t\t\t\t\t\t\t\t\tstyle=\"z-index:6;display:inline-block;\"\n\t\t\t\t\t\t\t\t\t\t><img src=\"\/\/museemontrealjuif.ca\/wp-content\/plugins\/revslider\/sr6\/assets\/assets\/dummy.png\" alt=\"\" class=\"tp-rs-img rs-lazyload\" width=\"1333\" height=\"1333\" data-lazyload=\"\/\/museemontrealjuif.ca\/wp-content\/uploads\/2021\/08\/DIY_Empowerment-crop.jpg\" data-no-retina> \n\t\t\t\t\t\t\t\t\t\t<\/rs-layer><!--\n\t\t\t\t\t\t\t\t\t--><\/rs-column><!--\n\t\t\t\t\t\t\t\t--><\/rs-row><!--\n\t\t\t\t\t\t\t--><\/rs-zone><!--\n-->\t\t\t\t\t<\/rs-slide>\n\t\t\t\t\t\t<rs-slide style=\"position: absolute;\" data-key=\"rs-20\" data-title=\"Slide\" data-anim=\"adpr:false;\" data-in=\"o:0;\" data-out=\"a:false;\">\n\t\t\t\t\t\t\t<img src=\"\/\/museemontrealjuif.ca\/wp-content\/plugins\/revslider\/sr6\/assets\/assets\/dummy.png\" alt=\"Slide\" title=\"Collecte de fonds du Mus\u00e9e 2022\" class=\"rev-slidebg tp-rs-img rs-lazyload\" data-lazyload=\"\/\/museemontrealjuif.ca\/wp-content\/plugins\/revslider\/sr6\/assets\/assets\/transparent.png\" data-bg=\"c:#04b2e1;\" data-no-retina>\n<!--\t\t\t\t\t\t--><rs-zone id=\"rrzm_20\" class=\"rev_row_zone_middle\" style=\"z-index: 12;\"><!--\n\n\t\t\t\t\t\t\t\t--><rs-row\n\t\t\t\t\t\t\t\t\tid=\"slider-5-slide-20-layer-6\" \n\t\t\t\t\t\t\t\t\tdata-type=\"row\"\n\t\t\t\t\t\t\t\t\tdata-xy=\"xo:50px;yo:50px;\"\n\t\t\t\t\t\t\t\t\tdata-rsp_bd=\"off\"\n\t\t\t\t\t\t\t\t\tdata-padding=\"t:10;r:10;b:10;l:10;\"\n\t\t\t\t\t\t\t\t\tdata-frame_0=\"o:1;\"\n\t\t\t\t\t\t\t\t\tdata-frame_999=\"o:0;st:w;sA:9000;\"\n\t\t\t\t\t\t\t\t\tstyle=\"z-index:1;\"\n\t\t\t\t\t\t\t\t><!--\n\t\t\t\t\t\t\t\t\t--><rs-column\n\t\t\t\t\t\t\t\t\t\tid=\"slider-5-slide-20-layer-7\" \n\t\t\t\t\t\t\t\t\t\tdata-type=\"column\"\n\t\t\t\t\t\t\t\t\t\tdata-xy=\"xo:50px;yo:50px;\"\n\t\t\t\t\t\t\t\t\t\tdata-text=\"a:center;\"\n\t\t\t\t\t\t\t\t\t\tdata-rsp_bd=\"off\"\n\t\t\t\t\t\t\t\t\t\tdata-column=\"a:middle;\"\n\t\t\t\t\t\t\t\t\t\tdata-padding=\"t:10;r:10;b:10;l:10;\"\n\t\t\t\t\t\t\t\t\t\tdata-frame_0=\"o:1;\"\n\t\t\t\t\t\t\t\t\t\tdata-frame_999=\"o:0;st:w;sA:9000;\"\n\t\t\t\t\t\t\t\t\t\tstyle=\"z-index:2;width:100%;\"\n\t\t\t\t\t\t\t\t\t><!--\n\t\t\t\t\t\t\t\t\t\t--><rs-layer\n\t\t\t\t\t\t\t\t\t\t\tid=\"slider-5-slide-20-layer-11\" \n\t\t\t\t\t\t\t\t\t\t\tdata-type=\"image\"\n\t\t\t\t\t\t\t\t\t\t\tdata-rsp_ch=\"on\"\n\t\t\t\t\t\t\t\t\t\t\tdata-xy=\"\"\n\t\t\t\t\t\t\t\t\t\t\tdata-pos=\"r\"\n\t\t\t\t\t\t\t\t\t\t\tdata-text=\"w:normal;s:20,16,16,7;c:both,none,both,none;l:0,20,20,9;\"\n\t\t\t\t\t\t\t\t\t\t\tdata-flcr=\"c:both,none,both,none;\"\n\t\t\t\t\t\t\t\t\t\t\tdata-dim=\"w:300px,247px,247px,300px;h:300px,247px,247px,300px;\"\n\t\t\t\t\t\t\t\t\t\t\tdata-disp=\"inline-block\"\n\t\t\t\t\t\t\t\t\t\t\tdata-border=\"bor:180px,180px,180px,180px;\"\n\t\t\t\t\t\t\t\t\t\t\tdata-frame_999=\"o:0;st:w;\"\n\t\t\t\t\t\t\t\t\t\t\tstyle=\"z-index:3;display:inline-block;\"\n\t\t\t\t\t\t\t\t\t\t><img src=\"\/\/museemontrealjuif.ca\/wp-content\/plugins\/revslider\/sr6\/assets\/assets\/dummy.png\" alt=\"\" class=\"tp-rs-img rs-lazyload\" width=\"300\" height=\"300\" data-lazyload=\"\/\/museemontrealjuif.ca\/wp-content\/uploads\/2021\/08\/pickle-crop-300x300.jpg\" data-no-retina> \n\t\t\t\t\t\t\t\t\t\t<\/rs-layer><!--\n\t\t\t\t\t\t\t\t\t--><\/rs-column><!--\n\n\t\t\t\t\t\t\t\t\t--><rs-column\n\t\t\t\t\t\t\t\t\t\tid=\"slider-5-slide-20-layer-8\" \n\t\t\t\t\t\t\t\t\t\tdata-type=\"column\"\n\t\t\t\t\t\t\t\t\t\tdata-xy=\"xo:50px,41px,41px,19px;yo:50px,41px,41px,19px;\"\n\t\t\t\t\t\t\t\t\t\tdata-text=\"s:20,16,16,7;l:0,20,20,9;\"\n\t\t\t\t\t\t\t\t\t\tdata-rsp_bd=\"off\"\n\t\t\t\t\t\t\t\t\t\tdata-column=\"w:66.67%;a:middle;\"\n\t\t\t\t\t\t\t\t\t\tdata-padding=\"t:10,8,8,4;r:10,8,8,4;b:10,8,8,4;l:10,8,8,4;\"\n\t\t\t\t\t\t\t\t\t\tdata-frame_0=\"o:1;\"\n\t\t\t\t\t\t\t\t\t\tdata-frame_999=\"o:0;st:w;sA:9000;\"\n\t\t\t\t\t\t\t\t\t\tstyle=\"z-index:4;width:100%;\"\n\t\t\t\t\t\t\t\t\t><!--\n\t\t\t\t\t\t\t\t\t\t--><rs-layer\n\t\t\t\t\t\t\t\t\t\t\tid=\"slider-5-slide-20-layer-12\" \n\t\t\t\t\t\t\t\t\t\t\tdata-type=\"text\"\n\t\t\t\t\t\t\t\t\t\t\tdata-color=\"#fff\"\n\t\t\t\t\t\t\t\t\t\t\tdata-rsp_ch=\"on\"\n\t\t\t\t\t\t\t\t\t\t\tdata-xy=\"\"\n\t\t\t\t\t\t\t\t\t\t\tdata-pos=\"r\"\n\t\t\t\t\t\t\t\t\t\t\tdata-text=\"w:normal;s:28,23,23,16;l:36,29,29,20;ls:1px,0px,0px,0px;\"\n\t\t\t\t\t\t\t\t\t\t\tdata-dim=\"h:218px,180px,180px,83px;minh:0px,none,0px,none;\"\n\t\t\t\t\t\t\t\t\t\t\tdata-frame_999=\"o:0;st:w;\"\n\t\t\t\t\t\t\t\t\t\t\tstyle=\"z-index:5;font-family:Adelle W01 SemiBold, Arvo, serif;\"\n\t\t\t\t\t\t\t\t\t\t>\u201cJewish food and culture are integral to the history of Montreal, Quebec, and Canada as a whole. MJM is a unique way to holistically engage with the history of a people and a city, while also learning something new about the way you experience the world yourself.\" \n\t\t\t\t\t\t\t\t\t\t<\/rs-layer><!--\n\n\t\t\t\t\t\t\t\t\t\t--><rs-layer\n\t\t\t\t\t\t\t\t\t\t\tid=\"slider-5-slide-20-layer-14\" \n\t\t\t\t\t\t\t\t\t\t\tdata-type=\"text\"\n\t\t\t\t\t\t\t\t\t\t\tdata-color=\"#fff\"\n\t\t\t\t\t\t\t\t\t\t\tdata-rsp_ch=\"on\"\n\t\t\t\t\t\t\t\t\t\t\tdata-xy=\"x:c;y:m;\"\n\t\t\t\t\t\t\t\t\t\t\tdata-pos=\"r\"\n\t\t\t\t\t\t\t\t\t\t\tdata-text=\"w:nowrap;s:20,16,16,16;l:24,19,19,20;ls:1px,0px,0px,0px;a:right;\"\n\t\t\t\t\t\t\t\t\t\t\tdata-dim=\"minh:0px,none,0px,none;\"\n\t\t\t\t\t\t\t\t\t\t\tdata-frame_999=\"o:0;st:w;\"\n\t\t\t\t\t\t\t\t\t\t\tstyle=\"z-index:6;font-family:'Open Sans';font-style:italic;\"\n\t\t\t\t\t\t\t\t\t\t>Olivia Maccioni, Food Fellow \n\t\t\t\t\t\t\t\t\t\t<\/rs-layer><!--\n\t\t\t\t\t\t\t\t\t--><\/rs-column><!--\n\t\t\t\t\t\t\t\t--><\/rs-row><!--\n\t\t\t\t\t\t\t--><\/rs-zone><!--\n-->\t\t\t\t\t<\/rs-slide>\n\t\t\t\t\t<\/rs-slides>\n\t\t\t\t<\/rs-module>\n\t\t\t\t<script>\n\t\t\t\t\tsetREVStartSize({c: 'rev_slider_5_2',rl:[1240,1024,1024,480],el:[500,768,768,720],gw:[1240,1024,1024,480],gh:[500,768,768,720],type:'standard',justify:'',layout:'fullwidth',mh:\"0\"});if (window.RS_MODULES!==undefined && window.RS_MODULES.modules!==undefined && window.RS_MODULES.modules[\"revslider52\"]!==undefined) {window.RS_MODULES.modules[\"revslider52\"].once = false;window.revapi5 = undefined;if (window.RS_MODULES.checkMinimal!==undefined) window.RS_MODULES.checkMinimal()}\n\t\t\t\t<\/script>\n\t\t\t<\/rs-module-wrap>\n\t\t\t<!-- END REVOLUTION SLIDER -->\n[\/vc_column][\/vc_row][vc_row disable_custom_paddings_tablet=\u00a0\u00bbtrue\u00a0\u00bb disable_custom_paddings_mobile=\u00a0\u00bbtrue\u00a0\u00bb el_id=\u00a0\u00bbhow\u00a0\u00bb css=\u00a0\u00bb.vc_custom_1625542801261{padding-top: 64px !important;}\u00a0\u00bb][vc_column width=\u00a0\u00bb1\/3&Prime;][vc_column_text css_animation=\u00a0\u00bbslideInDown\u00a0\u00bb]<\/p>\n<p style=\"text-align: center;\"><span style=\"color: #eb5125; line-height: 1.5; font-family: Adelle W01 SemiBold, Arvo, serif; font-size: 300%; letter-spacing: .2px;\">Comment nous faisons la diff\u00e9rence<\/span><\/p>\n<p>[\/vc_column_text][vc_separator style=\u00a0\u00bbdotted\u00a0\u00bb border_width=\u00a0\u00bb4&Prime;][vc_single_image image=\u00a0\u00bb38501&Prime; img_size=\u00a0\u00bbmedium\u00a0\u00bb alignment=\u00a0\u00bbcenter\u00a0\u00bb]<style type=\"text\/css\">.thegem-button-69ef47d58765b2875 .gem-button svg {fill: #ffffff;}.thegem-button-69ef47d58765b2875 .gem-button:hover svg {fill: #eb5125;}<\/style><div class=\"gem-button-container gem-button-position-center thegem-button-69ef47d58765b2875    \"  ><a class=\"gem-button gem-button-size-medium gem-button-style-flat gem-button-text-weight-normal\" data-ll-effect=\"drop-right-without-wrap\" style=\"border-radius: 3px;background-color: #eb5125;color: #ffffff;\" onmouseleave=\"this.style.backgroundColor='#eb5125';this.style.color='#ffffff';\" onmouseenter=\"this.style.backgroundColor='#efefef';this.style.color='#eb5125';\" href=\"\" target=\"_self\" role=\"button\">DONATE<\/a><\/div> [\/vc_column][vc_column width=\u00a0\u00bb2\/3&Prime; disable_custom_paddings_tablet=\u00a0\u00bbtrue\u00a0\u00bb disable_custom_paddings_mobile=\u00a0\u00bbtrue\u00a0\u00bb css=\u00a0\u00bb.vc_custom_1622179047760{padding-right: 96px !important;}\u00a0\u00bb][vc_empty_space][vc_column_text]<span style=\"font-weight: 400;\">Votre contribution \u00e0 notre objectif de campagne de 575 000 $ activera notre nouvel espace et nous permettra de continuer \u00e0 construire notre vision en tant que mus\u00e9e ax\u00e9 sur la communaut\u00e9 autour de trois piliers centraux :<\/span><\/p>\n<p style=\"padding-left: 40px;\"><span style=\"font-family: Adelle W01 SemiBold, Arvo, serif; font-size: 100%; letter-spacing: .2px;\">IDENTIT\u00c9<\/span><\/p>\n<p style=\"padding-left: 80px;\">Nous offrons \u00e0 tous les Juifs, mais surtout aux jeunes adultes, un nouveau sens de la communaut\u00e9. Le Mus\u00e9e encourage un lien permanent avec les arts et la culture juive, tout en donnant \u00e0 chacun un espace pour exprimer et s&rsquo;approprier son identit\u00e9 juive.<\/p>\n<p style=\"padding-left: 40px;\"><span style=\"font-family: Adelle W01 SemiBold, Arvo, serif; font-size: 100%; letter-spacing: .2px;\">\u00c9CHANGE<\/span><\/p>\n<p style=\"padding-left: 80px;\">Le Mus\u00e9e offre des occasions de pr\u00e9server, d&rsquo;explorer et de partager des composantes de la diversit\u00e9 de l&rsquo;histoire, du patrimoine et des connaissances juives de Montr\u00e9al. Notre objectif est d&rsquo;accro\u00eetre la compr\u00e9hension et l&rsquo;appr\u00e9ciation du public de la vie et de la culture juives de Montr\u00e9al.<\/p>\n<p style=\"padding-left: 40px;\"><span style=\"font-family: Adelle W01 SemiBold, Arvo, serif; font-size: 100%; letter-spacing: .2px;\">INSPIRATION<\/span><\/p>\n<p style=\"padding-left: 80px;\">Le Mus\u00e9e d\u00e9veloppe de nouvelles exp\u00e9riences culturelles juives en inspirant et en soutenant des projets cr\u00e9atifs et des exp\u00e9riences. Nous agissons comme un catalyseur pour un \u00e9cosyst\u00e8me croissant des arts et de la culture juive \u00e0 Montr\u00e9al.<\/p>\n<p>[\/vc_column_text][\/vc_column][\/vc_row][vc_row full_width=\u00a0\u00bbstretch_row\u00a0\u00bb disable_element=\u00a0\u00bbyes\u00a0\u00bb css=\u00a0\u00bb.vc_custom_1678820822182{padding-top: 16px !important;padding-bottom: 16px !important;background-position: center !important;background-repeat: no-repeat !important;background-size: cover !important;}\u00a0\u00bb][vc_column css=\u00a0\u00bb.vc_custom_1628280537374{margin-top: 0px !important;padding-top: 0px !important;}\u00a0\u00bb offset=\u00a0\u00bbvc_hidden-xs\u00a0\u00bb][vc_progress_bar values=\u00a0\u00bb%5B%7B%22label%22%3A%22We&rsquo;ve%20raised%20%24350k%20-%20that&rsquo;s%2061%25%20of%20our%20goal!%22%2C%22value%22%3A%2261%22%2C%22color%22%3A%22custom%22%2C%22customcolor%22%3A%22%23eb5125%22%2C%22customtxtcolor%22%3A%22%23ffffff%22%7D%5D\u00a0\u00bb bgcolor=\u00a0\u00bbcustom\u00a0\u00bb options=\u00a0\u00bbstriped,animated\u00a0\u00bb css_animation=\u00a0\u00bbfadeIn\u00a0\u00bb custombgcolor=\u00a0\u00bb#eb5125&Prime; title=\u00a0\u00bbNous avons besoin de votre aide pour atteindre notre objectif\u00a0\u00bb el_class=\u00a0\u00bbsquish\u00a0\u00bb css=\u00a0\u00bb.vc_custom_1628534303116{padding-right: 36px !important;padding-left: 36px !important;}\u00a0\u00bb][vc_row_inner equal_height=\u00a0\u00bbyes\u00a0\u00bb content_placement=\u00a0\u00bbtop\u00a0\u00bb][vc_column_inner width=\u00a0\u00bb1\/6&Prime;][vc_column_text]<\/p>\n<p style=\"text-align: center;\"><strong>|<br \/>\n0 $<\/strong><\/p>\n<p>[\/vc_column_text][\/vc_column_inner][vc_column_inner width=\u00a0\u00bb1\/6&Prime;][vc_column_text]<\/p>\n<p style=\"text-align: center;\"><strong>|<br \/>\n115 000 $<\/strong><\/p>\n<p>[\/vc_column_text][\/vc_column_inner][vc_column_inner width=\u00a0\u00bb1\/6&Prime;][vc_column_text]<\/p>\n<p style=\"text-align: center;\"><strong>|<br \/>\n230 000 $<\/strong><\/p>\n<p>[\/vc_column_text][\/vc_column_inner][vc_column_inner width=\u00a0\u00bb1\/6&Prime;][vc_column_text]<\/p>\n<p style=\"text-align: center;\"><strong>|<br \/>\n345 000 $<\/strong><\/p>\n<p>[\/vc_column_text][\/vc_column_inner][vc_column_inner width=\u00a0\u00bb1\/6&Prime;][vc_column_text]<\/p>\n<p style=\"text-align: center;\"><strong>|<br \/>\n460 000 $<\/strong><\/p>\n<p>[\/vc_column_text][\/vc_column_inner][vc_column_inner width=\u00a0\u00bb1\/6&Prime;][vc_column_text]<\/p>\n<p style=\"text-align: center;\"><strong>|<br \/>\n575 000 $<\/strong><\/p>\n<p>[\/vc_column_text][\/vc_column_inner][\/vc_row_inner][vc_column_text]<\/p>\n<p style=\"text-align: center;\">Aidez-nous \u00e0 atteindre notre objectif de collecte de fonds pour r\u00e9pondre \u00e0 nos besoins programmatiques et op\u00e9rationnels pour l&rsquo;ann\u00e9e prochaine dans un nouvel espace.<\/p>\n<p>[\/vc_column_text]<style type=\"text\/css\">.thegem-button-69ef47d5877ae9955 .gem-button svg {fill: #ffffff;}.thegem-button-69ef47d5877ae9955 .gem-button:hover svg {fill: #eb5125;}<\/style><div class=\"gem-button-container gem-button-position-center thegem-button-69ef47d5877ae9955    \"  ><a class=\"gem-button gem-button-size-medium gem-button-style-flat gem-button-text-weight-normal\" data-ll-effect=\"drop-right-without-wrap\" style=\"border-radius: 3px;background-color: #eb5125;color: #ffffff;\" onmouseleave=\"this.style.backgroundColor='#eb5125';this.style.color='#ffffff';\" onmouseenter=\"this.style.backgroundColor='#efefef';this.style.color='#eb5125';\" href=\"\" target=\"_self\" role=\"button\">DONATE<\/a><\/div> [\/vc_column][\/vc_row][vc_row full_width=\u00a0\u00bbstretch_row\u00a0\u00bb gap=\u00a0\u00bb15&Prime; equal_height=\u00a0\u00bbyes\u00a0\u00bb content_placement=\u00a0\u00bbbottom\u00a0\u00bb css=\u00a0\u00bb.vc_custom_1625525730683{margin-bottom: 0px !important;padding-bottom: 0px !important;background-color: #e3f4f9 !important;}\u00a0\u00bb][vc_column][vc_column_text]<\/p>\n<p style=\"text-align: center;\"><span style=\"line-height: 1.5; font-family: 'Adelle W01 SemiBold', Arvo, serif; font-size: 250%; letter-spacing: 0.2px;\">Dans les nouvelles<\/span><\/p>\n<p>[\/vc_column_text][\/vc_column][\/vc_row][vc_row full_width=\u00a0\u00bbstretch_row\u00a0\u00bb gap=\u00a0\u00bb35&Prime; equal_height=\u00a0\u00bbyes\u00a0\u00bb content_placement=\u00a0\u00bbtop\u00a0\u00bb css=\u00a0\u00bb.vc_custom_1625533394438{padding-top: 16px !important;padding-bottom: 32px !important;background-color: #e3f4f9 !important;}\u00a0\u00bb][vc_column width=\u00a0\u00bb1\/3&Prime; disable_custom_paddings_tablet=\u00a0\u00bbtrue\u00a0\u00bb disable_custom_paddings_mobile=\u00a0\u00bbtrue\u00a0\u00bb css=\u00a0\u00bb.vc_custom_1625533107987{padding-top: 0px !important;padding-right: 0px !important;padding-left: 0px !important;background-color: #ffffff !important;}\u00a0\u00bb][vc_single_image image=\u00a0\u00bb41283&Prime; img_size=\u00a0\u00bblarge\u00a0\u00bb onclick=\u00a0\u00bbcustom_link\u00a0\u00bb css=\u00a0\u00bb.vc_custom_1678820865949{margin-bottom: 0px !important;}\u00a0\u00bb link=\u00a0\u00bbhttps:\/\/ago.ca\/agoinsider\/postcard-montreal\u00a0\u00bb][vc_column_text css=\u00a0\u00bb.vc_custom_1678820975647{padding-top: 32px !important;padding-right: 16px !important;padding-left: 32px !important;background-color: #ffffff !important;}\u00a0\u00bb]<\/p>\n<p style=\"font-family: 'Adelle W01 SemiBold', Arvo, serif; font-size: 150%; line-height: 1.2; text-align: left;\"><a href=\"https:\/\/ago.ca\/agoinsider\/postcard-montreal\">Carte postale de Montr\u00e9al<\/a><\/p>\n<h6>11 janvier 2023<\/h6>\n<p>AGO Insider[\/vc_column_text][\/vc_column][vc_column width=\u00a0\u00bb1\/3&Prime; css=\u00a0\u00bb.vc_custom_1625533217755{padding-top: 0px !important;padding-right: 0px !important;padding-left: 0px !important;background-color: #ffffff !important;}\u00a0\u00bb][vc_single_image image=\u00a0\u00bb41285&Prime; img_size=\u00a0\u00bblarge\u00a0\u00bb onclick=\u00a0\u00bbcustom_link\u00a0\u00bb link=\u00a0\u00bbhttps:\/\/mailchi.mp\/93d6c2feafcc\/the-best-in-jewish-arts-and-culture-10334501?e=cbf36fa031&amp;fbclid=IwAR37vNxQAB8gRkyWF7S0eAz8ZppJOSun_WGAbrpC2vYu_F3xsiMxeUU1QjQ\u00a0\u00bb css=\u00a0\u00bb.vc_custom_1678821007602{margin-bottom: 0px !important;}\u00a0\u00bb][vc_column_text css=\u00a0\u00bb.vc_custom_1678821134823{padding-top: 32px !important;padding-right: 16px !important;padding-left: 32px !important;background-color: #ffffff !important;}\u00a0\u00bb]<\/p>\n<p style=\"font-family: 'Adelle W01 SemiBold', Arvo, serif; font-size: 150%; line-height: 1.2; text-align: left;\"><a href=\"https:\/\/mailchi.mp\/93d6c2feafcc\/the-best-in-jewish-arts-and-culture-10334501?e=cbf36fa031&amp;fbclid=IwAR37vNxQAB8gRkyWF7S0eAz8ZppJOSun_WGAbrpC2vYu_F3xsiMxeUU1QjQ\">Le Mus\u00e9e du Montr\u00e9al juif : \u00ab\u00a0Fouiller le pass\u00e9 pour inspirer l&rsquo;avenir\u00a0\u00bb<\/a><\/p>\n<h6>janvier 2023<\/h6>\n<p>Alexander Gelfand \u2022 The CANVAS Compendium[\/vc_column_text][\/vc_column][vc_column width=\u00a0\u00bb1\/3&Prime; css=\u00a0\u00bb.vc_custom_1625533239752{padding-top: 0px !important;padding-right: 0px !important;padding-left: 0px !important;background-color: #ffffff !important;}\u00a0\u00bb][vc_single_image image=\u00a0\u00bb41287&Prime; img_size=\u00a0\u00bblarge\u00a0\u00bb alignment=\u00a0\u00bbcenter\u00a0\u00bb onclick=\u00a0\u00bbcustom_link\u00a0\u00bb css=\u00a0\u00bb.vc_custom_1678821192979{margin-bottom: 0px !important;padding-bottom: 0px !important;}\u00a0\u00bb link=\u00a0\u00bbhttps:\/\/thecjn.ca\/arts\/museum-of-jewish-montreal-finds-a-new-home-after-two-year-pandemic-hiatus\/\u00a0\u00bb][vc_column_text css=\u00a0\u00bb.vc_custom_1678821358548{padding-top: 32px !important;padding-right: 16px !important;padding-left: 32px !important;background-color: #ffffff !important;}\u00a0\u00bb]<\/p>\n<p style=\"font-family: 'Adelle W01 SemiBold', Arvo, serif; font-size: 150%; line-height: 1.2; text-align: left;\"><a href=\"https:\/\/thecjn.ca\/arts\/museum-of-jewish-montreal-finds-a-new-home-after-two-year-pandemic-hiatus\/\">Le Mus\u00e9e du Montr\u00e9al juif trouve une nouvelle maison apr\u00e8s deux ans de hiatus d\u00fb \u00e0 la pand\u00e9mie<\/a><\/p>\n<h6>14 juin 2022<\/h6>\n<p>Janice Arnold \u2022 The Canadian Jewish News[\/vc_column_text][\/vc_column][\/vc_row][vc_row el_id=\u00a0\u00bblevelsofgiving\u00a0\u00bb][vc_column][vc_text_separator title=\u00a0\u00bbNiveaux de don\u00a0\u00bb color=\u00a0\u00bbcustom\u00a0\u00bb style=\u00a0\u00bbdotted\u00a0\u00bb border_width=\u00a0\u00bb4&Prime; accent_color=\u00a0\u00bb#eb5125&Prime;][\/vc_column][\/vc_row][vc_row][vc_column width=\u00a0\u00bb1\/3&Prime;][vc_column_text]<\/p>\n<p style=\"text-align: center;\"><span style=\"color: #eb5125; line-height: 1.5; font-family: Adelle W01 SemiBold, Arvo, serif; font-size: 200%; letter-spacing: .2px;\">Supporter<\/span><\/p>\n<h5 style=\"text-align: center;\">Don unique de 18 $ ou plus<\/h5>\n<p>[\/vc_column_text]<style type=\"text\/css\">.thegem-button-69ef47d5879143989 .gem-button svg {fill: #ffffff;}.thegem-button-69ef47d5879143989 .gem-button:hover svg {fill: #eb5125;}<\/style><div class=\"gem-button-container gem-button-position-center thegem-button-69ef47d5879143989    \"  ><a class=\"gem-button gem-button-size-medium gem-button-style-flat gem-button-text-weight-normal\" data-ll-effect=\"drop-right-without-wrap\" style=\"border-radius: 3px;background-color: #eb5125;color: #ffffff;\" onmouseleave=\"this.style.backgroundColor='#eb5125';this.style.color='#ffffff';\" onmouseenter=\"this.style.backgroundColor='#efefef';this.style.color='#eb5125';\" href=\"https:\/\/museemontrealjuif.ca\/donate\/\" target=\"_self\">DONATE<\/a><\/div> [\/vc_column][vc_column width=\u00a0\u00bb2\/3&Prime; disable_custom_paddings_tablet=\u00a0\u00bbtrue\u00a0\u00bb disable_custom_paddings_mobile=\u00a0\u00bbtrue\u00a0\u00bb css=\u00a0\u00bb.vc_custom_1623443681289{padding-right: px !important;}\u00a0\u00bb][vc_column_text]<\/p>\n<ul>\n<li>Reconnaissance num\u00e9rique au niveau Supporter<\/li>\n<li>Re\u00e7u fiscal (pour les donateurs avec adresse canadienne)<\/li>\n<\/ul>\n<p>[\/vc_column_text][\/vc_column][\/vc_row][vc_row][vc_column][vc_separator style=\u00a0\u00bbdotted\u00a0\u00bb border_width=\u00a0\u00bb4&Prime;][\/vc_column][\/vc_row][vc_row][vc_column width=\u00a0\u00bb1\/3&Prime;][vc_column_text]<\/p>\n<p style=\"text-align: center;\"><span style=\"color: #eb5125; line-height: 1.5; font-family: Adelle W01 SemiBold, Arvo, serif; font-size: 200%; letter-spacing: .2px;\">m\u00e9c\u00e8ne<\/span><\/p>\n<h5 style=\"text-align: center;\">Don mensuel de 18 $ (ou don unique de 200 $ ou plus)<\/h5>\n<p>[\/vc_column_text]<style type=\"text\/css\">.thegem-button-69ef47d587a603092 .gem-button svg {fill: #ffffff;}.thegem-button-69ef47d587a603092 .gem-button:hover svg {fill: #eb5125;}<\/style><div class=\"gem-button-container gem-button-position-center thegem-button-69ef47d587a603092    \"  ><a class=\"gem-button gem-button-size-medium gem-button-style-flat gem-button-text-weight-normal\" data-ll-effect=\"drop-right-without-wrap\" style=\"border-radius: 3px;background-color: #eb5125;color: #ffffff;\" onmouseleave=\"this.style.backgroundColor='#eb5125';this.style.color='#ffffff';\" onmouseenter=\"this.style.backgroundColor='#efefef';this.style.color='#eb5125';\" href=\"https:\/\/museemontrealjuif.ca\/donate\/\" target=\"_self\">DONATE<\/a><\/div> [\/vc_column][vc_column width=\u00a0\u00bb2\/3&Prime; disable_custom_paddings_tablet=\u00a0\u00bbtrue\u00a0\u00bb disable_custom_paddings_mobile=\u00a0\u00bbtrue\u00a0\u00bb css=\u00a0\u00bb.vc_custom_1623443673897{padding-right: px !important;}\u00a0\u00bb][vc_column_text]<\/p>\n<ul>\n<li style=\"font-weight: 400;\" aria-level=\"1\"><span style=\"font-weight: 400;\">Inclusion dans les bulletins d&rsquo;information r\u00e9serv\u00e9s aux donateurs du Mus\u00e9e et dans les envois sp\u00e9ciaux<\/span><\/li>\n<li style=\"font-weight: 400;\" aria-level=\"1\"><span style=\"font-weight: 400;\">Reconnaissance num\u00e9rique au niveau du m\u00e9c\u00e8ne<\/span><\/li>\n<li style=\"font-weight: 400;\" aria-level=\"1\"><span style=\"font-weight: 400;\">Re\u00e7u fiscal (pour les donateurs avec adresse canadienne)<\/span><\/li>\n<li style=\"font-weight: 400;\" aria-level=\"1\">Les donateurs souhaitant s&rsquo;engager \u00e0 ce niveau pendant 3 ans ou plus seront mis \u00e0 niveau et consid\u00e9r\u00e9s comme faisant partie du cercle des conservateurs<\/li>\n<\/ul>\n<p>[\/vc_column_text][\/vc_column][\/vc_row][vc_row disable_element=\u00a0\u00bbyes\u00a0\u00bb][vc_column][vc_separator style=\u00a0\u00bbdotted\u00a0\u00bb border_width=\u00a0\u00bb4&Prime;][\/vc_column][\/vc_row][vc_row disable_element=\u00a0\u00bbyes\u00a0\u00bb][vc_column width=\u00a0\u00bb1\/3&Prime;][vc_column_text]<\/p>\n<p style=\"text-align: center;\"><span style=\"color: #eb5125; line-height: 1.5; font-family: Adelle W01 SemiBold, Arvo, serif; font-size: 180%; letter-spacing: .2px;\">Cercle des jeunes conservateurs<\/span><\/p>\n<h5 style=\"text-align: center;\">Don mensuel de 36 $ (pour les m\u00e9c\u00e8nes de 36 ans et moins)<\/h5>\n<p>[\/vc_column_text]<style type=\"text\/css\">.thegem-button-69ef47d587b554964 .gem-button svg {fill: #ffffff;}.thegem-button-69ef47d587b554964 .gem-button:hover svg {fill: #eb5125;}<\/style><div class=\"gem-button-container gem-button-position-center thegem-button-69ef47d587b554964    \"  ><a class=\"gem-button gem-button-size-medium gem-button-style-flat gem-button-text-weight-normal\" data-ll-effect=\"drop-right-without-wrap\" style=\"border-radius: 3px;background-color: #eb5125;color: #ffffff;\" onmouseleave=\"this.style.backgroundColor='#eb5125';this.style.color='#ffffff';\" onmouseenter=\"this.style.backgroundColor='#efefef';this.style.color='#eb5125';\" href=\"\" target=\"_self\" role=\"button\">DONATE<\/a><\/div> [\/vc_column][vc_column width=\u00a0\u00bb2\/3&Prime; disable_custom_paddings_tablet=\u00a0\u00bbtrue\u00a0\u00bb disable_custom_paddings_mobile=\u00a0\u00bbtrue\u00a0\u00bb css=\u00a0\u00bb.vc_custom_1623443673897{padding-right: px !important;}\u00a0\u00bb][vc_column_text]<\/p>\n<ul>\n<li style=\"font-weight: 400;\" aria-level=\"1\"><span style=\"font-weight: 400;\">Invitation sp\u00e9ciale \u00e0 la grande soir\u00e9e d&rsquo;ouverture du nouvel espace mus\u00e9al (2021\/2022), avec acc\u00e8s \u00e0 des offres sp\u00e9ciales d&rsquo;\u00e9v\u00e9nements de donateurs <\/span><\/li>\n<li style=\"font-weight: 400;\" aria-level=\"1\"><span style=\"font-weight: 400;\">Inclusion dans les bulletins d&rsquo;information r\u00e9serv\u00e9s aux donateurs du Mus\u00e9e et dans les envois sp\u00e9ciaux<\/span><\/li>\n<li style=\"font-weight: 400;\" aria-level=\"1\"><span style=\"font-weight: 400;\">Reconnaissance num\u00e9rique au niveau du Cercle des jeunes conservateurs<\/span><\/li>\n<li style=\"font-weight: 400;\" aria-level=\"1\"><span style=\"font-weight: 400;\">Re\u00e7u fiscal (pour les donateurs avec adresse canadienne)<\/span><\/li>\n<\/ul>\n<p>[\/vc_column_text][\/vc_column][\/vc_row][vc_row][vc_column][vc_separator style=\u00a0\u00bbdotted\u00a0\u00bb border_width=\u00a0\u00bb4&Prime;][\/vc_column][\/vc_row][vc_row][vc_column width=\u00a0\u00bb1\/3&Prime;][vc_column_text]<\/p>\n<p style=\"text-align: center;\"><span style=\"color: #eb5125; line-height: 1.5; font-family: Adelle W01 SemiBold, Arvo, serif; font-size: 200%; letter-spacing: .2px;\">Cercle des conservateurs<\/span><\/p>\n<h5 style=\"text-align: center;\">Don mensuel de 54 $ (ou don unique de 500 $ ou plus)<\/h5>\n<p>[\/vc_column_text]<style type=\"text\/css\">.thegem-button-69ef47d587c5a2854 .gem-button svg {fill: #ffffff;}.thegem-button-69ef47d587c5a2854 .gem-button:hover svg {fill: #eb5125;}<\/style><div class=\"gem-button-container gem-button-position-center thegem-button-69ef47d587c5a2854    \"  ><a class=\"gem-button gem-button-size-medium gem-button-style-flat gem-button-text-weight-normal\" data-ll-effect=\"drop-right-without-wrap\" style=\"border-radius: 3px;background-color: #eb5125;color: #ffffff;\" onmouseleave=\"this.style.backgroundColor='#eb5125';this.style.color='#ffffff';\" onmouseenter=\"this.style.backgroundColor='#efefef';this.style.color='#eb5125';\" href=\"https:\/\/museemontrealjuif.ca\/donate\/\" target=\"_self\">DONATE<\/a><\/div> [\/vc_column][vc_column width=\u00a0\u00bb2\/3&Prime; disable_custom_paddings_tablet=\u00a0\u00bbtrue\u00a0\u00bb disable_custom_paddings_mobile=\u00a0\u00bbtrue\u00a0\u00bb css=\u00a0\u00bb.vc_custom_1623443673897{padding-right: px !important;}\u00a0\u00bb][vc_column_text]<\/p>\n<ul>\n<li style=\"font-weight: 400;\" aria-level=\"1\"><span style=\"font-weight: 400;\">Invitation sp\u00e9ciale \u00e0 la grande soir\u00e9e d&rsquo;ouverture du nouvel espace du mus\u00e9e (2022), avec acc\u00e8s \u00e0 des offres sp\u00e9ciales d&rsquo;\u00e9v\u00e9nements pour les donateurs <\/span><\/li>\n<li style=\"font-weight: 400;\" aria-level=\"1\"><span style=\"font-weight: 400;\">Inclusion dans les bulletins d&rsquo;information r\u00e9serv\u00e9s aux donateurs du Mus\u00e9e et dans les envois sp\u00e9ciaux<\/span><\/li>\n<li style=\"font-weight: 400;\" aria-level=\"1\"><span style=\"font-weight: 400;\">Reconnaissance num\u00e9rique au niveau du cercle des conservateurs<\/span><\/li>\n<li style=\"font-weight: 400;\" aria-level=\"1\"><span style=\"font-weight: 400;\">Re\u00e7u fiscal (pour les donateurs avec adresse canadienne)<\/span><\/li>\n<li style=\"font-weight: 400;\" aria-level=\"1\">Les donateurs souhaitant s&rsquo;engager \u00e0 ce niveau pendant 3 ans ou plus seront mis \u00e0 niveau et consid\u00e9r\u00e9s comme faisant partie du cercle des directeurs<\/li>\n<\/ul>\n<p>[\/vc_column_text][\/vc_column][\/vc_row][vc_row][vc_column][vc_separator style=\u00a0\u00bbdotted\u00a0\u00bb border_width=\u00a0\u00bb4&Prime;][\/vc_column][\/vc_row][vc_row][vc_column width=\u00a0\u00bb1\/3&Prime;][vc_column_text]<\/p>\n<p style=\"text-align: center;\"><span style=\"color: #eb5125; line-height: 1.5; font-family: Adelle W01 SemiBold, Arvo, serif; font-size: 200%; letter-spacing: .2px;\">Cercle des r\u00e9alisateurs<\/span><\/p>\n<h5 style=\"text-align: center;\">Don mensuel de 180 $ (ou don unique de 1 800 $ ou plus)<\/h5>\n<p>[\/vc_column_text]<style type=\"text\/css\">.thegem-button-69ef47d587d854107 .gem-button svg {fill: #ffffff;}.thegem-button-69ef47d587d854107 .gem-button:hover svg {fill: #eb5125;}<\/style><div class=\"gem-button-container gem-button-position-center thegem-button-69ef47d587d854107    \"  ><a class=\"gem-button gem-button-size-medium gem-button-style-flat gem-button-text-weight-normal\" data-ll-effect=\"drop-right-without-wrap\" style=\"border-radius: 3px;background-color: #eb5125;color: #ffffff;\" onmouseleave=\"this.style.backgroundColor='#eb5125';this.style.color='#ffffff';\" onmouseenter=\"this.style.backgroundColor='#efefef';this.style.color='#eb5125';\" href=\"https:\/\/museemontrealjuif.ca\/donate\/\" target=\"_self\">DONATE<\/a><\/div> [\/vc_column][vc_column width=\u00a0\u00bb2\/3&Prime; disable_custom_paddings_tablet=\u00a0\u00bbtrue\u00a0\u00bb disable_custom_paddings_mobile=\u00a0\u00bbtrue\u00a0\u00bb css=\u00a0\u00bb.vc_custom_1623443673897{padding-right: px !important;}\u00a0\u00bb][vc_column_text]<\/p>\n<ul>\n<li style=\"font-weight: 400;\" aria-level=\"1\"><span style=\"font-weight: 400;\">Remerciements sp\u00e9ciaux en tant que contributeur principal \u00e0 l&rsquo;ouverture officielle du nouvel espace du mus\u00e9e <\/span><\/li>\n<li style=\"font-weight: 400;\" aria-level=\"1\"><span style=\"font-weight: 400;\">Invitation sp\u00e9ciale \u00e0 la grande soir\u00e9e d&rsquo;ouverture du nouvel espace du mus\u00e9e (2022), avec acc\u00e8s \u00e0 des offres sp\u00e9ciales d&rsquo;\u00e9v\u00e9nements pour les donateurs <\/span><\/li>\n<li style=\"font-weight: 400;\" aria-level=\"1\"><span style=\"font-weight: 400;\">Inclusion dans les bulletins d&rsquo;information r\u00e9serv\u00e9s aux donateurs du Mus\u00e9e et dans les envois sp\u00e9ciaux<\/span><\/li>\n<li style=\"font-weight: 400;\" aria-level=\"1\"><span style=\"font-weight: 400;\">Reconnaissance num\u00e9rique au niveau du Cercle des r\u00e9alisateurs<\/span><\/li>\n<li style=\"font-weight: 400;\" aria-level=\"1\"><span style=\"font-weight: 400;\">Re\u00e7u fiscal (pour les donateurs avec adresse canadienne)<\/span><\/li>\n<li style=\"font-weight: 400;\" aria-level=\"1\">Les donateurs souhaitant s&rsquo;engager \u00e0 ce niveau pendant 3 ans ou plus seront mis \u00e0 niveau et consid\u00e9r\u00e9s comme faisant partie du cercle des visionnaires<\/li>\n<\/ul>\n<p>[\/vc_column_text][\/vc_column][\/vc_row][vc_row][vc_column][vc_separator style=\u00a0\u00bbdotted\u00a0\u00bb border_width=\u00a0\u00bb4&Prime;][\/vc_column][\/vc_row][vc_row][vc_column width=\u00a0\u00bb1\/3&Prime;][vc_column_text]<\/p>\n<p style=\"text-align: center;\"><span style=\"color: #eb5125; line-height: 1.5; font-family: Adelle W01 SemiBold, Arvo, serif; font-size: 200%; letter-spacing: .2px;\">Cercle des visionnaires<\/span><\/p>\n<h5 style=\"text-align: center;\">Don mensuel de 540 $ ou plus (ou don unique de 5 000 $ ou plus)<\/h5>\n<p>[\/vc_column_text]<style type=\"text\/css\">.thegem-button-69ef47d587e766759 .gem-button svg {fill: #ffffff;}.thegem-button-69ef47d587e766759 .gem-button:hover svg {fill: #eb5125;}<\/style><div class=\"gem-button-container gem-button-position-center thegem-button-69ef47d587e766759    \"  ><a class=\"gem-button gem-button-size-medium gem-button-style-flat gem-button-text-weight-normal\" data-ll-effect=\"drop-right-without-wrap\" style=\"border-radius: 3px;background-color: #eb5125;color: #ffffff;\" onmouseleave=\"this.style.backgroundColor='#eb5125';this.style.color='#ffffff';\" onmouseenter=\"this.style.backgroundColor='#efefef';this.style.color='#eb5125';\" href=\"https:\/\/museemontrealjuif.ca\/donate\/\" target=\"_self\">DONATE<\/a><\/div> [\/vc_column][vc_column width=\u00a0\u00bb2\/3&Prime; disable_custom_paddings_tablet=\u00a0\u00bbtrue\u00a0\u00bb disable_custom_paddings_mobile=\u00a0\u00bbtrue\u00a0\u00bb css=\u00a0\u00bb.vc_custom_1623443673897{padding-right: px !important;}\u00a0\u00bb][vc_column_text]<\/p>\n<ul>\n<li><span style=\"font-weight: 400;\">Acc\u00e8s au mus\u00e9e des coulisses, invitations et offres pour les l\u00e8ve-t\u00f4t<\/span><\/li>\n<li><span style=\"font-weight: 400;\">Remerciements sp\u00e9ciaux en tant que contributeur principal \u00e0 l&rsquo;ouverture officielle du nouvel espace du mus\u00e9e <\/span><\/li>\n<li><span style=\"font-weight: 400;\">Invitation sp\u00e9ciale \u00e0 la grande soir\u00e9e d&rsquo;ouverture du nouvel espace du mus\u00e9e (2022), avec acc\u00e8s \u00e0 des offres sp\u00e9ciales d&rsquo;\u00e9v\u00e9nements pour les donateurs <\/span><\/li>\n<li><span style=\"font-weight: 400;\">Inclusion dans les bulletins d&rsquo;information r\u00e9serv\u00e9s aux donateurs du Mus\u00e9e et dans les envois sp\u00e9ciaux<\/span><\/li>\n<li><span style=\"font-weight: 400;\">Reconnaissance num\u00e9rique au niveau du Cercle des visionnaires<\/span><\/li>\n<li><span style=\"font-weight: 400;\">Re\u00e7u fiscal (pour les donateurs avec adresse canadienne)<\/span><\/li>\n<\/ul>\n<p>[\/vc_column_text][\/vc_column][\/vc_row][vc_row][vc_column][vc_separator style=\u00a0\u00bbdotted\u00a0\u00bb border_width=\u00a0\u00bb4&Prime;][\/vc_column][\/vc_row][vc_row][vc_column width=\u00a0\u00bb1\/3&Prime;][vc_column_text]<\/p>\n<p style=\"text-align: center;\"><span style=\"color: #eb5125; line-height: 1.5; font-family: Adelle W01 SemiBold, Arvo, serif; font-size: 200%; letter-spacing: .2px;\">Cadeaux sp\u00e9ciaux<\/span><\/p>\n<h5 style=\"text-align: center;\">Promesses pluriannuelles OU dons \u00e0 la dotation du Mus\u00e9e<\/h5>\n<p>[\/vc_column_text]<style type=\"text\/css\">.thegem-button-69ef47d587fc54713 .gem-button svg {fill: #ffffff;}.thegem-button-69ef47d587fc54713 .gem-button:hover svg {fill: #eb5125;}<\/style><div class=\"gem-button-container gem-button-position-center thegem-button-69ef47d587fc54713    \"  ><a title=\"Contact Us\" class=\"gem-button gem-button-size-medium gem-button-style-flat gem-button-text-weight-normal\" data-ll-effect=\"drop-right-without-wrap\" style=\"border-radius: 3px;background-color: #eb5125;color: #ffffff;\" onmouseleave=\"this.style.backgroundColor='#eb5125';this.style.color='#ffffff';\" onmouseenter=\"this.style.backgroundColor='#efefef';this.style.color='#eb5125';\" href=\"mailto:info@imjm.ca\" target=\"_self\">CONTACT<\/a><\/div> [\/vc_column][vc_column width=\u00a0\u00bb2\/3&Prime; disable_custom_paddings_tablet=\u00a0\u00bbtrue\u00a0\u00bb disable_custom_paddings_mobile=\u00a0\u00bbtrue\u00a0\u00bb css=\u00a0\u00bb.vc_custom_1623443673897{padding-right: px !important;}\u00a0\u00bb][vc_column_text]Veuillez contacter directement notre \u00e9quipe de d\u00e9veloppement pour discuter des points suivants :<\/p>\n<ul>\n<li><span style=\"font-weight: 400;\">Dons au programme de dotation du Mus\u00e9e g\u00e9r\u00e9 par la Fondation communautaire juive de Montr\u00e9al. <em>Contactez-nous pour plus d&rsquo;informations sur la fa\u00e7on dont votre don \u00e0 notre fonds de dotation pourrait \u00eatre \u00e9ligible \u00e0 un cr\u00e9dit d&rsquo;imp\u00f4t suppl\u00e9mentaire de 25% ou plus.<\/em><\/span><\/li>\n<li>Dons \u00e0 l&rsquo;appui d&rsquo;un domaine de programmation sp\u00e9cifique.<\/li>\n<li>Engagements pluriannuels<\/li>\n<\/ul>\n<p>[\/vc_column_text][\/vc_column][\/vc_row][vc_row][vc_column][\/vc_column][\/vc_row][vc_row full_width=\u00a0\u00bbstretch_row\u00a0\u00bb gap=\u00a0\u00bb15&Prime; equal_height=\u00a0\u00bbyes\u00a0\u00bb content_placement=\u00a0\u00bbbottom\u00a0\u00bb css=\u00a0\u00bb.vc_custom_1625525730683{margin-bottom: 0px !important;padding-bottom: 0px !important;background-color: #e3f4f9 !important;}\u00a0\u00bb][vc_column][vc_column_text]<\/p>\n<p style=\"text-align: center;\"><span style=\"line-height: 1.5; font-family: 'Adelle W01 SemiBold', Arvo, serif; font-size: 250%; letter-spacing: 0.2px;\">Plus de fa\u00e7ons de montrer votre soutien<\/span><\/p>\n<p>[\/vc_column_text][\/vc_column][\/vc_row][vc_row full_width=\u00a0\u00bbstretch_row\u00a0\u00bb gap=\u00a0\u00bb35&Prime; equal_height=\u00a0\u00bbyes\u00a0\u00bb content_placement=\u00a0\u00bbtop\u00a0\u00bb css=\u00a0\u00bb.vc_custom_1627657265095{margin-bottom: 0px !important;padding-top: 16px !important;padding-bottom: 48px !important;background-color: #e3f4f9 !important;}\u00a0\u00bb][vc_column width=\u00a0\u00bb1\/2&Prime; disable_custom_paddings_tablet=\u00a0\u00bbtrue\u00a0\u00bb disable_custom_paddings_mobile=\u00a0\u00bbtrue\u00a0\u00bb css=\u00a0\u00bb.vc_custom_1626880415899{padding-right: 0px !important;padding-left: 0px !important;background-color: #ffffff !important;}\u00a0\u00bb][vc_column_text]<\/p>\n<p style=\"text-align: center; font-family: Adelle W01 SemiBold, Arvo, serif; font-size: 150%; line-height: 1.2;\">Faire connaitre<\/p>\n<p>[\/vc_column_text][vc_column_text css=\u00a0\u00bb.vc_custom_1628803776174{padding-top: 16px !important;padding-right: 16px !important;padding-left: 32px !important;background-color: #ffffff !important;}\u00a0\u00bb]<\/p>\n<p style=\"text-align: center;\">Vous \u00eates fan du Mus\u00e9e ? Aidez-nous \u00e0 passer le mot en nous laissant un (esp\u00e9rons-le !) avis 5 \u00e9toiles sur <a href=\"https:\/\/search.google.com\/local\/writereview?placeid=ChIJpS0fMjMayUwR76_ElvXbWCo\">Google<\/a> , <a href=\"https:\/\/www.tripadvisor.ca\/Attraction_Review-g155032-d6784342-Reviews-Museum_of_Jewish_Montreal-Montreal_Quebec.html\">Tripadvisor<\/a> ou <a href=\"https:\/\/www.facebook.com\/museedumontrealjuif\">Facebook<\/a> . Votre soutien est l&rsquo;un des moyens les plus percutants de montrer votre soutien et de nous aider \u00e0 accro\u00eetre notre audience.<\/p>\n<p>[\/vc_column_text][\/vc_column][vc_column width=\u00a0\u00bb1\/2&Prime; css=\u00a0\u00bb.vc_custom_1626880422828{padding-right: 0px !important;padding-left: 0px !important;background-color: #ffffff !important;}\u00a0\u00bb][vc_column_text]<\/p>\n<p style=\"text-align: center; font-family: Adelle W01 SemiBold, Arvo, serif; font-size: 150%; line-height: 1.2;\">Reste en contact<\/p>\n<p>[\/vc_column_text][vc_column_text css=\u00a0\u00bb.vc_custom_1626880493780{padding-top: 16px !important;padding-right: 16px !important;padding-left: 32px !important;background-color: #ffffff !important;}\u00a0\u00bb]<\/p>\n<p style=\"text-align: center;\">Vous voulez rester \u00e0 jour sur tout ce que le Mus\u00e9e a \u00e0 offrir ? Inscrivez-vous \u00e0 notre <a href=\"http:\/\/eepurl.com\/cMN1Mz\">newsletter<\/a> , aimez notre page <a href=\"https:\/\/www.facebook.com\/museedumontrealjuif\">Facebook<\/a> et suivez-nous sur <a href=\"https:\/\/www.instagram.com\/museemtljuif\/\">Instagram<\/a> pour des annonces sur nos \u00e9v\u00e9nements, visites, expositions et plus encore !<\/p>\n<p>[\/vc_column_text][\/vc_column][\/vc_row][vc_row full_width=\u00a0\u00bbstretch_row\u00a0\u00bb css=\u00a0\u00bb.vc_custom_1627656786237{margin-top: 0px !important;margin-bottom: 0px !important;border-bottom-width: 0px !important;padding-bottom: 0px !important;background-image: url(https:\/\/museemontrealjuif.ca\/wp-content\/uploads\/2021\/06\/MURAL-Sara-Erenthal-7.jpg?id=38522) !important;background-position: center !important;background-repeat: no-repeat !important;background-size: cover !important;}\u00a0\u00bb][vc_column width=\u00a0\u00bb1\/2&Prime;][\/vc_column][vc_column width=\u00a0\u00bb1\/2&Prime;][vc_empty_space height=\u00a0\u00bb64px\u00a0\u00bb][vc_column_text css_animation=\u00a0\u00bbfadeInDown\u00a0\u00bb css=\u00a0\u00bb.vc_custom_1628198228658{padding-top: 32px !important;padding-right: 32px !important;padding-bottom: 32px !important;padding-left: 32px !important;}\u00a0\u00bb]<\/p>\n<p style=\"text-align: left; padding-left: 80px;\"><span style=\"color: #eb5125; line-height: 1.5; font-family: Adelle W01 SemiBold, Arvo, serif; font-size: 275%; letter-spacing: .2px;\">Le futur <\/span><\/p>\n<p style=\"text-align: left; padding-left: 80px;\"><span style=\"color: #eb5125; line-height: 1.5; font-family: Adelle W01 SemiBold, Arvo, serif; font-size: 275%; letter-spacing: .2px;\">se d\u00e9roule ici<\/span><\/p>\n<p>[\/vc_column_text][vc_empty_space]<style type=\"text\/css\">.thegem-button-69ef47d5880c37053 .gem-button svg {fill: #ffffff;}.thegem-button-69ef47d5880c37053 .gem-button:hover svg {fill: #eb5125;}<\/style><div class=\"gem-button-container gem-button-position-center thegem-button-69ef47d5880c37053    \"  ><a class=\"gem-button gem-button-size-medium gem-button-style-flat gem-button-text-weight-normal\" data-ll-effect=\"drop-right-without-wrap\" style=\"border-radius: 3px;background-color: #eb5125;color: #ffffff;\" onmouseleave=\"this.style.backgroundColor='#eb5125';this.style.color='#ffffff';\" onmouseenter=\"this.style.backgroundColor='#efefef';this.style.color='#eb5125';\" href=\"\" target=\"_self\" role=\"button\">DONATE<\/a><\/div> [vc_empty_space height=\u00a0\u00bb96px\u00a0\u00bb][\/vc_column][\/vc_row]<\/p>\n<\/div>","protected":false},"excerpt":{"rendered":"<p>[vc_row full_width=\u00a0\u00bbstretch_row\u00a0\u00bb content_placement=\u00a0\u00bbtop\u00a0\u00bb css=\u00a0\u00bb.vc_custom_1625534827797{margin-bottom: 0px !important;padding-top: 0px !important;padding-bottom: 0px !important;}\u00a0\u00bb][vc_column css=\u00a0\u00bb.vc_custom_1625200336138{margin-top: 0px !important;margin-bottom: 0px !important;padding-top: 0px !important;padding-bottom: 0px !important;}\u00a0\u00bb][vc_column_text] d\u00e9filer vers le bas \u25bc [\/vc_column_text][\/vc_column][\/vc_row][vc_row full_width=\u00a0\u00bbstretch_row_content\u00a0\u00bb css=\u00a0\u00bb.vc_custom_1625538230675{padding-top: 16px !important;padding-bottom: 16px !important;background-position: center !important;background-repeat: no-repeat !important;background-size: cover !important;}\u00a0\u00bb][vc_column][vc_separator style=\u00a0\u00bbdotted\u00a0\u00bb border_width=\u00a0\u00bb4&Prime;][vc_column_text el_class=\u00a0\u00bbsubmenu\u00a0\u00bb] Qui nous sommes Ce que nous faisons Comment nous faisons&#8230;<\/p>\n","protected":false},"author":5,"featured_media":0,"parent":0,"menu_order":0,"comment_status":"closed","ping_status":"closed","template":"","meta":{"footnotes":""},"class_list":["post-39839","page","type-page","status-publish"],"_links":{"self":[{"href":"https:\/\/museemontrealjuif.ca\/fr\/wp-json\/wp\/v2\/pages\/39839","targetHints":{"allow":["GET"]}}],"collection":[{"href":"https:\/\/museemontrealjuif.ca\/fr\/wp-json\/wp\/v2\/pages"}],"about":[{"href":"https:\/\/museemontrealjuif.ca\/fr\/wp-json\/wp\/v2\/types\/page"}],"author":[{"embeddable":true,"href":"https:\/\/museemontrealjuif.ca\/fr\/wp-json\/wp\/v2\/users\/5"}],"replies":[{"embeddable":true,"href":"https:\/\/museemontrealjuif.ca\/fr\/wp-json\/wp\/v2\/comments?post=39839"}],"version-history":[{"count":0,"href":"https:\/\/museemontrealjuif.ca\/fr\/wp-json\/wp\/v2\/pages\/39839\/revisions"}],"wp:attachment":[{"href":"https:\/\/museemontrealjuif.ca\/fr\/wp-json\/wp\/v2\/media?parent=39839"}],"curies":[{"name":"wp","href":"https:\/\/api.w.org\/{rel}","templated":true}]}}