{"id":40090,"date":"2022-03-29T21:05:53","date_gmt":"2022-03-29T21:05:53","guid":{"rendered":"https:\/\/museemontrealjuif.ca\/stages-et-bourses\/"},"modified":"2024-07-10T20:14:25","modified_gmt":"2024-07-10T20:14:25","slug":"stages-et-bourses","status":"publish","type":"page","link":"https:\/\/museemontrealjuif.ca\/fr\/stages-et-bourses\/","title":{"rendered":"Chercheur(euse)s associe\u0301(e)s"},"content":{"rendered":"<div class=\"wpb-content-wrapper\"><p>[vc_row full_width=\u00a0\u00bbstretch_row_content_no_spaces\u00a0\u00bb css=\u00a0\u00bb.vc_custom_1636690594479{background-image: url(https:\/\/museemontrealjuif.ca\/wp-content\/uploads\/2021\/06\/DSC_0012.jpg?id=38618) !important;background-position: center !important;background-repeat: no-repeat !important;background-size: cover !important;}\u00a0\u00bb][vc_column offset=\u00a0\u00bbvc_hidden-xs\u00a0\u00bb][vc_empty_space height=\u00a0\u00bb120px\u00a0\u00bb][vc_column_text css=\u00a0\u00bb.vc_custom_1645131871240{padding-top: 45px !important;padding-bottom: 60px !important;background-color: rgba(235,81,37,0.7) !important;*background-color: rgb(235,81,37) !important;}\u00a0\u00bb]<\/p>\n<h1 style=\"text-align: center; color: #ffffff;\">Chercheur(euse)s associe\u0301(e)s<\/h1>\n<p>[\/vc_column_text][vc_empty_space height=\u00a0\u00bb120px\u00a0\u00bb][\/vc_column][\/vc_row][vc_row full_width=\u00a0\u00bbstretch_row_content_no_spaces\u00a0\u00bb css=\u00a0\u00bb.vc_custom_1645132894818{background-image: url(https:\/\/museemontrealjuif.ca\/wp-content\/uploads\/2021\/06\/DSC_0012.jpg?id=38618) !important;background-position: center !important;background-repeat: no-repeat !important;background-size: cover !important;}\u00a0\u00bb el_id=\u00a0\u00bbmobile\u00a0\u00bb][vc_column offset=\u00a0\u00bbvc_hidden-lg vc_hidden-md vc_hidden-sm\u00a0\u00bb][vc_empty_space height=\u00a0\u00bb45px\u00a0\u00bb][vc_column_text css=\u00a0\u00bb.vc_custom_1645131871240{padding-top: 45px !important;padding-bottom: 60px !important;background-color: rgba(235,81,37,0.7) !important;*background-color: rgb(235,81,37) !important;}\u00a0\u00bb]<\/p>\n<h1 style=\"text-align: center; color: #ffffff;\">Chercheur(euse)s associe\u0301(e)s<\/h1>\n<p>[\/vc_column_text][vc_empty_space height=\u00a0\u00bb45px\u00a0\u00bb][\/vc_column][\/vc_row][vc_row content_placement=\u00a0\u00bbmiddle\u00a0\u00bb css=\u00a0\u00bb.vc_custom_1645134040384{margin-top: 0px !important;margin-bottom: 0px !important;padding-top: 0px !important;padding-bottom: 0px !important;}\u00a0\u00bb el_id=\u00a0\u00bbmobile\u00a0\u00bb][vc_column offset=\u00a0\u00bbvc_hidden-lg vc_hidden-md vc_hidden-sm\u00a0\u00bb css=\u00a0\u00bb.vc_custom_1645136436650{margin-top: 0px !important;margin-bottom: 24px !important;padding-top: 0px !important;}\u00a0\u00bb][vc_column_text css=\u00a0\u00bb.vc_custom_1645136923591{margin-top: 0px !important;padding-top: 0px !important;}\u00a0\u00bb]<strong>Notre programme de stage est une opportunit\u00e9 hors pair pour des professionnels ou des jeunes adultes stimul\u00e9s par la recherche et int\u00e9ress\u00e9s \u00e0 l\u2019id\u00e9e de poursuivre une carri\u00e8re dans les milieux culturel et mus\u00e9al. <\/strong>\u00c0 chaque \u00e9t\u00e9 depuis 2014, le Mus\u00e9e du Montr\u00e9al juif offre \u00e0 huit \u00e0 douze stagiaires une exp\u00e9rience immersive dans en histoire publique \u00e0 jour avec les pratiques mus\u00e9ales contemporaines.[\/vc_column_text][vc_single_image image=\u00a0\u00bb35494&Prime; img_size=\u00a0\u00bbmedium\u00a0\u00bb alignment=\u00a0\u00bbcenter\u00a0\u00bb style=\u00a0\u00bbvc_box_circle_2&Prime;][vc_column_text]<strong>Nos diff\u00e9rents programmes de stages relatifs \u00e0 la recherche, \u00e0 la nourriture juive et \u00e0 l\u2019histoire orale permettent aux candidats d\u2019acqu\u00e9rir de l\u2019exp\u00e9rience et des aptitudes pratiques qu\u2019ils pourront mettre \u00e0 profit afin d\u2019augmenter la visibilit\u00e9 l\u2019histoire, les arts, la culture et l\u2019histoire juif montr\u00e9alais.<\/strong> Ces postes et ces bourses sont offerts \u00e0 des gens d\u00e9butant leur carri\u00e8re dans le milieu culturel, \u00e0 des universitaires ainsi qu\u2019\u00e0 des jeunes int\u00e9ress\u00e9s \u00e0 la culture et \u00e0 l\u2019histoire juives. Ces postes et ces bourses sont offerts \u00e0 des gens d\u00e9butant leur carri\u00e8re dans le milieu culturel, \u00e0 des universitaires ainsi qu\u2019\u00e0 des jeunes int\u00e9ress\u00e9s \u00e0 la culture et \u00e0 l\u2019histoire juives. Chaque stage est un engagement de trois \u00e0 quatre mois \u00e0 temps plein durant l\u2019\u00e9t\u00e9. Des opportunit\u00e9s d\u2019extension \u00e0 temps partiel en hiver et en automne peuvent parfois \u00eatre disponibles.[\/vc_column_text][\/vc_column][\/vc_row][vc_row full_width=\u00a0\u00bbstretch_row\u00a0\u00bb content_placement=\u00a0\u00bbmiddle\u00a0\u00bb css=\u00a0\u00bb.vc_custom_1638980641925{margin-bottom: 0px !important;padding-bottom: 0px !important;}\u00a0\u00bb][vc_column width=\u00a0\u00bb1\/3&Prime; offset=\u00a0\u00bbvc_hidden-xs\u00a0\u00bb][vc_empty_space height=\u00a0\u00bb64px\u00a0\u00bb][vc_single_image image=\u00a0\u00bb39534&Prime; img_size=\u00a0\u00bbmedium\u00a0\u00bb alignment=\u00a0\u00bbcenter\u00a0\u00bb style=\u00a0\u00bbvc_box_circle_2&Prime;][\/vc_column][vc_column width=\u00a0\u00bb2\/3&Prime; css=\u00a0\u00bb.vc_custom_1645133602247{padding-right: 96px !important;}\u00a0\u00bb offset=\u00a0\u00bbvc_hidden-xs\u00a0\u00bb][vc_empty_space height=\u00a0\u00bb64px\u00a0\u00bb][vc_column_text css=\u00a0\u00bb.vc_custom_1643728511203{padding-right: 40px !important;}\u00a0\u00bb]<\/p>\n<p style=\"letter-spacing: 1px; line-height: 2;\"><strong>Notre programme de stage est une opportunit\u00e9 hors pair pour des professionnels ou des jeunes adultes stimul\u00e9s par la recherche et int\u00e9ress\u00e9s \u00e0 l\u2019id\u00e9e de poursuivre une carri\u00e8re dans les milieux culturel et mus\u00e9al.<\/strong> \u00c0 chaque \u00e9t\u00e9 depuis 2014, le Mus\u00e9e du Montr\u00e9al juif offre \u00e0 huit \u00e0 douze stagiaires une exp\u00e9rience immersive dans en histoire publique \u00e0 jour avec les pratiques mus\u00e9ales contemporaines.<\/p>\n<p>[\/vc_column_text][\/vc_column][\/vc_row][vc_row content_placement=\u00a0\u00bbmiddle\u00a0\u00bb css=\u00a0\u00bb.vc_custom_1638980630143{margin-top: 0px !important;padding-top: 0px !important;}\u00a0\u00bb][vc_column width=\u00a0\u00bb2\/3&Prime; offset=\u00a0\u00bbvc_hidden-xs\u00a0\u00bb][vc_column_text]<\/p>\n<p style=\"letter-spacing: 1px; line-height: 2; padding-left: 40px;\">Nos diff\u00e9rents programmes de stages relatifs \u00e0 la recherche, \u00e0 la nourriture juive et \u00e0 l\u2019histoire orale permettent aux candidats d\u2019acqu\u00e9rir de l\u2019exp\u00e9rience et des aptitudes pratiques qu\u2019ils pourront mettre \u00e0 profit afin d\u2019augmenter la visibilit\u00e9 l\u2019histoire, les arts, la culture et l\u2019histoire juif montr\u00e9alais. Ces postes et ces bourses sont offerts \u00e0 des gens d\u00e9butant leur carri\u00e8re dans le milieu culturel, \u00e0 des universitaires ainsi qu\u2019\u00e0 des jeunes int\u00e9ress\u00e9s \u00e0 la culture et \u00e0 l\u2019histoire juives. Les candidats retenus seront appel\u00e9s \u00e0 cr\u00e9er du contenu enrichissant pour l\u2019offre mus\u00e9ale de l\u2019organisation. Chaque stage est un engagement de trois \u00e0 quatre mois \u00e0 temps plein durant l\u2019\u00e9t\u00e9. Des opportunit\u00e9s d\u2019extension \u00e0 temps partiel en hiver et en automne peuvent parfois \u00eatre disponibles.<\/p>\n<p>[\/vc_column_text][\/vc_column][vc_column width=\u00a0\u00bb1\/3&Prime; offset=\u00a0\u00bbvc_hidden-xs\u00a0\u00bb][vc_single_image image=\u00a0\u00bb35494&Prime; img_size=\u00a0\u00bblarge\u00a0\u00bb alignment=\u00a0\u00bbcenter\u00a0\u00bb style=\u00a0\u00bbvc_box_circle_2&Prime;][\/vc_column][\/vc_row][vc_row full_width=\u00a0\u00bbstretch_row\u00a0\u00bb gap=\u00a0\u00bb35&Prime; equal_height=\u00a0\u00bbyes\u00a0\u00bb content_placement=\u00a0\u00bbtop\u00a0\u00bb disable_custom_paddings_tablet=\u00a0\u00bbtrue\u00a0\u00bb disable_custom_paddings_mobile=\u00a0\u00bbtrue\u00a0\u00bb css=\u00a0\u00bb.vc_custom_1645136406867{margin-top: 0px !important;margin-right: 32px !important;margin-bottom: 0px !important;margin-left: 32px !important;padding-top: 64px !important;padding-right: 64px !important;padding-left: 64px !important;background-color: #e3f4f9 !important;}\u00a0\u00bb][vc_column width=\u00a0\u00bb1\/3&Prime; disable_custom_paddings_mobile=\u00a0\u00bbtrue\u00a0\u00bb css=\u00a0\u00bb.vc_custom_1645136320189{margin-top: 0px !important;padding-right: 36px !important;padding-bottom: 36px !important;padding-left: 36px !important;background-color: #ffffff !important;}\u00a0\u00bb][vc_column_text]<\/p>\n<p style=\"text-align: center; font-family: Adelle W01 SemiBold, Arvo, serif; font-size: 150%; line-height: 1.2;\">Stage de recherche<\/p>\n<p>[\/vc_column_text][vc_separator color=\u00a0\u00bbcustom\u00a0\u00bb style=\u00a0\u00bbdotted\u00a0\u00bb border_width=\u00a0\u00bb4&Prime; accent_color=\u00a0\u00bb#04b2e1&Prime;][vc_single_image image=\u00a0\u00bb38561&Prime; img_size=\u00a0\u00bblarge\u00a0\u00bb alignment=\u00a0\u00bbcenter\u00a0\u00bb][vc_column_text]<\/p>\n<p style=\"text-align: center;\"><span style=\"font-weight: 400;\">Notre programme de recherche d\u2019\u00e9t\u00e9 d\u00e9bute avec une formation de trois semaines en mai. Les stagiaires passent leur \u00e9t\u00e9 \u00e0 travailler au Mus\u00e9e, \u00e0 mener des visites guid\u00e9es dans les rues de Montr\u00e9al et \u00e0 faire de la recherche ind\u00e9pendante pour des expositions mus\u00e9ales futures, <\/span><span style=\"font-weight: 400;\"> pour les visites ainsi que pour le site web. <\/span><\/p>\n<p>[\/vc_column_text][\/vc_column][vc_column width=\u00a0\u00bb1\/3&Prime; disable_custom_paddings_mobile=\u00a0\u00bbtrue\u00a0\u00bb css=\u00a0\u00bb.vc_custom_1645133415513{padding-right: 36px !important;padding-bottom: 36px !important;padding-left: 36px !important;background-color: #ffffff !important;}\u00a0\u00bb][vc_column_text]<\/p>\n<p style=\"text-align: center; font-family: Adelle W01 SemiBold, Arvo, serif; font-size: 150%; line-height: 1.2;\">Stage relatif \u00e0 la nourriture juive<\/p>\n<p>[\/vc_column_text][vc_separator color=\u00a0\u00bbcustom\u00a0\u00bb style=\u00a0\u00bbdotted\u00a0\u00bb border_width=\u00a0\u00bb4&Prime; accent_color=\u00a0\u00bb#04b2e1&Prime;][vc_single_image image=\u00a0\u00bb38500&Prime; img_size=\u00a0\u00bblarge\u00a0\u00bb alignment=\u00a0\u00bbcenter\u00a0\u00bb][vc_column_text]<\/p>\n<p style=\"text-align: center;\"><span style=\"font-weight: 400;\">Le stage d\u00e9bute avec la m\u00eame formation de trois semaines que celle offerte \u00e0 nos stagiaires de recherche. Nos stagiaires travaillant sur la nourriture juive passeront l\u2019\u00e9t\u00e9 \u00e0 explorer et \u00e0 apprendre \u00e0 propos de la culture culinaire juive montr\u00e9alaise tout en menant des visites gastronomiques en plus d\u2019animer des ateliers en cuisine pour le Mus\u00e9e.<\/span><\/p>\n<p>[\/vc_column_text][\/vc_column][vc_column width=\u00a0\u00bb1\/3&Prime; disable_custom_paddings_mobile=\u00a0\u00bbtrue\u00a0\u00bb css=\u00a0\u00bb.vc_custom_1645133424037{padding-right: 36px !important;padding-bottom: 36px !important;padding-left: 36px !important;background-color: #ffffff !important;}\u00a0\u00bb][vc_column_text]<\/p>\n<p style=\"text-align: center; font-family: Adelle W01 SemiBold, Arvo, serif; font-size: 150%; line-height: 1.2;\">Stage en histoire orale<\/p>\n<p>[\/vc_column_text][vc_separator color=\u00a0\u00bbcustom\u00a0\u00bb style=\u00a0\u00bbdotted\u00a0\u00bb border_width=\u00a0\u00bb4&Prime; accent_color=\u00a0\u00bb#04b2e1&Prime;][vc_single_image image=\u00a0\u00bb39522&Prime; img_size=\u00a0\u00bblarge\u00a0\u00bb alignment=\u00a0\u00bbcenter\u00a0\u00bb][vc_column_text]<\/p>\n<p style=\"text-align: center;\"><span style=\"font-weight: 400;\">Il s\u2019agit d\u2019une opportunit\u00e9 de b\u00e9n\u00e9volat \u00e0 temps partiel. Notre \u00e9quipe d\u2019histoire orale se rencontre bimensuellement lors de l\u2019automne pour des s\u00e9minaires, des discussions et des formations. Les stagiaires m\u00e8nent, enregistrent et ensuite \u00e9ditent des entrevues d\u2019histoire orale avec des membres de la communaut\u00e9 avant de les ajouter \u00e0 notre collection.<\/span><\/p>\n<p>[\/vc_column_text][\/vc_column][\/vc_row][vc_row full_width=\u00a0\u00bbstretch_row\u00a0\u00bb equal_height=\u00a0\u00bbyes\u00a0\u00bb content_placement=\u00a0\u00bbmiddle\u00a0\u00bb css=\u00a0\u00bb.vc_custom_1643230424889{margin-top: 0px !important;margin-right: 32px !important;margin-bottom: 0px !important;margin-left: 32px !important;padding-top: 36px !important;padding-bottom: 60px !important;background-color: #e3f4f9 !important;}\u00a0\u00bb][vc_column width=\u00a0\u00bb1\/3&Prime; offset=\u00a0\u00bbvc_hidden-xs\u00a0\u00bb][vc_separator color=\u00a0\u00bbcustom\u00a0\u00bb style=\u00a0\u00bbdotted\u00a0\u00bb border_width=\u00a0\u00bb4&Prime; accent_color=\u00a0\u00bb#04b2e1&Prime;][\/vc_column][vc_column width=\u00a0\u00bb1\/3&Prime;]<style type=\"text\/css\">.thegem-button-69f5546e4192c2979 .gem-button svg {fill: #ffffff;}.thegem-button-69f5546e4192c2979 .gem-button:hover svg {fill: #04b2e1;}<\/style><div class=\"gem-button-container gem-button-position-center thegem-button-69f5546e4192c2979    \"  ><a class=\"gem-button gem-button-size-large gem-button-style-flat gem-button-text-weight-normal\" data-ll-effect=\"drop-right-without-wrap\" style=\"border-radius: 3px;background-color: #04b2e1;color: #ffffff;\" onmouseleave=\"this.style.backgroundColor='#04b2e1';this.style.color='#ffffff';\" onmouseenter=\"this.style.backgroundColor='#ffffff';this.style.color='#04b2e1';\" href=\"#how-to-apply\" target=\"_self\">Comment s&#039;inscrire<\/a><\/div> [\/vc_column][vc_column width=\u00a0\u00bb1\/3&Prime; offset=\u00a0\u00bbvc_hidden-xs\u00a0\u00bb][vc_separator color=\u00a0\u00bbcustom\u00a0\u00bb style=\u00a0\u00bbdotted\u00a0\u00bb border_width=\u00a0\u00bb4&Prime; accent_color=\u00a0\u00bb#04b2e1&Prime;][\/vc_column][\/vc_row][vc_row full_width=\u00a0\u00bbstretch_row\u00a0\u00bb css=\u00a0\u00bb.vc_custom_1643722035428{margin-top: 0px !important;margin-bottom: 0px !important;background-color: #eb5125 !important;}\u00a0\u00bb][vc_column offset=\u00a0\u00bbvc_hidden-xs\u00a0\u00bb][vc_text_separator title=\u00a0\u00bbNos stages en quelques mots\u00a0\u00bb color=\u00a0\u00bbwhite\u00a0\u00bb border_width=\u00a0\u00bb4&Prime; el_width=\u00a0\u00bb90&Prime; el_class=\u00a0\u00bbwhite-text\u00a0\u00bb][vc_empty_space height=\u00a0\u00bb12px\u00a0\u00bb][\/vc_column][\/vc_row][vc_row full_width=\u00a0\u00bbstretch_row\u00a0\u00bb css=\u00a0\u00bb.vc_custom_1643722035428{margin-top: 0px !important;margin-bottom: 0px !important;background-color: #eb5125 !important;}\u00a0\u00bb][vc_column offset=\u00a0\u00bbvc_hidden-lg vc_hidden-md vc_hidden-sm\u00a0\u00bb css=\u00a0\u00bb.vc_custom_1645136804871{padding-bottom: 45px !important;}\u00a0\u00bb][vc_column_text]<\/p>\n<h2 style=\"text-align: center;\"><span style=\"color: #ffffff;\">Nos stages en quelques mots<\/span><\/h2>\n<p>[\/vc_column_text][\/vc_column][\/vc_row][vc_row equal_height=\u00a0\u00bbyes\u00a0\u00bb content_placement=\u00a0\u00bbtop\u00a0\u00bb disable_custom_paddings_tablet=\u00a0\u00bbtrue\u00a0\u00bb disable_custom_paddings_mobile=\u00a0\u00bbtrue\u00a0\u00bb css=\u00a0\u00bb.vc_custom_1645824608146{margin-right: 32px !important;margin-bottom: 0px !important;margin-left: 32px !important;border-bottom-width: 0px !important;padding-top: 36px !important;padding-right: 64px !important;padding-left: 64px !important;}\u00a0\u00bb][vc_column width=\u00a0\u00bb1\/4&Prime;][vc_icon icon_fontawesome=\u00a0\u00bbfas fa-user-graduate\u00a0\u00bb color=\u00a0\u00bbgrey\u00a0\u00bb size=\u00a0\u00bbxl\u00a0\u00bb align=\u00a0\u00bbcenter\u00a0\u00bb][\/vc_column][vc_column width=\u00a0\u00bb3\/4&Prime;][vc_column_text]<\/p>\n<p style=\"text-align: left; letter-spacing: 1px; line-height: 2;\"><strong><span style=\"color: #333333;\">Acqu\u00e9rir une exp\u00e9rience de travail professionnelle et d\u00e9velopper vos aptitudes de recherche en effectuant des recherches approfondies se fiant sur des sources primaires et secondaires.<\/span><\/strong><\/p>\n<p>[\/vc_column_text][\/vc_column][\/vc_row][vc_row equal_height=\u00a0\u00bbyes\u00a0\u00bb content_placement=\u00a0\u00bbtop\u00a0\u00bb disable_custom_paddings_tablet=\u00a0\u00bbtrue\u00a0\u00bb disable_custom_paddings_mobile=\u00a0\u00bbtrue\u00a0\u00bb css=\u00a0\u00bb.vc_custom_1645824554484{margin-right: 32px !important;margin-bottom: 0px !important;margin-left: 32px !important;border-bottom-width: 0px !important;padding-top: 36px !important;padding-right: 64px !important;padding-left: 64px !important;}\u00a0\u00bb][vc_column width=\u00a0\u00bb1\/4&Prime;][vc_icon icon_fontawesome=\u00a0\u00bbfas fa-map-signs\u00a0\u00bb color=\u00a0\u00bbgrey\u00a0\u00bb size=\u00a0\u00bbxl\u00a0\u00bb align=\u00a0\u00bbcenter\u00a0\u00bb][\/vc_column][vc_column width=\u00a0\u00bb3\/4&Prime;][vc_column_text]<\/p>\n<p style=\"text-align: left; letter-spacing: 1px; line-height: 2;\"><strong><span style=\"color: #333333;\">Plongez dans la culture et l&rsquo;histoire de Montr\u00e9al en passant votre \u00e9t\u00e9 en plein air \u00e0 explorer la ville.<\/span><\/strong><\/p>\n<p>[\/vc_column_text][\/vc_column][\/vc_row][vc_row equal_height=\u00a0\u00bbyes\u00a0\u00bb disable_custom_paddings_tablet=\u00a0\u00bbtrue\u00a0\u00bb disable_custom_paddings_mobile=\u00a0\u00bbtrue\u00a0\u00bb css=\u00a0\u00bb.vc_custom_1643729041408{margin-right: 32px !important;margin-bottom: 0px !important;margin-left: 32px !important;border-bottom-width: 0px !important;padding-right: 64px !important;padding-left: 64px !important;}\u00a0\u00bb][vc_column width=\u00a0\u00bb1\/4&Prime;][vc_icon icon_fontawesome=\u00a0\u00bbfas fa-landmark\u00a0\u00bb color=\u00a0\u00bbgrey\u00a0\u00bb size=\u00a0\u00bbxl\u00a0\u00bb align=\u00a0\u00bbcenter\u00a0\u00bb][\/vc_column][vc_column width=\u00a0\u00bb3\/4&Prime;][vc_column_text css_animation=\u00a0\u00bbnone\u00a0\u00bb]<\/p>\n<p style=\"text-align: left; letter-spacing: 1px; line-height: 2;\"><strong><span style=\"color: #333333;\">Repr\u00e9senter le Mus\u00e9e sur la sc\u00e8ne publique en \u00e9duquant des visiteurs de mani\u00e8re amusante et engageante.<\/span><\/strong><\/p>\n<p>[\/vc_column_text][\/vc_column][\/vc_row][vc_row equal_height=\u00a0\u00bbyes\u00a0\u00bb disable_custom_paddings_tablet=\u00a0\u00bbtrue\u00a0\u00bb disable_custom_paddings_mobile=\u00a0\u00bbtrue\u00a0\u00bb css=\u00a0\u00bb.vc_custom_1643729041408{margin-right: 32px !important;margin-bottom: 0px !important;margin-left: 32px !important;border-bottom-width: 0px !important;padding-right: 64px !important;padding-left: 64px !important;}\u00a0\u00bb][vc_column width=\u00a0\u00bb1\/4&Prime;][vc_icon icon_fontawesome=\u00a0\u00bbfas fa-users\u00a0\u00bb color=\u00a0\u00bbgrey\u00a0\u00bb size=\u00a0\u00bbxl\u00a0\u00bb align=\u00a0\u00bbcenter\u00a0\u00bb][\/vc_column][vc_column width=\u00a0\u00bb3\/4&Prime;][vc_column_text]<\/p>\n<p style=\"text-align: left; letter-spacing: 1px; line-height: 2;\"><strong><span style=\"color: #333333;\">Rejoignez une communaut\u00e9 de jeunes universitaires et de travailleurs culturels et laissez un impact sur le Mus\u00e9e gr\u00e2ce \u00e0 vos projets de recherche et de cr\u00e9ation.<\/span><\/strong><\/p>\n<p>[\/vc_column_text][\/vc_column][\/vc_row][vc_row gap=\u00a0\u00bb35&Prime; equal_height=\u00a0\u00bbyes\u00a0\u00bb css=\u00a0\u00bb.vc_custom_1643223912635{margin-right: 32px !important;margin-left: 32px !important;}\u00a0\u00bb][vc_column][vc_empty_space height=\u00a0\u00bb24px\u00a0\u00bb][\/vc_column][\/vc_row][vc_row full_width=\u00a0\u00bbstretch_row\u00a0\u00bb content_placement=\u00a0\u00bbmiddle\u00a0\u00bb css=\u00a0\u00bb.vc_custom_1638989852494{margin-top: 0px !important;margin-bottom: 0px !important;background-color: #04b2e1 !important;}\u00a0\u00bb][vc_column width=\u00a0\u00bb2\/3&Prime; offset=\u00a0\u00bbvc_hidden-xs\u00a0\u00bb][vc_empty_space height=\u00a0\u00bb64px\u00a0\u00bb][vc_column_text]<\/p>\n<p style=\"text-align: left; padding-left: 40px; line-height: 2; letter-spacing: 1px;\"><strong><span style=\"color: #ffffff;\">\u00ab Le Mus\u00e9e a aliment\u00e9 ma curiosit\u00e9 \u00e0 l\u2019\u00e9gard des endroits d\u2019o\u00f9 je viens, mais aussi \u00e0 propos des lieux o\u00f9 je r\u00e9side aujourd\u2019hui\u2026 Mon exp\u00e9rience a influenc\u00e9 mon cheminement de carri\u00e8re, je me suis dirig\u00e9e vers les milieux mus\u00e9al et archivistique sur le march\u00e9 du travail comme \u00e0 l\u2019universit\u00e9 o\u00f9 je suis retourn\u00e9e aux cycles sup\u00e9rieurs pour obtenir un dipl\u00f4me en cartographie num\u00e9rique. Je serai \u00e9ternellement reconnaissante pour l\u2019exp\u00e9rience enrichissante dont j\u2019ai pu b\u00e9n\u00e9ficier au Mus\u00e9e du Montr\u00e9al juif &#8211; \u00e7a l\u2019a fa\u00e7onn\u00e9 qui je suis aujourd\u2019hui! \u00bb<\/span><\/strong><\/p>\n<p style=\"text-align: left; padding-left: 40px;\"><strong><span style=\"color: #ffffff;\"><em>\u2013 Olivia Maccioni, ancienne stagiaire sur la nourriture juive<\/em><\/span><\/strong><\/p>\n<p>[\/vc_column_text][vc_empty_space height=\u00a0\u00bb64px\u00a0\u00bb][\/vc_column][vc_column width=\u00a0\u00bb1\/3&Prime; offset=\u00a0\u00bbvc_hidden-xs\u00a0\u00bb][vc_empty_space height=\u00a0\u00bb64px\u00a0\u00bb][vc_single_image image=\u00a0\u00bb38858&Prime; img_size=\u00a0\u00bblarge\u00a0\u00bb alignment=\u00a0\u00bbcenter\u00a0\u00bb style=\u00a0\u00bbvc_box_circle_2&Prime;][vc_empty_space height=\u00a0\u00bb64px\u00a0\u00bb][\/vc_column][\/vc_row][vc_row full_width=\u00a0\u00bbstretch_row\u00a0\u00bb content_placement=\u00a0\u00bbmiddle\u00a0\u00bb css=\u00a0\u00bb.vc_custom_1638989852494{margin-top: 0px !important;margin-bottom: 0px !important;background-color: #04b2e1 !important;}\u00a0\u00bb][vc_column offset=\u00a0\u00bbvc_hidden-lg vc_hidden-md vc_hidden-sm\u00a0\u00bb][vc_single_image image=\u00a0\u00bb38858&Prime; alignment=\u00a0\u00bbcenter\u00a0\u00bb style=\u00a0\u00bbvc_box_circle_2&Prime;][vc_column_text]<\/p>\n<p style=\"line-height: 1.8; letter-spacing: 1px; text-align: center;\"><strong><span style=\"color: #ffffff;\">\u00ab Le Mus\u00e9e a aliment\u00e9 ma curiosit\u00e9 \u00e0 l\u2019\u00e9gard des endroits d\u2019o\u00f9 je viens, mais aussi \u00e0 propos des lieux o\u00f9 je r\u00e9side aujourd\u2019hui\u2026 Mon exp\u00e9rience a influenc\u00e9 mon cheminement de carri\u00e8re, je me suis dirig\u00e9e vers les milieux mus\u00e9al et archivistique sur le march\u00e9 du travail comme \u00e0 l\u2019universit\u00e9 o\u00f9 je suis retourn\u00e9e aux cycles sup\u00e9rieurs pour obtenir un dipl\u00f4me en cartographie num\u00e9rique. Je serai \u00e9ternellement reconnaissante pour l\u2019exp\u00e9rience enrichissante dont j\u2019ai pu b\u00e9n\u00e9ficier au Mus\u00e9e du Montr\u00e9al juif &#8211; \u00e7a l\u2019a fa\u00e7onn\u00e9 qui je suis aujourd\u2019hui! \u00bb<\/span><\/strong><\/p>\n<p style=\"text-align: center;\"><strong><span style=\"color: #ffffff;\"><em>\u2013 Olivia Maccioni, ancienne stagiaire sur la nourriture juive<\/em><\/span><\/strong><\/p>\n<p>[\/vc_column_text][\/vc_column][\/vc_row][vc_row gap=\u00a0\u00bb35&Prime; content_placement=\u00a0\u00bbtop\u00a0\u00bb css=\u00a0\u00bb.vc_custom_1643225287460{padding-top: 64px !important;}\u00a0\u00bb el_id=\u00a0\u00bbhow-to-apply\u00a0\u00bb][vc_column width=\u00a0\u00bb1\/3&Prime; disable_custom_paddings_tablet=\u00a0\u00bbtrue\u00a0\u00bb disable_custom_paddings_mobile=\u00a0\u00bbtrue\u00a0\u00bb][vc_column_text]<\/p>\n<p style=\"text-align: center;\"><span style=\"color: #eb5125; line-height: 1.5; font-family: Adelle W01 SemiBold, Arvo, serif; font-size: 300%; letter-spacing: .2px;\">Comment postuler<\/span><\/p>\n<p>[\/vc_column_text][vc_separator color=\u00a0\u00bbwhite\u00a0\u00bb style=\u00a0\u00bbdotted\u00a0\u00bb border_width=\u00a0\u00bb4&Prime;][vc_single_image image=\u00a0\u00bb38498&Prime; img_size=\u00a0\u00bbmedium\u00a0\u00bb alignment=\u00a0\u00bbcenter\u00a0\u00bb]<style type=\"text\/css\">.thegem-button-69f5546e419f76311 .gem-button svg {fill: #ffffff;}.thegem-button-69f5546e419f76311 .gem-button:hover svg {fill: #eb5125;}<\/style><div class=\"gem-button-container gem-button-position-center thegem-button-69f5546e419f76311    \"  ><a title=\"Posts\" class=\"gem-button gem-button-size-medium gem-button-style-flat gem-button-text-weight-normal\" data-ll-effect=\"drop-right-without-wrap\" style=\"border-radius: 3px;background-color: #eb5125;color: #ffffff;\" onmouseleave=\"this.style.backgroundColor='#eb5125';this.style.color='#ffffff';\" onmouseenter=\"this.style.backgroundColor='#cecece';this.style.color='#eb5125';\" href=\"https:\/\/museemontrealjuif.ca\/research-fellowship-summer-2023-call-for-applicants\/\" target=\"_self\">View Job Post<\/a><\/div> [\/vc_column][vc_column width=\u00a0\u00bb2\/3&Prime; disable_custom_paddings_tablet=\u00a0\u00bbtrue\u00a0\u00bb disable_custom_paddings_mobile=\u00a0\u00bbtrue\u00a0\u00bb css=\u00a0\u00bb.vc_custom_1645135201323{padding-top: 32px !important;padding-right: 96px !important;padding-bottom: 64px !important;}\u00a0\u00bb][vc_column_text]<\/p>\n<div class=\"page\" title=\"Page 3\">\n<div class=\"layoutArea\">\n<div class=\"column\">\n<p><b>Postulez \u00e0 un stage au Mus\u00e9e du Montr\u00e9al juif pour apprendre d&rsquo;experts, rencontrer des mentors, cr\u00e9er de nouvelles exp\u00e9riences culturelles, vous faire des amis et d\u00e9marrer votre carri\u00e8re!<\/b><\/p>\n<p><span style=\"font-weight: 400;\">Nos programmes de bourses annuels sont des opportunit\u00e9s comp\u00e9titives pour <\/span><span style=\"font-weight: 400;\">les travailleurs culturels \u00e9mergents, les passionn\u00e9s d&rsquo;histoire ou les aspirants professionnels des mus\u00e9es.<\/span> <span style=\"font-weight: 400;\"> Les candidats retenus dirigeront des visites historiques \u00e0 pied et gastronomiques, effectueront des recherches originales, collecteront des histoires orales communautaires et auront un impact durable sur la programmation de notre mus\u00e9e. <\/span><\/p>\n<p><span style=\"font-weight: 400;\">Le Mus\u00e9e du Montr\u00e9al juif estime que la diversit\u00e9 et l\u2019inclusivit\u00e9 contribuent \u00e0 une soci\u00e9t\u00e9 saine et un \u00e9cosyst\u00e8me artistique et culturel fertile. Nous encourageons les candidats de tous horizons \u00e0 postuler pour rejoindre notre \u00e9quipe.<\/span><\/p>\n<\/div>\n<\/div>\n<\/div>\n<p>[\/vc_column_text][vc_toggle title=\u00a0\u00bbPlus d&rsquo;informations\u00a0\u00bb css=\u00a0\u00bb\u00a0\u00bb]Admissibilit\u00e9 :<\/p>\n<ul>\n<li>Nous accueillons des candidatures provenant de divers horizons acad\u00e9miques. Une expertise en histoire juive n&rsquo;est pas requise.<\/li>\n<li>Beaucoup de nos boursiers restent avec nous au-del\u00e0 de leur contrat. Nous avons une pr\u00e9f\u00e9rence pour les candidats qui resteront \u00e0 Montr\u00e9al au-del\u00e0 de la dur\u00e9e de leur contrat.<\/li>\n<li>Les candidats doivent \u00eatre autoris\u00e9s \u00e0 travailler l\u00e9galement au Canada.<br \/>\nUn grand nombre de nos postes de recherche et de bourses alimentaires sont soutenus par les programmes Jeunesse Canada au travail et Emplois d&rsquo;\u00e9t\u00e9 Canada, financ\u00e9s par le gouvernement du Canada. Veuillez v\u00e9rifier les conditions d&rsquo;admissibilit\u00e9 avant de poser votre candidature.<\/li>\n<li>Nous sommes dispos\u00e9s \u00e0 accepter des candidats qui participent \u00e0 des stages postsecondaires financ\u00e9s ou \u00e0 des programmes d&rsquo;alternance travail-\u00e9tudes. Veuillez v\u00e9rifier aupr\u00e8s du programme d&rsquo;alternance travail-\u00e9tudes de votre \u00e9tablissement ou de votre conseiller p\u00e9dagogique pour savoir si notre bourse est admissible \u00e0 un financement ou \u00e0 des cr\u00e9dits de cours.<\/li>\n<\/ul>\n<p>Calendrier de candidature :<\/p>\n<ul>\n<li>Les postes de bourses de recherche et d&rsquo;alimentation d&rsquo;\u00e9t\u00e9 sont affich\u00e9s \u00e0 la fin du mois de mars ou au d\u00e9but du mois d&rsquo;avril.<\/li>\n<li>Les postes de bourse de recherche d&rsquo;automne, lorsqu&rsquo;ils sont disponibles, sont affich\u00e9s en ao\u00fbt.<\/li>\n<li>Les postes pour les bourses d&rsquo;histoire orale sont actuellement en attente. Veuillez consulter cette page ult\u00e9rieurement.<\/li>\n<\/ul>\n<p>Consultez les <a href=\"https:\/\/museemontrealjuif.ca\/fr\/category\/offre-demploi\/fellowships\/\">offres d&#8217;emploi<\/a> pour plus d&rsquo;informations ou contactez notre coordinatrice de la recherche, <a href=\"mailto:benya@imjm.ca\">Benya Villani<\/a>.[\/vc_toggle][\/vc_column][\/vc_row][vc_row full_width=\u00a0\u00bbstretch_row\u00a0\u00bb css=\u00a0\u00bb.vc_custom_1643223727797{margin-top: 0px !important;margin-bottom: 0px !important;background-color: #3cbee1 !important;}\u00a0\u00bb][vc_column offset=\u00a0\u00bbvc_hidden-xs\u00a0\u00bb][vc_text_separator title=\u00a0\u00bbRencontrez nos stagiaires\u00a0\u00bb color=\u00a0\u00bbwhite\u00a0\u00bb border_width=\u00a0\u00bb4&Prime; el_width=\u00a0\u00bb90&Prime; el_class=\u00a0\u00bbwhite-text\u00a0\u00bb][vc_empty_space height=\u00a0\u00bb12px\u00a0\u00bb][\/vc_column][\/vc_row][vc_row full_width=\u00a0\u00bbstretch_row\u00a0\u00bb css=\u00a0\u00bb.vc_custom_1643223727797{margin-top: 0px !important;margin-bottom: 0px !important;background-color: #3cbee1 !important;}\u00a0\u00bb][vc_column offset=\u00a0\u00bbvc_hidden-lg vc_hidden-md vc_hidden-sm\u00a0\u00bb css=\u00a0\u00bb.vc_custom_1645135149875{padding-bottom: 45px !important;}\u00a0\u00bb][vc_column_text]<\/p>\n<h2 style=\"text-align: center;\"><span style=\"color: #ffffff;\">Rencontrez nos stagiaires<\/span><\/h2>\n<p>[\/vc_column_text][\/vc_column][\/vc_row][vc_row equal_height=\u00a0\u00bbyes\u00a0\u00bb][vc_column width=\u00a0\u00bb1\/4&Prime;][vc_single_image image=\u00a0\u00bb40322&Prime; alignment=\u00a0\u00bbcenter\u00a0\u00bb style=\u00a0\u00bbvc_box_circle_2&Prime;][vc_column_text]<\/p>\n<h5 style=\"text-align: center;\">Romy Shoam<\/h5>\n<p style=\"text-align: center;\"><em>Stagiaire de recherche, 2022<\/em><\/p>\n<p>[\/vc_column_text][\/vc_column][vc_column width=\u00a0\u00bb1\/4&Prime;][vc_single_image image=\u00a0\u00bb40330&Prime; alignment=\u00a0\u00bbcenter\u00a0\u00bb style=\u00a0\u00bbvc_box_circle_2&Prime;][vc_column_text]<\/p>\n<h5 style=\"text-align: center;\">Hannah Grover<\/h5>\n<p style=\"text-align: center;\"><em>Stagiaire de recherche, 2022<\/em><\/p>\n<p>[\/vc_column_text][\/vc_column][vc_column width=\u00a0\u00bb1\/4&Prime;][vc_single_image image=\u00a0\u00bb40334&Prime; alignment=\u00a0\u00bbcenter\u00a0\u00bb style=\u00a0\u00bbvc_box_circle_2&Prime;][vc_column_text]<\/p>\n<h5 style=\"text-align: center;\">Alison Dringenberg<\/h5>\n<p style=\"text-align: center;\"><em>Stagiaire de recherche, 2022<\/em><\/p>\n<p>[\/vc_column_text][\/vc_column][vc_column width=\u00a0\u00bb1\/4&Prime;][vc_single_image image=\u00a0\u00bb41883&Prime; alignment=\u00a0\u00bbcenter\u00a0\u00bb style=\u00a0\u00bbvc_box_circle_2&Prime;][vc_column_text css=\u00a0\u00bb\u00a0\u00bb]<\/p>\n<h5 style=\"text-align: center;\">Avery Monette<\/h5>\n<p style=\"text-align: center;\"><em>Stagiaire nourriture, 2022<\/em><\/p>\n<p>[\/vc_column_text][\/vc_column][\/vc_row][vc_row equal_height=\u00a0\u00bbyes\u00a0\u00bb][vc_column width=\u00a0\u00bb1\/4&Prime;][vc_single_image image=\u00a0\u00bb40338&Prime; alignment=\u00a0\u00bbcenter\u00a0\u00bb style=\u00a0\u00bbvc_box_circle_2&Prime;][vc_column_text]<\/p>\n<h5 style=\"text-align: center;\">Adrianne Dumont<\/h5>\n<p style=\"text-align: center;\"><em>Stagiaire nourriture, 2022<\/em><\/p>\n<p>[\/vc_column_text][\/vc_column][vc_column width=\u00a0\u00bb1\/4&Prime;][vc_single_image image=\u00a0\u00bb39589&Prime; alignment=\u00a0\u00bbcenter\u00a0\u00bb style=\u00a0\u00bbvc_box_circle_2&Prime;][vc_column_text]<\/p>\n<h5 style=\"text-align: center;\">Xavier Levesque<\/h5>\n<p style=\"text-align: center;\"><em>Stagiaire de recherche, 2021<\/em><\/p>\n<p>[\/vc_column_text][\/vc_column][vc_column width=\u00a0\u00bb1\/4&Prime;][vc_single_image image=\u00a0\u00bb39585&Prime; alignment=\u00a0\u00bbcenter\u00a0\u00bb style=\u00a0\u00bbvc_box_circle_2&Prime;][vc_column_text]<\/p>\n<h5 style=\"text-align: center;\">Rachel Kirstein<\/h5>\n<p style=\"text-align: center;\"><em>Stagiaire nourriture, 2021<\/em><\/p>\n<p>[\/vc_column_text][\/vc_column][vc_column width=\u00a0\u00bb1\/4&Prime;][vc_single_image image=\u00a0\u00bb39596&Prime; alignment=\u00a0\u00bbcenter\u00a0\u00bb style=\u00a0\u00bbvc_box_circle_2&Prime;][vc_column_text]<\/p>\n<h5 style=\"text-align: center;\">Lara Morrison<\/h5>\n<p style=\"text-align: center;\"><em>Stagiaire de recherche, 2021<\/em><\/p>\n<p>[\/vc_column_text][\/vc_column][\/vc_row][vc_row equal_height=\u00a0\u00bbyes\u00a0\u00bb][vc_column width=\u00a0\u00bb1\/4&Prime;][vc_column_text]<\/p>\n<h5 style=\"text-align: center;\">Alexander Taurozzi<\/h5>\n<p style=\"text-align: center;\"><em>Stagiaire nourriture, 2022<\/em><\/p>\n<p>[\/vc_column_text][\/vc_column][vc_column width=\u00a0\u00bb1\/4&Prime;][vc_column_text]<\/p>\n<h5 style=\"text-align: center;\">Layla Rudy<\/h5>\n<p style=\"text-align: center;\"><em>Stagiaire nourriture, 2022<\/em><\/p>\n<p>[\/vc_column_text][\/vc_column][vc_column width=\u00a0\u00bb1\/4&Prime;][vc_column_text]<\/p>\n<h5 style=\"text-align: center;\">Sam Shepard<\/h5>\n<p style=\"text-align: center;\"><em>Stagiaire de recherche, 2021<\/em><\/p>\n<p>[\/vc_column_text][\/vc_column][vc_column width=\u00a0\u00bb1\/4&Prime;][vc_column_text]<\/p>\n<h5 style=\"text-align: center;\">Margaret Rochefort<\/h5>\n<p style=\"text-align: center;\"><em>Stagiaire de recherche, 2021<\/em><\/p>\n<p>[\/vc_column_text][\/vc_column][\/vc_row][vc_row equal_height=\u00a0\u00bbyes\u00a0\u00bb][vc_column width=\u00a0\u00bb1\/4&Prime;][vc_column_text]<\/p>\n<h5 style=\"text-align: center;\">Hannah Sparwasser-Soroka<\/h5>\n<p style=\"text-align: center;\"><em>Stagiaire de recherche, 2021<\/em><\/p>\n<p>[\/vc_column_text][\/vc_column][vc_column width=\u00a0\u00bb1\/4&Prime;][vc_column_text]<\/p>\n<h5 style=\"text-align: center;\">Levana Katz<\/h5>\n<p style=\"text-align: center;\"><em>Stagiaire de recherche, 2021<\/em><\/p>\n<p>[\/vc_column_text][\/vc_column][vc_column width=\u00a0\u00bb1\/4&Prime;][vc_column_text]<\/p>\n<h5 style=\"text-align: center;\">Kate Reeve<\/h5>\n<p style=\"text-align: center;\"><em>Stagiaire de recherche, 2020<\/em><\/p>\n<p>[\/vc_column_text][\/vc_column][vc_column width=\u00a0\u00bb1\/4&Prime;][vc_column_text]<\/p>\n<h5 style=\"text-align: center;\">Hannah Berger<\/h5>\n<p style=\"text-align: center;\"><em>Stagiaire de recherche, 2019<\/em><\/p>\n<p>[\/vc_column_text][\/vc_column][\/vc_row][vc_row full_width=\u00a0\u00bbstretch_row\u00a0\u00bb css=\u00a0\u00bb.vc_custom_1643230068173{margin-top: 0px !important;margin-bottom: 0px !important;background-color: #eb5125 !important;}\u00a0\u00bb][vc_column offset=\u00a0\u00bbvc_hidden-xs\u00a0\u00bb][vc_text_separator title=\u00a0\u00bbD\u2019autres mani\u00e8res de s\u2019impliquer au Mus\u00e9e\u00a0\u00bb color=\u00a0\u00bbwhite\u00a0\u00bb border_width=\u00a0\u00bb4&Prime; el_width=\u00a0\u00bb90&Prime; el_class=\u00a0\u00bbwhite-text\u00a0\u00bb][vc_empty_space height=\u00a0\u00bb12px\u00a0\u00bb][\/vc_column][\/vc_row][vc_row full_width=\u00a0\u00bbstretch_row\u00a0\u00bb css=\u00a0\u00bb.vc_custom_1643230068173{margin-top: 0px !important;margin-bottom: 0px !important;background-color: #eb5125 !important;}\u00a0\u00bb][vc_column offset=\u00a0\u00bbvc_hidden-lg vc_hidden-md vc_hidden-sm\u00a0\u00bb css=\u00a0\u00bb.vc_custom_1645134965318{padding-bottom: 45px !important;}\u00a0\u00bb][vc_column_text]<\/p>\n<h2 style=\"text-align: center; color: #ffffff; line-height: 1.3;\">D\u2019autres fa\u00e7ons de s&rsquo;engager<\/h2>\n<p>[\/vc_column_text][\/vc_column][\/vc_row][vc_row][vc_column width=\u00a0\u00bb1\/4&Prime;][vc_column_text]<\/p>\n<h3><span style=\"color: #eb5125;\">Parcourir notre collection<\/span><\/h3>\n<p>[\/vc_column_text][\/vc_column][vc_column width=\u00a0\u00bb3\/4&Prime;][vc_column_text]Notre collection uniquement disponible en ligne est accessible via <a href=\"http:\/\/imjm.ca\/#home\">notre site web de recherche<\/a>. Vous pourrez y d\u00e9couvrir quelques expositions, notre carte interactive de l\u2019histoire juive montr\u00e9alaise depuis les ann\u00e9es 1760 ou encore \u00e9couter nos enregistrements d\u2019histoire orale relatives \u00e0 la vie juive montr\u00e9alaise.[\/vc_column_text][\/vc_column][\/vc_row][vc_row][vc_column width=\u00a0\u00bb1\/4&Prime;][vc_column_text]<\/p>\n<h3><span style=\"color: #eb5125;\">Financez votre projet<\/span><\/h3>\n<p>[\/vc_column_text][\/vc_column][vc_column width=\u00a0\u00bb3\/4&Prime;][vc_column_text]Notre programme de <a href=\"https:\/\/museemontrealjuif.ca\/fr\/micro-subvention\/\">micro-subventions<\/a> fournit un financement et un soutien pour aider les jeunes adultes \u00e0 donner vie \u00e0 leurs id\u00e9es de projets innovants li\u00e9s aux arts, \u00e0 la culture et \u00e0 l\u2019identit\u00e9 juives. Cliquez ici pour d\u00e9couvrir les opportunit\u00e9s qui s\u2019offrent \u00e0 vous.[\/vc_column_text][\/vc_column][\/vc_row][vc_row][vc_column width=\u00a0\u00bb1\/4&Prime;][vc_column_text]<\/p>\n<h3><span style=\"color: #eb5125;\">Entrer en contact<\/span><\/h3>\n<p>[\/vc_column_text][\/vc_column][vc_column width=\u00a0\u00bb3\/4&Prime;][vc_column_text]Contactez notre gestionnaire de l\u2019engagement communautaire <a href=\"anya@imjm.ca\">Anya Kowalchuk<\/a> pour partager une nouvelle id\u00e9e cr\u00e9ative, pour nous faire savoir ce que vous voulez voir au Mus\u00e9e, ou tout simplement pour discuter des meilleurs bagels.[\/vc_column_text][\/vc_column][\/vc_row][vc_row][vc_column width=\u00a0\u00bb1\/4&Prime;][vc_column_text]<\/p>\n<h3><span style=\"color: #eb5125;\">Travailler avec nous <\/span><\/h3>\n<p>[\/vc_column_text][\/vc_column][vc_column width=\u00a0\u00bb3\/4&Prime;][vc_column_text]Le Mus\u00e9e du Montr\u00e9al juif est un lieu de travail passionnant qui cherche \u00e0 innover. Compos\u00e9 d&rsquo;une petite \u00e9quipe engag\u00e9e \u00e0 partager le patrimoine juif de Montr\u00e9al et \u00e0 tisser des liens entre les gens et la vie juive \u00e0 travers de nouvelles exp\u00e9riences artistiques et culturelles! <a href=\"https:\/\/museemontrealjuif.ca\/fr\/category\/offre-demploi\/\">Cliquez ici<\/a> pour les plus r\u00e9centes offres d&#8217;emplois permanents et de stages r\u00e9mun\u00e9r\u00e9s \u00e0 temps plein.[\/vc_column_text][\/vc_column][\/vc_row]<\/p>\n<\/div>","protected":false},"excerpt":{"rendered":"<p>[vc_row full_width=\u00a0\u00bbstretch_row_content_no_spaces\u00a0\u00bb css=\u00a0\u00bb.vc_custom_1636690594479{background-image: url(https:\/\/museemontrealjuif.ca\/wp-content\/uploads\/2021\/06\/DSC_0012.jpg?id=38618) !important;background-position: center !important;background-repeat: no-repeat !important;background-size: cover !important;}\u00a0\u00bb][vc_column offset=\u00a0\u00bbvc_hidden-xs\u00a0\u00bb][vc_empty_space height=\u00a0\u00bb120px\u00a0\u00bb][vc_column_text css=\u00a0\u00bb.vc_custom_1645131871240{padding-top: 45px !important;padding-bottom: 60px !important;background-color: rgba(235,81,37,0.7) !important;*background-color: rgb(235,81,37) !important;}\u00a0\u00bb] Chercheur(euse)s associe\u0301(e)s [\/vc_column_text][vc_empty_space height=\u00a0\u00bb120px\u00a0\u00bb][\/vc_column][\/vc_row][vc_row full_width=\u00a0\u00bbstretch_row_content_no_spaces\u00a0\u00bb css=\u00a0\u00bb.vc_custom_1645132894818{background-image: url(https:\/\/museemontrealjuif.ca\/wp-content\/uploads\/2021\/06\/DSC_0012.jpg?id=38618) !important;background-position: center !important;background-repeat: no-repeat !important;background-size: cover !important;}\u00a0\u00bb el_id=\u00a0\u00bbmobile\u00a0\u00bb][vc_column offset=\u00a0\u00bbvc_hidden-lg vc_hidden-md vc_hidden-sm\u00a0\u00bb][vc_empty_space height=\u00a0\u00bb45px\u00a0\u00bb][vc_column_text css=\u00a0\u00bb.vc_custom_1645131871240{padding-top: 45px !important;padding-bottom: 60px !important;background-color: rgba(235,81,37,0.7) !important;*background-color: rgb(235,81,37) !important;}\u00a0\u00bb]&#8230;<\/p>\n","protected":false},"author":5,"featured_media":0,"parent":0,"menu_order":0,"comment_status":"closed","ping_status":"closed","template":"","meta":{"footnotes":""},"class_list":["post-40090","page","type-page","status-publish"],"_links":{"self":[{"href":"https:\/\/museemontrealjuif.ca\/fr\/wp-json\/wp\/v2\/pages\/40090","targetHints":{"allow":["GET"]}}],"collection":[{"href":"https:\/\/museemontrealjuif.ca\/fr\/wp-json\/wp\/v2\/pages"}],"about":[{"href":"https:\/\/museemontrealjuif.ca\/fr\/wp-json\/wp\/v2\/types\/page"}],"author":[{"embeddable":true,"href":"https:\/\/museemontrealjuif.ca\/fr\/wp-json\/wp\/v2\/users\/5"}],"replies":[{"embeddable":true,"href":"https:\/\/museemontrealjuif.ca\/fr\/wp-json\/wp\/v2\/comments?post=40090"}],"version-history":[{"count":0,"href":"https:\/\/museemontrealjuif.ca\/fr\/wp-json\/wp\/v2\/pages\/40090\/revisions"}],"wp:attachment":[{"href":"https:\/\/museemontrealjuif.ca\/fr\/wp-json\/wp\/v2\/media?parent=40090"}],"curies":[{"name":"wp","href":"https:\/\/api.w.org\/{rel}","templated":true}]}}