{"id":43626,"date":"2025-06-16T20:06:43","date_gmt":"2025-06-16T20:06:43","guid":{"rendered":"https:\/\/museemontrealjuif.ca\/camj\/"},"modified":"2025-06-17T14:20:58","modified_gmt":"2025-06-17T14:20:58","slug":"camj","status":"publish","type":"page","link":"https:\/\/museemontrealjuif.ca\/fr\/camj\/","title":{"rendered":"CAMJ"},"content":{"rendered":"<div class=\"wpb-content-wrapper\"><p>[vc_row full_width=\u00a0\u00bbstretch_row_content_no_spaces\u00a0\u00bb css=\u00a0\u00bb.vc_custom_1738350440333{background-image: url(https:\/\/museemontrealjuif.ca\/wp-content\/uploads\/2025\/01\/PublicIntimacy-118.jpg?id=43215) !important;background-position: center !important;background-repeat: no-repeat !important;background-size: cover !important;}\u00a0\u00bb][vc_column offset=\u00a0\u00bbvc_hidden-xs\u00a0\u00bb][vc_empty_space height=\u00a0\u00bb120px\u00a0\u00bb css=\u00a0\u00bb.vc_custom_1645620413082{margin-top: 0px !important;border-top-width: 0px !important;padding-top: 0px !important;}\u00a0\u00bb][vc_column_text css=\u00a0\u00bb.vc_custom_1749834796388{padding-top: 60px !important;padding-bottom: 75px !important;background-color: #96D3E4B3 !important;}\u00a0\u00bb]<\/p>\n<p style=\"text-align: center; font-family: Adelle W01 SemiBold, Arvo, serif; color: #ffffff; font-size: 500%; line-height: 1.3; letter-spacing: 8px;\">Collectif des arts du Montr\u00e9al juif<\/p>\n<p>[\/vc_column_text][vc_empty_space height=\u00a0\u00bb120px\u00a0\u00bb][\/vc_column][\/vc_row][vc_row full_width=\u00a0\u00bbstretch_row_content_no_spaces\u00a0\u00bb css=\u00a0\u00bb.vc_custom_1749834823155{background-image: url(https:\/\/museemontrealjuif.ca\/wp-content\/uploads\/2025\/01\/PublicIntimacy-118.jpg?id=43215) !important;background-position: center !important;background-repeat: no-repeat !important;background-size: cover !important;}\u00a0\u00bb el_id=\u00a0\u00bbmobile\u00a0\u00bb][vc_column offset=\u00a0\u00bbvc_hidden-lg vc_hidden-md vc_hidden-sm\u00a0\u00bb][vc_empty_space height=\u00a0\u00bb45px\u00a0\u00bb css=\u00a0\u00bb.vc_custom_1677100423578{margin-top: 0px !important;border-top-width: 0px !important;padding-top: 0px !important;}\u00a0\u00bb][vc_column_text css=\u00a0\u00bb.vc_custom_1737481704513{padding-top: 60px !important;padding-bottom: 75px !important;background-color: rgba(235,81,37,0.7) !important;*background-color: rgb(235,81,37) !important;}\u00a0\u00bb]<\/p>\n<h1 style=\"text-align: center; font-family: Adelle W01 SemiBold, Arvo, serif; color: #ffffff;\">Collectif des arts du Montr\u00e9al juif<\/h1>\n<p>[\/vc_column_text][vc_empty_space height=\u00a0\u00bb45px\u00a0\u00bb][\/vc_column][\/vc_row][vc_row full_width=\u00a0\u00bbstretch_row\u00a0\u00bb content_placement=\u00a0\u00bbmiddle\u00a0\u00bb css=\u00a0\u00bb.vc_custom_1642048573287{margin-bottom: 0px !important;padding-bottom: 0px !important;}\u00a0\u00bb][vc_column][vc_empty_space height=\u00a0\u00bb24px\u00a0\u00bb][\/vc_column][\/vc_row][vc_row full_width=\u00a0\u00bbstretch_row\u00a0\u00bb content_placement=\u00a0\u00bbmiddle\u00a0\u00bb css=\u00a0\u00bb.vc_custom_1749834953289{margin-bottom: 0px !important;padding-bottom: 0px !important;}\u00a0\u00bb][vc_column width=\u00a0\u00bb1\/3&Prime; offset=\u00a0\u00bbvc_hidden-xs\u00a0\u00bb][vc_empty_space][vc_single_image image=\u00a0\u00bb43206&Prime; img_size=\u00a0\u00bblarge\u00a0\u00bb alignment=\u00a0\u00bbcenter\u00a0\u00bb style=\u00a0\u00bbvc_box_circle_2&Prime; css=\u00a0\u00bb.vc_custom_1738344705646{padding-top: 24px !important;padding-right: 24px !important;padding-bottom: 24px !important;padding-left: 24px !important;}\u00a0\u00bb][\/vc_column][vc_column width=\u00a0\u00bb2\/3&Prime; offset=\u00a0\u00bbvc_hidden-xs\u00a0\u00bb][vc_empty_space height=\u00a0\u00bb16px\u00a0\u00bb][vc_column_text css=\u00a0\u00bb\u00a0\u00bb]<\/p>\n<p style=\"letter-spacing: 1px; line-height: 2; text-align: left;\">Le Collectif des arts du Montr\u00e9al juif (CAMJ) est un groupe d&rsquo;artistes, de cr\u00e9ateurs, d&rsquo;organisateurs culturels et de professionnels de l&rsquo;industrie qui se r\u00e9unissent autour d&rsquo;un int\u00e9r\u00eat commun et d&rsquo;un enthousiasme pour la convergence des arts contemporains et de la culture juive ! L&rsquo;adh\u00e9sion est simple : il suffit de venir \u00e0 un \u00e9v\u00e9nement du MJAC, de s&rsquo;inscrire \u00e0 la <a href=\"#newsletter\">infolettre<\/a> ou d&rsquo;\u00eatre un ancien de l&rsquo;organisation partenaire du MJAC (plus d&rsquo;informations \u00e0 ce sujet <a href=\"#partners\">ci-dessous<\/a>). Et c&rsquo;est tout !<\/p>\n<p>[\/vc_column_text][\/vc_column][\/vc_row][vc_row disable_element=\u00a0\u00bbyes\u00a0\u00bb css=\u00a0\u00bb.vc_custom_1749835180286{margin-top: 0px !important;margin-bottom: 0px !important;padding-top: 0px !important;padding-bottom: 0px !important;}\u00a0\u00bb][vc_column width=\u00a0\u00bb1\/4&Prime;][\/vc_column][vc_column width=\u00a0\u00bb1\/2&Prime;][vc_single_image image=\u00a0\u00bb43196&Prime; img_size=\u00a0\u00bblarge\u00a0\u00bb css=\u00a0\u00bb.vc_custom_1749835145487{margin-top: 0px !important;margin-bottom: 0px !important;border-top-width: 0px !important;padding-top: 0px !important;padding-bottom: 0px !important;}\u00a0\u00bb][\/vc_column][vc_column width=\u00a0\u00bb1\/4&Prime;][\/vc_column][\/vc_row][vc_row content_placement=\u00a0\u00bbtop\u00a0\u00bb css=\u00a0\u00bb.vc_custom_1749834961138{margin-top: 0px !important;padding-top: 0px !important;}\u00a0\u00bb][vc_column width=\u00a0\u00bb2\/3&Prime; offset=\u00a0\u00bbvc_hidden-xs\u00a0\u00bb][vc_empty_space height=\u00a0\u00bb64px\u00a0\u00bb][vc_column_text css=\u00a0\u00bb\u00a0\u00bb]<\/p>\n<p style=\"letter-spacing: 1px; line-height: 2; padding-left: 80px; text-align: left;\">Notre communaut\u00e9 invite les artistes de tous les horizons et de tous les niveaux de pratique, en mettant en vedette les artistes \u00e9mergents et les nouveaux praticiens dont les oeuvres touchent \u00e0 des th\u00e8mes juifs. Par-dessus tout, le CAMJ est un moyen de mettre en contact des esprits curieux, de favoriser de nouvelles collaborations et d&rsquo;apporter aux esprits cr\u00e9atifs de Montr\u00e9al les ressources, les \u00e9v\u00e9nements et les opportunit\u00e9s dont ils ont besoin pour explorer et d\u00e9velopper leur cr\u00e9ativit\u00e9 !<\/p>\n<p>[\/vc_column_text][\/vc_column][vc_column width=\u00a0\u00bb1\/3&Prime; offset=\u00a0\u00bbvc_hidden-xs\u00a0\u00bb][vc_single_image image=\u00a0\u00bb43319&Prime; img_size=\u00a0\u00bblarge\u00a0\u00bb alignment=\u00a0\u00bbcenter\u00a0\u00bb style=\u00a0\u00bbvc_box_circle_2&Prime; css=\u00a0\u00bb.vc_custom_1740683643438{padding-top: 24px !important;padding-right: 24px !important;padding-bottom: 24px !important;padding-left: 24px !important;}\u00a0\u00bb][\/vc_column][\/vc_row][vc_row full_width=\u00a0\u00bbstretch_row\u00a0\u00bb content_placement=\u00a0\u00bbmiddle\u00a0\u00bb css=\u00a0\u00bb.vc_custom_1677100526590{margin-bottom: 0px !important;padding-bottom: 0px !important;}\u00a0\u00bb el_id=\u00a0\u00bbmobile\u00a0\u00bb][vc_column offset=\u00a0\u00bbvc_hidden-lg vc_hidden-md vc_hidden-sm\u00a0\u00bb][vc_column_text css=\u00a0\u00bb\u00a0\u00bb]<\/p>\n<p style=\"letter-spacing: 1px; line-height: 2; text-align: left;\">Le Collectif des arts du Montr\u00e9al juif (CAMJ) est un groupe d&rsquo;artistes, de cr\u00e9ateurs, d&rsquo;organisateurs culturels et de professionnels de l&rsquo;industrie qui se r\u00e9unissent autour d&rsquo;un int\u00e9r\u00eat commun et d&rsquo;un enthousiasme pour la convergence des arts contemporains et de la culture juive ! L&rsquo;adh\u00e9sion est simple : il suffit de venir \u00e0 un \u00e9v\u00e9nement du MJAC, de s&rsquo;inscrire \u00e0 la <a href=\"#newsletter-mobile\">infolettre<\/a> ou d&rsquo;\u00eatre un ancien de l&rsquo;organisation partenaire du MJAC (plus d&rsquo;informations \u00e0 ce sujet <a href=\"#partners\">ci-dessous<\/a>). Et c&rsquo;est tout !<\/p>\n<p>[\/vc_column_text][vc_single_image image=\u00a0\u00bb43319&Prime; img_size=\u00a0\u00bblarge\u00a0\u00bb alignment=\u00a0\u00bbcenter\u00a0\u00bb style=\u00a0\u00bbvc_box_circle_2&Prime; css=\u00a0\u00bb.vc_custom_1750087690595{padding-top: 24px !important;padding-right: 24px !important;padding-bottom: 24px !important;padding-left: 24px !important;}\u00a0\u00bb][vc_column_text css=\u00a0\u00bb\u00a0\u00bb]<\/p>\n<p style=\"letter-spacing: 1px; line-height: 2; text-align: left;\">Notre communaut\u00e9 invite les artistes de tous les horizons et de tous les niveaux de pratique, en mettant en vedette les artistes \u00e9mergents et les nouveaux praticiens dont les oeuvres touchent \u00e0 des th\u00e8mes juifs. Par-dessus tout, le CAMJ est un moyen de mettre en contact des esprits curieux, de favoriser de nouvelles collaborations et d&rsquo;apporter aux esprits cr\u00e9atifs de Montr\u00e9al les ressources, les \u00e9v\u00e9nements et les opportunit\u00e9s dont ils ont besoin pour explorer et d\u00e9velopper leur cr\u00e9ativit\u00e9 !<\/p>\n<p>[\/vc_column_text][\/vc_column][\/vc_row][vc_row full_width=\u00a0\u00bbstretch_row\u00a0\u00bb gap=\u00a0\u00bb35&Prime; content_placement=\u00a0\u00bbmiddle\u00a0\u00bb css=\u00a0\u00bb.vc_custom_1645827605275{margin-top: 0px !important;margin-bottom: 0px !important;background-color: #04b2e1 !important;}\u00a0\u00bb][vc_column offset=\u00a0\u00bbvc_hidden-xs\u00a0\u00bb][vc_text_separator title=\u00a0\u00bbCAMJ en bref\u00a0\u00bb color=\u00a0\u00bbwhite\u00a0\u00bb border_width=\u00a0\u00bb3&Prime; el_width=\u00a0\u00bb90&Prime; css=\u00a0\u00bb\u00a0\u00bb el_class=\u00a0\u00bbwhite-text\u00a0\u00bb][vc_empty_space height=\u00a0\u00bb12px\u00a0\u00bb][\/vc_column][\/vc_row][vc_row full_width=\u00a0\u00bbstretch_row\u00a0\u00bb css=\u00a0\u00bb.vc_custom_1750099543595{margin-top: 0px !important;margin-bottom: 0px !important;background-color: #04b2e1 !important;}\u00a0\u00bb el_id=\u00a0\u00bbmobile\u00a0\u00bb][vc_column offset=\u00a0\u00bbvc_hidden-lg vc_hidden-md vc_hidden-sm\u00a0\u00bb css=\u00a0\u00bb.vc_custom_1677104060183{margin-top: 0px !important;margin-bottom: 0px !important;}\u00a0\u00bb][vc_column_text css=\u00a0\u00bb\u00a0\u00bb]<\/p>\n<h2 style=\"text-align: center;\"><span style=\"color: #ffffff;\">CAMJ en bref<\/span><\/h2>\n<p>[\/vc_column_text][vc_empty_space][\/vc_column][\/vc_row][vc_row full_width=\u00a0\u00bbstretch_row\u00a0\u00bb css=\u00a0\u00bb.vc_custom_1750099555782{margin-top: 0px !important;margin-bottom: 0px !important;border-bottom-width: 0px !important;padding-bottom: 0px !important;background-color: #e3f4f9 !important;}\u00a0\u00bb mobile_padding_bottom=\u00a0\u00bb0&Prime; mobile_margin_bottom=\u00a0\u00bb0&Prime; el_id=\u00a0\u00bbmobile\u00a0\u00bb][vc_column offset=\u00a0\u00bbvc_hidden-lg vc_hidden-md vc_hidden-sm\u00a0\u00bb css=\u00a0\u00bb.vc_custom_1750099767111{margin-top: 0px !important;margin-bottom: 0px !important;border-bottom-width: 0px !important;padding-bottom: 0px !important;}\u00a0\u00bb][vc_icon icon_fontawesome=\u00a0\u00bbfa fa-solid fa-location-dot\u00a0\u00bb color=\u00a0\u00bbcustom\u00a0\u00bb size=\u00a0\u00bblg\u00a0\u00bb align=\u00a0\u00bbcenter\u00a0\u00bb css=\u00a0\u00bb\u00a0\u00bb css_animation=\u00a0\u00bbfadeIn\u00a0\u00bb custom_color=\u00a0\u00bb#04b2e1&Prime;][vc_column_text css=\u00a0\u00bb.vc_custom_1749835225391{padding-right: 24px !important;padding-left: 24px !important;}\u00a0\u00bb css_animation=\u00a0\u00bbfadeIn\u00a0\u00bb]<\/p>\n<h5 style=\"text-align: center;\"><span style=\"color: #025971;\"><strong>Rassemblement d&rsquo;artistes montr\u00e9alais dans toutes les disciplines<\/strong><\/span><\/h5>\n<p style=\"text-align: center;\">Rencontrer, se connecter et collaborer avec des artistes travaillant dans des disciplines diff\u00e9rentes (ou similaires !) (beaux-arts, th\u00e9\u00e2tre, musique, design &#8211; vous l&rsquo;avez dit, c&rsquo;est probablement ici).<\/p>\n<p>[\/vc_column_text][vc_icon icon_fontawesome=\u00a0\u00bbfas fa-calendar-check\u00a0\u00bb color=\u00a0\u00bbcustom\u00a0\u00bb size=\u00a0\u00bblg\u00a0\u00bb align=\u00a0\u00bbcenter\u00a0\u00bb css_animation=\u00a0\u00bbfadeIn\u00a0\u00bb custom_color=\u00a0\u00bb#04b2e1&Prime;][vc_column_text css=\u00a0\u00bb.vc_custom_1750095694494{padding-right: 24px !important;padding-left: 24px !important;}\u00a0\u00bb css_animation=\u00a0\u00bbfadeIn\u00a0\u00bb]<\/p>\n<h5 style=\"text-align: center;\"><strong><span style=\"color: #025971;\">\u00c9v\u00e9nements toute l&rsquo;ann\u00e9e<\/span><\/strong><\/h5>\n<p style=\"text-align: center;\">Gr\u00e2ce \u00e0<a href=\"#newsletter-mobile\"> l&rsquo;infolettre du MJAC<\/a>, acc\u00e9dez aux ateliers et aux s\u00e9minaires, et soyez les premiers \u00e0 \u00eatre inform\u00e9s des opportunit\u00e9s et des \u00e9v\u00e9nements \u00e0 venir.<\/p>\n<p>[\/vc_column_text][vc_icon icon_fontawesome=\u00a0\u00bbfas fa-hand-holding-usd\u00a0\u00bb color=\u00a0\u00bbcustom\u00a0\u00bb size=\u00a0\u00bblg\u00a0\u00bb align=\u00a0\u00bbcenter\u00a0\u00bb css_animation=\u00a0\u00bbfadeIn\u00a0\u00bb custom_color=\u00a0\u00bb#04b2e1&Prime;][vc_column_text css=\u00a0\u00bb.vc_custom_1749835773135{padding-right: 24px !important;padding-left: 24px !important;}\u00a0\u00bb css_animation=\u00a0\u00bbfadeIn\u00a0\u00bb]<\/p>\n<h5 style=\"text-align: center;\"><strong><span style=\"color: #025971;\">Subventions de projets et mentorat<\/span><\/strong><\/h5>\n<p style=\"text-align: center;\">Financement flexible de projets pour les anciens \u00e9tudiants de la <a href=\"https:\/\/klezkanada.org\/summer-retreat\/the-azrieli-scholarship-program\/\">bourse Azrieli de KlezKanada<\/a>, du <a href=\"https:\/\/www.segalcentre.org\/en\/jewish-arts-mentorship-jam\">programme de mentorat pour les arts juifs de Segal<\/a> et des <a href=\"https:\/\/museemontrealjuif.ca\/fr\/micro-subvention\/\">micro-subventions pour l&rsquo;exploration cr\u00e9ative et culturelle de MJM<\/a>.<\/p>\n<p>[\/vc_column_text][vc_icon icon_fontawesome=\u00a0\u00bbfas fa-users\u00a0\u00bb color=\u00a0\u00bbcustom\u00a0\u00bb size=\u00a0\u00bblg\u00a0\u00bb align=\u00a0\u00bbcenter\u00a0\u00bb css_animation=\u00a0\u00bbfadeIn\u00a0\u00bb custom_color=\u00a0\u00bb#04b2e1&Prime;][vc_column_text css=\u00a0\u00bb.vc_custom_1749835800523{padding-right: 36px !important;padding-left: 36px !important;}\u00a0\u00bb css_animation=\u00a0\u00bbfadeIn\u00a0\u00bb]<\/p>\n<h5 style=\"text-align: center;\"><strong><span style=\"color: #025971;\">La culture juive, pour tous !<\/span><\/strong><\/h5>\n<p style=\"text-align: center;\">Une communaut\u00e9 artistique pour les cr\u00e9ateurs juifs&#8230; et toute autre personne int\u00e9ress\u00e9e par l&rsquo;exploration cr\u00e9ative des th\u00e8mes, de la culture et de l&rsquo;h\u00e9ritage juifs, ainsi que par les liens interculturels. Tous sont les bienvenus au CAMJ !<\/p>\n<p>[\/vc_column_text][vc_row_inner content_placement=\u00a0\u00bbtop\u00a0\u00bb el_id=\u00a0\u00bbnewsletter-mobile\u00a0\u00bb css=\u00a0\u00bb.vc_custom_1750099870992{margin-bottom: 0px !important;border-bottom-width: 0px !important;padding-bottom: 0px !important;}\u00a0\u00bb][vc_column_inner css=\u00a0\u00bb.vc_custom_1750098770297{margin-bottom: 0px !important;border-bottom-width: 0px !important;padding-bottom: 0px !important;}\u00a0\u00bb][vc_empty_space][vc_column_text css=\u00a0\u00bb.vc_custom_1747155925509{padding-right: 36px !important;padding-left: 36px !important;}\u00a0\u00bb css_animation=\u00a0\u00bbnone\u00a0\u00bb]<\/p>\n<h4 style=\"text-align: center;\"><span style=\"color: #025971;\"><strong>Restez en contact avec CAMJ<\/strong><\/span><\/h4>\n<p>[\/vc_column_text][vc_column_text css=\u00a0\u00bb.vc_custom_1750099911779{padding-right: 24px !important;padding-left: 24px !important;}\u00a0\u00bb css_animation=\u00a0\u00bbnone\u00a0\u00bb]Inscrivez-vous \u00e0 <strong>l&rsquo;infolettre du CAMJ<\/strong> et soyez le premier \u00e0 \u00eatre inform\u00e9 des ateliers, des r\u00e9unions, des heures d&rsquo;ouverture des studios et des opportunit\u00e9s cr\u00e9atives. Entrez en contact avec une communaut\u00e9 dynamique d&rsquo;artistes, de cr\u00e9ateurs et d&rsquo;innovateurs culturels qui explorent le point de rencontre entre l&rsquo;art contemporain et la culture juive.<\/p>\n<p>Ce que vous recevrez, directement dans votre bo\u00eete de r\u00e9ception :<\/p>\n<ul>\n<li>Des invitations exclusives \u00e0 des \u00e9v\u00e9nements ; soyez les premiers \u00e0 \u00eatre inform\u00e9s des spectacles, des ateliers, des rencontres, et plus encore !<\/li>\n<li>Possibilit\u00e9s de d\u00e9velopper votre pratique cr\u00e9ative (subventions*, appels \u00e0 candidatures, et soutien aux artistes).<\/li>\n<li>Un r\u00e9seau cr\u00e9atif &#8211; Connectez-vous et collaborez avec d&rsquo;autres artistes.<\/li>\n<\/ul>\n<p>Faites partie du r\u00e9seau &#8211; inscrivez-vous d\u00e8s aujourd&rsquo;hui ![\/vc_column_text][vc_column_text css=\u00a0\u00bb\u00a0\u00bb]<span style=\"font-size: 12px;\">*Les subventions sont disponibles pour les membres du CAMJ qui ont particip\u00e9 \u00e0 un programme de soutien aux artistes de l&rsquo;une de nos trois organisations partenaires.<\/span>[\/vc_column_text][vc_raw_html css=\u00a0\u00bb.vc_custom_1750099980558{margin-bottom: 0px !important;padding-right: 24px !important;padding-bottom: 0px !important;padding-left: 24px !important;}\u00a0\u00bb]PHNjcmlwdCBjaGFyc2V0PSJ1dGYtOCIgdHlwZT0idGV4dC9qYXZhc2NyaXB0IiBzcmM9Ii8vanMuaHNmb3Jtcy5uZXQvZm9ybXMvZW1iZWQvdjIuanMiPjwvc2NyaXB0PjxzY3JpcHQ+aGJzcHQuZm9ybXMuY3JlYXRlKHsKICAgIHBvcnRhbElkOiAiNjQwOTIzOSIsCiAgICBmb3JtSWQ6ICIwYjdlYmFkZi1kNDJmLTRkZDEtOWUzZS0zNmU5ZWM5ZDc5NWYiLAogICAgcmVnaW9uOiAibmExIgogIH0pOwo8L3NjcmlwdD4=[\/vc_raw_html][\/vc_column_inner][\/vc_row_inner][\/vc_column][\/vc_row][vc_row full_width=\u00a0\u00bbstretch_row\u00a0\u00bb equal_height=\u00a0\u00bbyes\u00a0\u00bb content_placement=\u00a0\u00bbtop\u00a0\u00bb css_animation=\u00a0\u00bbfadeInUp\u00a0\u00bb disable_custom_paddings_mobile=\u00a0\u00bbtrue\u00a0\u00bb css=\u00a0\u00bb.vc_custom_1677103581300{margin-right: 32px !important;margin-bottom: 0px !important;margin-left: 32px !important;border-bottom-width: 0px !important;padding-top: 64px !important;padding-right: 64px !important;padding-left: 64px !important;background-color: #e3f4f9 !important;}\u00a0\u00bb][vc_column offset=\u00a0\u00bbvc_hidden-xs\u00a0\u00bb][vc_row_inner][vc_column_inner width=\u00a0\u00bb1\/4&Prime; offset=\u00a0\u00bbvc_col-xs-12 vc_hidden-xs\u00a0\u00bb][vc_icon icon_fontawesome=\u00a0\u00bbfas fa-map-marker-alt\u00a0\u00bb color=\u00a0\u00bbcustom\u00a0\u00bb size=\u00a0\u00bbxl\u00a0\u00bb align=\u00a0\u00bbright\u00a0\u00bb css=\u00a0\u00bb\u00a0\u00bb css_animation=\u00a0\u00bbslideInLeft\u00a0\u00bb custom_color=\u00a0\u00bb#04b2e1&Prime;][\/vc_column_inner][vc_column_inner width=\u00a0\u00bb3\/4&Prime; disable_custom_paddings_tablet=\u00a0\u00bbtrue\u00a0\u00bb disable_custom_paddings_mobile=\u00a0\u00bbtrue\u00a0\u00bb css=\u00a0\u00bb.vc_custom_1677102492906{padding-right: 90px !important;}\u00a0\u00bb offset=\u00a0\u00bbvc_col-xs-12 vc_hidden-xs\u00a0\u00bb][vc_column_text css=\u00a0\u00bb.vc_custom_1749835195852{margin-top: 0px !important;padding-top: 0px !important;padding-right: 36px !important;padding-left: 36px !important;}\u00a0\u00bb css_animation=\u00a0\u00bbslideInRight\u00a0\u00bb]<\/p>\n<h5 style=\"text-align: left;\"><span style=\"color: #025971;\"><strong>Rassemblement d&rsquo;artistes montr\u00e9alais dans toutes les disciplines<\/strong><\/span><\/h5>\n<p>Rencontrer, se connecter et collaborer avec des artistes travaillant dans des disciplines diff\u00e9rentes (ou similaires !) (beaux-arts, th\u00e9\u00e2tre, musique, design &#8211; vous l&rsquo;avez dit, c&rsquo;est probablement ici).[\/vc_column_text][\/vc_column_inner][\/vc_row_inner][vc_row_inner][vc_column_inner width=\u00a0\u00bb1\/4&Prime; offset=\u00a0\u00bbvc_col-xs-12 vc_hidden-xs\u00a0\u00bb][vc_icon icon_fontawesome=\u00a0\u00bbfas fa-calendar-check\u00a0\u00bb color=\u00a0\u00bbcustom\u00a0\u00bb size=\u00a0\u00bbxl\u00a0\u00bb align=\u00a0\u00bbright\u00a0\u00bb css_animation=\u00a0\u00bbslideInLeft\u00a0\u00bb custom_color=\u00a0\u00bb#04b2e1&Prime;][\/vc_column_inner][vc_column_inner width=\u00a0\u00bb3\/4&Prime; disable_custom_paddings_tablet=\u00a0\u00bbtrue\u00a0\u00bb disable_custom_paddings_mobile=\u00a0\u00bbtrue\u00a0\u00bb css=\u00a0\u00bb.vc_custom_1677102509392{padding-right: 90px !important;}\u00a0\u00bb offset=\u00a0\u00bbvc_col-xs-12 vc_hidden-xs\u00a0\u00bb][vc_column_text css=\u00a0\u00bb.vc_custom_1749828612681{padding-right: 36px !important;padding-left: 36px !important;}\u00a0\u00bb css_animation=\u00a0\u00bbslideInRight\u00a0\u00bb]<\/p>\n<h5 style=\"text-align: left;\"><strong><span style=\"color: #025971;\">\u00c9v\u00e9nements toute l&rsquo;ann\u00e9e<\/span><\/strong><\/h5>\n<p>Gr\u00e2ce \u00e0<a href=\"https:\/\/museemontrealjuif.ca\/fr\/camj\/#newsletter\"> l&rsquo;infolettre du MJAC<\/a>, acc\u00e9dez aux ateliers et aux s\u00e9minaires, et soyez les premiers \u00e0 \u00eatre inform\u00e9s des opportunit\u00e9s et des \u00e9v\u00e9nements \u00e0 venir.[\/vc_column_text][\/vc_column_inner][\/vc_row_inner][vc_row_inner][vc_column_inner width=\u00a0\u00bb1\/4&Prime; offset=\u00a0\u00bbvc_col-xs-12 vc_hidden-xs\u00a0\u00bb][vc_icon icon_fontawesome=\u00a0\u00bbfas fa-hand-holding-usd\u00a0\u00bb color=\u00a0\u00bbcustom\u00a0\u00bb size=\u00a0\u00bbxl\u00a0\u00bb align=\u00a0\u00bbright\u00a0\u00bb css_animation=\u00a0\u00bbslideInLeft\u00a0\u00bb custom_color=\u00a0\u00bb#04b2e1&Prime;][\/vc_column_inner][vc_column_inner width=\u00a0\u00bb3\/4&Prime; disable_custom_paddings_tablet=\u00a0\u00bbtrue\u00a0\u00bb disable_custom_paddings_mobile=\u00a0\u00bbtrue\u00a0\u00bb css=\u00a0\u00bb.vc_custom_1677102527254{padding-right: 60px !important;}\u00a0\u00bb offset=\u00a0\u00bbvc_col-xs-12 vc_hidden-xs\u00a0\u00bb][vc_column_text css=\u00a0\u00bb.vc_custom_1749828731114{padding-right: 36px !important;padding-left: 36px !important;}\u00a0\u00bb css_animation=\u00a0\u00bbslideInRight\u00a0\u00bb]<\/p>\n<h5 style=\"text-align: left;\"><strong><span style=\"color: #025971;\">Subventions de projets et mentorat<\/span><\/strong><\/h5>\n<p>Financement flexible de projets pour les anciens participants \u00e0 <a href=\"https:\/\/klezkanada.org\/summer-retreat\/the-azrieli-scholarship-program\/\">le programme des bourse Azrieli de KlezKanada<\/a>, au programme de <a href=\"https:\/\/www.segalcentre.org\/en\/jewish-arts-mentorship-jam\">mentorat pour les arts juifs du Centre Segal<\/a>, et <a href=\"https:\/\/museemontrealjuif.ca\/fr\/micro-subvention\/\">Les micro-subventions pour l&rsquo;exploration cr\u00e9ative de MMJ<\/a>[\/vc_column_text][\/vc_column_inner][\/vc_row_inner][vc_row_inner][vc_column_inner width=\u00a0\u00bb1\/4&Prime; offset=\u00a0\u00bbvc_col-xs-12 vc_hidden-xs\u00a0\u00bb][vc_icon icon_fontawesome=\u00a0\u00bbfas fa-users\u00a0\u00bb color=\u00a0\u00bbcustom\u00a0\u00bb size=\u00a0\u00bbxl\u00a0\u00bb align=\u00a0\u00bbright\u00a0\u00bb css_animation=\u00a0\u00bbslideInLeft\u00a0\u00bb custom_color=\u00a0\u00bb#04b2e1&Prime;][\/vc_column_inner][vc_column_inner width=\u00a0\u00bb3\/4&Prime; disable_custom_paddings_tablet=\u00a0\u00bbtrue\u00a0\u00bb disable_custom_paddings_mobile=\u00a0\u00bbtrue\u00a0\u00bb css=\u00a0\u00bb.vc_custom_1677102540645{padding-right: 60px !important;}\u00a0\u00bb offset=\u00a0\u00bbvc_col-xs-12 vc_hidden-xs\u00a0\u00bb][vc_column_text css=\u00a0\u00bb.vc_custom_1749746081000{padding-right: 36px !important;padding-left: 36px !important;}\u00a0\u00bb css_animation=\u00a0\u00bbslideInRight\u00a0\u00bb]<\/p>\n<h5 style=\"text-align: left;\"><strong><span style=\"color: #025971;\">La culture juive, pour tous !<\/span><\/strong><\/h5>\n<p>Une communaut\u00e9 artistique pour les cr\u00e9ateurs juifs&#8230; et toute autre personne int\u00e9ress\u00e9e par l&rsquo;exploration cr\u00e9ative des th\u00e8mes, de la culture et de l&rsquo;h\u00e9ritage juifs, ainsi que par les liens interculturels. Tous sont les bienvenus au CAMJ ![\/vc_column_text][\/vc_column_inner][\/vc_row_inner][\/vc_column][\/vc_row][vc_row full_width=\u00a0\u00bbstretch_row\u00a0\u00bb equal_height=\u00a0\u00bbyes\u00a0\u00bb content_placement=\u00a0\u00bbtop\u00a0\u00bb css_animation=\u00a0\u00bbfadeInUp\u00a0\u00bb disable_custom_paddings_mobile=\u00a0\u00bbtrue\u00a0\u00bb css=\u00a0\u00bb.vc_custom_1747156139523{margin-right: 32px !important;margin-bottom: 0px !important;margin-left: 32px !important;border-bottom-width: 0px !important;padding-top: 64px !important;padding-right: 64px !important;padding-left: 64px !important;background-color: #e3f4f9 !important;}\u00a0\u00bb el_id=\u00a0\u00bbnewsletter\u00a0\u00bb][vc_column offset=\u00a0\u00bbvc_hidden-xs\u00a0\u00bb][vc_row_inner][vc_column_inner][vc_column_text css=\u00a0\u00bb.vc_custom_1747155925509{padding-right: 36px !important;padding-left: 36px !important;}\u00a0\u00bb css_animation=\u00a0\u00bbnone\u00a0\u00bb]<\/p>\n<h4 style=\"text-align: center;\"><span style=\"color: #025971;\"><strong>Restez en contact avec CAMJ<\/strong><\/span><\/h4>\n<p>[\/vc_column_text][\/vc_column_inner][\/vc_row_inner][vc_row_inner][vc_column_inner width=\u00a0\u00bb1\/2&Prime; offset=\u00a0\u00bbvc_col-xs-12 vc_hidden-xs\u00a0\u00bb][vc_column_text css=\u00a0\u00bb.vc_custom_1749828807235{padding-right: 36px !important;padding-left: 36px !important;}\u00a0\u00bb css_animation=\u00a0\u00bbnone\u00a0\u00bb]Inscrivez-vous \u00e0 <strong>l&rsquo;infolettre du CAMJ<\/strong> et soyez le premier \u00e0 \u00eatre inform\u00e9 des ateliers, des r\u00e9unions, des heures d&rsquo;ouverture des studios et des opportunit\u00e9s cr\u00e9atives. Entrez en contact avec une communaut\u00e9 dynamique d&rsquo;artistes, de cr\u00e9ateurs et d&rsquo;innovateurs culturels qui explorent le point de rencontre entre l&rsquo;art contemporain et la culture juive.<\/p>\n<p>Ce que vous recevrez, directement dans votre bo\u00eete de r\u00e9ception :<\/p>\n<ul>\n<li>Des invitations exclusives \u00e0 des \u00e9v\u00e9nements ; soyez les premiers \u00e0 \u00eatre inform\u00e9s des spectacles, des ateliers, des rencontres, et plus encore !<\/li>\n<li>Possibilit\u00e9s de d\u00e9velopper votre pratique cr\u00e9ative (subventions*, appels \u00e0 candidatures, et soutien aux artistes).<\/li>\n<li>Un r\u00e9seau cr\u00e9atif &#8211; Connectez-vous et collaborez avec d&rsquo;autres artistes.<\/li>\n<\/ul>\n<p>Faites partie du r\u00e9seau &#8211; inscrivez-vous d\u00e8s aujourd&rsquo;hui ![\/vc_column_text][\/vc_column_inner][vc_column_inner width=\u00a0\u00bb1\/2&Prime; disable_custom_paddings_tablet=\u00a0\u00bbtrue\u00a0\u00bb disable_custom_paddings_mobile=\u00a0\u00bbtrue\u00a0\u00bb css=\u00a0\u00bb.vc_custom_1677102492906{padding-right: 90px !important;}\u00a0\u00bb offset=\u00a0\u00bbvc_col-xs-12 vc_hidden-xs\u00a0\u00bb][vc_raw_html css=\u00a0\u00bb.vc_custom_1741195360058{padding-right: 36px !important;padding-left: 36px !important;}\u00a0\u00bb]PHNjcmlwdCBjaGFyc2V0PSJ1dGYtOCIgdHlwZT0idGV4dC9qYXZhc2NyaXB0IiBzcmM9Ii8vanMuaHNmb3Jtcy5uZXQvZm9ybXMvZW1iZWQvdjIuanMiPjwvc2NyaXB0PjxzY3JpcHQ+aGJzcHQuZm9ybXMuY3JlYXRlKHsKICAgIHBvcnRhbElkOiAiNjQwOTIzOSIsCiAgICBmb3JtSWQ6ICIwYjdlYmFkZi1kNDJmLTRkZDEtOWUzZS0zNmU5ZWM5ZDc5NWYiLAogICAgcmVnaW9uOiAibmExIgogIH0pOwo8L3NjcmlwdD4=[\/vc_raw_html][\/vc_column_inner][\/vc_row_inner][vc_column_text css=\u00a0\u00bb\u00a0\u00bb]<span style=\"font-size: 12px;\">*Les subventions sont disponibles pour les membres du CAMJ qui ont particip\u00e9 \u00e0 un programme de soutien aux artistes de l&rsquo;une de nos trois organisations partenaires.<\/span>[\/vc_column_text][\/vc_column][\/vc_row][vc_row full_width=\u00a0\u00bbstretch_row\u00a0\u00bb gap=\u00a0\u00bb35&Prime; content_placement=\u00a0\u00bbmiddle\u00a0\u00bb css=\u00a0\u00bb.vc_custom_1747156235349{margin-top: 0px !important;margin-bottom: 0px !important;background-color: #eb5125 !important;}\u00a0\u00bb el_id=\u00a0\u00bbpartners\u00a0\u00bb][vc_column offset=\u00a0\u00bbvc_hidden-xs\u00a0\u00bb][vc_text_separator title=\u00a0\u00bbProgrammes des partenaires\u00a0\u00bb color=\u00a0\u00bbwhite\u00a0\u00bb border_width=\u00a0\u00bb3&Prime; el_width=\u00a0\u00bb90&Prime; css=\u00a0\u00bb\u00a0\u00bb el_class=\u00a0\u00bbwhite-text\u00a0\u00bb][vc_empty_space height=\u00a0\u00bb12px\u00a0\u00bb][\/vc_column][\/vc_row][vc_row full_width=\u00a0\u00bbstretch_row\u00a0\u00bb content_placement=\u00a0\u00bbtop\u00a0\u00bb css=\u00a0\u00bb.vc_custom_1677102343697{margin-top: 0px !important;margin-bottom: 0px !important;background-color: #eb5125 !important;}\u00a0\u00bb][vc_column offset=\u00a0\u00bbvc_hidden-lg vc_hidden-md vc_hidden-sm\u00a0\u00bb][vc_column_text css=\u00a0\u00bb\u00a0\u00bb]<\/p>\n<h2 style=\"text-align: center;\"><span style=\"color: #ffffff;\">Programmes des partenaires<\/span><\/h2>\n<p>[\/vc_column_text][vc_empty_space][\/vc_column][\/vc_row][vc_row css=\u00a0\u00bb.vc_custom_1747156252055{padding-right: 36px !important;padding-left: 36px !important;}\u00a0\u00bb][vc_column offset=\u00a0\u00bbvc_hidden-xs\u00a0\u00bb][vc_empty_space][vc_column_text css=\u00a0\u00bb\u00a0\u00bb]<span style=\"font-weight: 400;\">Le Collectif des arts juifs du Montr\u00e9al est une collaboration entre trois organisations artistiques juives de renomm\u00e9e au Canada : le Mus\u00e9e du Montr\u00e9al juif, KlezKanada et le Centre Segal des arts de la sc\u00e8ne. Chaque organisme apporte une richesse d&rsquo;expertise dans un ensemble diversifi\u00e9 de pratiques artistiques, ce qui signifie que nous pouvons offrir du mentorat, du financement, du d\u00e9veloppement de comp\u00e9tences et du r\u00e9seautage dans toutes les disciplines. <\/span>[\/vc_column_text][\/vc_column][\/vc_row][vc_row gap=\u00a0\u00bb35&Prime; equal_height=\u00a0\u00bbyes\u00a0\u00bb content_placement=\u00a0\u00bbtop\u00a0\u00bb css=\u00a0\u00bb.vc_custom_1645820226412{margin-top: 0px !important;margin-bottom: 0px !important;}\u00a0\u00bb][vc_column width=\u00a0\u00bb1\/3&Prime;][vc_empty_space height=\u00a0\u00bb12px\u00a0\u00bb][vc_single_image image=\u00a0\u00bb43127&Prime; img_size=\u00a0\u00bblarge\u00a0\u00bb alignment=\u00a0\u00bbcenter\u00a0\u00bb onclick=\u00a0\u00bbcustom_link\u00a0\u00bb css=\u00a0\u00bb\u00a0\u00bb css_animation=\u00a0\u00bbfadeInLeft\u00a0\u00bb effects_enabled_delay=\u00a0\u00bb5&Prime; link=\u00a0\u00bbhttps:\/\/museemontrealjuif.ca\/fr\/micro-subvention\/\u00a0\u00bb][vc_column_text css=\u00a0\u00bb\u00a0\u00bb]<a href=\"https:\/\/museemontrealjuif.ca\/fr\/micro-subvention\/\">Les micro-subventions du Mus\u00e9e du Montr\u00e9al juif<\/a> sont des fonds de lancement destin\u00e9s \u00e0 soutenir des artistes ou des cr\u00e9ateurs culturels nouveaux et \u00e9mergents qui sont dans les premi\u00e8res \u00e9tapes d&rsquo;un projet cr\u00e9atif li\u00e9 \u00e0 la vie, au patrimoine ou \u00e0 l&rsquo;identit\u00e9 juive.[\/vc_column_text][\/vc_column][vc_column width=\u00a0\u00bb1\/3&Prime;][vc_empty_space height=\u00a0\u00bb12px\u00a0\u00bb][vc_single_image image=\u00a0\u00bb43131&Prime; img_size=\u00a0\u00bblarge\u00a0\u00bb alignment=\u00a0\u00bbcenter\u00a0\u00bb onclick=\u00a0\u00bbcustom_link\u00a0\u00bb img_link_target=\u00a0\u00bb_blank\u00a0\u00bb css=\u00a0\u00bb\u00a0\u00bb css_animation=\u00a0\u00bbfadeIn\u00a0\u00bb effects_enabled_delay=\u00a0\u00bb5&Prime; link=\u00a0\u00bbhttps:\/\/www.segalcentre.org\/en\/jewish-arts-mentorship-jam\u00a0\u00bb][vc_column_text css=\u00a0\u00bb\u00a0\u00bb]<a href=\"https:\/\/klezkanada.org\/summer-retreat\/the-azrieli-scholarship-program\/\">Le programme de bourses Azrieli de Klez Kanada<\/a> est une bourse au m\u00e9rite qui r\u00e9unit de jeunes artistes et chercheurs (\u00e2g\u00e9s de 18 \u00e0 36 ans) pour \u00e9tudier la culture yiddish et la musique juive lors de la retraite d&rsquo;\u00e9t\u00e9 annuelle de KlezKanada.[\/vc_column_text][\/vc_column][vc_column width=\u00a0\u00bb1\/3&Prime;][vc_empty_space height=\u00a0\u00bb12px\u00a0\u00bb][vc_single_image image=\u00a0\u00bb43129&Prime; img_size=\u00a0\u00bblarge\u00a0\u00bb alignment=\u00a0\u00bbcenter\u00a0\u00bb onclick=\u00a0\u00bbcustom_link\u00a0\u00bb img_link_target=\u00a0\u00bb_blank\u00a0\u00bb css=\u00a0\u00bb\u00a0\u00bb css_animation=\u00a0\u00bbfadeInRight\u00a0\u00bb effects_enabled_delay=\u00a0\u00bb5&Prime; link=\u00a0\u00bbhttps:\/\/klezkanada.org\/summer-retreat\/the-azrieli-scholarship-program\/\u00a0\u00bb][vc_column_text css=\u00a0\u00bb\u00a0\u00bb]<a href=\"https:\/\/www.segalcentre.org\/en\/jewish-arts-mentorship-jam\">Le programme MAJ du Centre Segal<\/a> vise \u00e0 soutenir les cr\u00e9ateurs de th\u00e9\u00e2tre \u00e9mergents de tout \u00e2ge qui travaillent sur des projets portant sur des th\u00e8mes juifs ou qui sont engag\u00e9s dans des questions d&rsquo;identit\u00e9 juive.[\/vc_column_text][\/vc_column][\/vc_row][vc_row][vc_column offset=\u00a0\u00bbvc_hidden-xs\u00a0\u00bb][vc_empty_space][\/vc_column][\/vc_row][vc_row full_width=\u00a0\u00bbstretch_row\u00a0\u00bb gap=\u00a0\u00bb35&Prime; content_placement=\u00a0\u00bbmiddle\u00a0\u00bb el_disable_mobile=\u00a0\u00bb1&Prime; css=\u00a0\u00bb.vc_custom_1750096678704{margin-top: 0px !important;margin-bottom: 0px !important;background-color: #04b2e1 !important;}\u00a0\u00bb][vc_column][vc_text_separator title=\u00a0\u00bbParticipez\u00a0\u00bb color=\u00a0\u00bbwhite\u00a0\u00bb border_width=\u00a0\u00bb3&Prime; el_width=\u00a0\u00bb90&Prime; css=\u00a0\u00bb\u00a0\u00bb el_class=\u00a0\u00bbwhite-text\u00a0\u00bb][vc_empty_space height=\u00a0\u00bb12px\u00a0\u00bb][\/vc_column][\/vc_row][vc_row full_width=\u00a0\u00bbstretch_row\u00a0\u00bb content_placement=\u00a0\u00bbtop\u00a0\u00bb el_disable_desktop=\u00a0\u00bb1&Prime; el_disable_tablet=\u00a0\u00bb1&Prime; css=\u00a0\u00bb.vc_custom_1750096701185{margin-top: 0px !important;margin-bottom: 0px !important;background-color: #04B2E1 !important;}\u00a0\u00bb][vc_column offset=\u00a0\u00bbvc_hidden-lg vc_hidden-md vc_hidden-sm\u00a0\u00bb][vc_column_text css=\u00a0\u00bb\u00a0\u00bb]<\/p>\n<h2 style=\"text-align: center;\"><span style=\"color: #ffffff;\">Participez<\/span><\/h2>\n<p>[\/vc_column_text][vc_empty_space][\/vc_column][\/vc_row][vc_row full_width=\u00a0\u00bbstretch_row\u00a0\u00bb equal_height=\u00a0\u00bbyes\u00a0\u00bb content_placement=\u00a0\u00bbtop\u00a0\u00bb disable_element=\u00a0\u00bbyes\u00a0\u00bb css_animation=\u00a0\u00bbfadeInUp\u00a0\u00bb disable_custom_paddings_mobile=\u00a0\u00bbtrue\u00a0\u00bb css=\u00a0\u00bb.vc_custom_1750098163447{margin-right: 32px !important;margin-bottom: 0px !important;margin-left: 32px !important;border-bottom-width: 0px !important;padding-top: 64px !important;padding-right: 64px !important;padding-left: 64px !important;background-color: #E3F4F9 !important;}\u00a0\u00bb][vc_column mobile_padding_top=\u00a0\u00bb0&Prime; mobile_margin_top=\u00a0\u00bb0&Prime;][vc_row_inner content_placement=\u00a0\u00bbtop\u00a0\u00bb mobile_padding_top=\u00a0\u00bb0&Prime; mobile_margin_top=\u00a0\u00bb0&Prime;][vc_column_inner width=\u00a0\u00bb1\/2&Prime;][\/vc_column_inner][vc_column_inner width=\u00a0\u00bb1\/2&Prime;][\/vc_column_inner][\/vc_row_inner][vc_empty_space][\/vc_column][\/vc_row][vc_row full_width=\u00a0\u00bbstretch_row\u00a0\u00bb css=\u00a0\u00bb.vc_custom_1750098300183{margin-top: 0px !important;margin-bottom: 0px !important;padding-bottom: 32px !important;background-color: #E3F4F9 !important;}\u00a0\u00bb mobile_padding_top=\u00a0\u00bb0&Prime; mobile_padding_bottom=\u00a0\u00bb0&Prime; mobile_margin_top=\u00a0\u00bb0&Prime; mobile_margin_bottom=\u00a0\u00bb0&Prime;][vc_column width=\u00a0\u00bb1\/2&Prime;][vc_column_text css=\u00a0\u00bb.vc_custom_1750097911030{margin-top: 0px !important;padding-top: 0px !important;}\u00a0\u00bb css_animation=\u00a0\u00bbnone\u00a0\u00bb]<\/p>\n<h4 style=\"text-align: center;\"><span style=\"color: #025971;\"><strong>\u00c0 venir<\/strong><\/span><\/h4>\n<p>[\/vc_column_text][vc_single_image image=\u00a0\u00bb43557&Prime; img_size=\u00a0\u00bblarge\u00a0\u00bb onclick=\u00a0\u00bbcustom_link\u00a0\u00bb css=\u00a0\u00bb\u00a0\u00bb link=\u00a0\u00bbhttps:\/\/museemontrealjuif.ca\/fr\/event\/aguas-dialogues-en-musique-improvisee\/\u00a0\u00bb][\/vc_column][vc_column width=\u00a0\u00bb1\/2&Prime;][vc_column_text css=\u00a0\u00bb\u00a0\u00bb css_animation=\u00a0\u00bbnone\u00a0\u00bb]<\/p>\n<h4 style=\"text-align: center;\"><span style=\"color: #025971;\"><strong>Opportunit\u00e9s<\/strong><\/span><\/h4>\n<p>[\/vc_column_text][vc_column_text css=\u00a0\u00bb.vc_custom_1747156791625{padding-right: 36px !important;padding-left: 36px !important;}\u00a0\u00bb]<span style=\"font-weight: 400;\">Les candidatures sont maintenant ferm\u00e9es. Revenez \u00e0 l&rsquo;automne 2025 pour notre prochain appel \u00e0 candidatures !<\/span><\/p>\n<ul>\n<li style=\"font-weight: 400;\" aria-level=\"1\"><span style=\"font-weight: 400;\">Nouveau public<\/span><\/li>\n<li style=\"font-weight: 400;\" aria-level=\"1\"><span style=\"font-weight: 400;\">Collaboration entre anciens<\/span><\/li>\n<li style=\"font-weight: 400;\" aria-level=\"1\"><span style=\"font-weight: 400;\">Installation en vitrine (\u00e0 venir !) <\/span><\/li>\n<\/ul>\n<p>[\/vc_column_text][\/vc_column][\/vc_row][vc_row full_width=\u00a0\u00bbstretch_row\u00a0\u00bb gap=\u00a0\u00bb35&Prime; content_placement=\u00a0\u00bbmiddle\u00a0\u00bb el_disable_mobile=\u00a0\u00bb1&Prime; css=\u00a0\u00bb.vc_custom_1750096826601{margin-top: 0px !important;margin-bottom: 0px !important;background-color: #EB5125 !important;}\u00a0\u00bb][vc_column][vc_text_separator title=\u00a0\u00bbProjets financ\u00e9s\u00a0\u00bb color=\u00a0\u00bbwhite\u00a0\u00bb border_width=\u00a0\u00bb3&Prime; el_width=\u00a0\u00bb90&Prime; css=\u00a0\u00bb\u00a0\u00bb el_class=\u00a0\u00bbwhite-text\u00a0\u00bb][vc_empty_space height=\u00a0\u00bb12px\u00a0\u00bb][\/vc_column][\/vc_row][vc_row full_width=\u00a0\u00bbstretch_row\u00a0\u00bb content_placement=\u00a0\u00bbtop\u00a0\u00bb el_disable_desktop=\u00a0\u00bb1&Prime; css=\u00a0\u00bb.vc_custom_1750096835938{margin-top: 0px !important;margin-bottom: 0px !important;background-color: #eb5125 !important;}\u00a0\u00bb][vc_column offset=\u00a0\u00bbvc_hidden-lg vc_hidden-md vc_hidden-sm\u00a0\u00bb][vc_column_text css=\u00a0\u00bb\u00a0\u00bb]<\/p>\n<h2 style=\"text-align: center;\"><span style=\"color: #ffffff;\">Projets financ\u00e9s<\/span><\/h2>\n<p>[\/vc_column_text][vc_empty_space][\/vc_column][\/vc_row][vc_row full_width=\u00a0\u00bbstretch_row\u00a0\u00bb gap=\u00a0\u00bb35&Prime; content_placement=\u00a0\u00bbmiddle\u00a0\u00bb css=\u00a0\u00bb.vc_custom_1740595777732{margin-top: 0px !important;margin-bottom: 0px !important;background-color: #FFFFFF !important;}\u00a0\u00bb][vc_column][vc_row_inner][vc_column_inner][vc_column_text css=\u00a0\u00bb.vc_custom_1750096235962{padding-right: 36px !important;padding-left: 36px !important;}\u00a0\u00bb css_animation=\u00a0\u00bbnone\u00a0\u00bb]<\/p>\n<h4 style=\"text-align: left;\"><span style=\"color: #025971;\"><strong>2025-2026<\/strong><\/span><\/h4>\n<p>[\/vc_column_text][\/vc_column_inner][\/vc_row_inner][vc_row_inner content_placement=\u00a0\u00bbmiddle\u00a0\u00bb css=\u00a0\u00bb.vc_custom_1741196795543{padding-bottom: 20px !important;}\u00a0\u00bb][vc_column_inner width=\u00a0\u00bb1\/4&Prime;][vc_single_image image=\u00a0\u00bb41035&Prime; img_size=\u00a0\u00bbmedium\u00a0\u00bb alignment=\u00a0\u00bbcenter\u00a0\u00bb style=\u00a0\u00bbvc_box_circle_2&Prime; css=\u00a0\u00bb\u00a0\u00bb][\/vc_column_inner][vc_column_inner width=\u00a0\u00bb3\/4&Prime; css=\u00a0\u00bb.vc_custom_1750096929305{padding-right: 65px !important;padding-left: 65px !important;}\u00a0\u00bb mobile_padding_left=\u00a0\u00bb10&Prime; mobile_padding_right=\u00a0\u00bb10&Prime;][vc_column_text css=\u00a0\u00bb\u00a0\u00bb]<em><a href=\"https:\/\/museemontrealjuif.ca\/event\/aguas-dialogues-through-improvised-music\/\">Aguas<\/a>\u00a0<\/em>is a performance by a trio of musicians whose family histories, shaped by rivers, migration, and memory, span continents. Featuring <strong>Dami\u00e1n Birbrier<\/strong>\u00a0(saxophone), Amichai Ben Shalev (bandoneon), and Vov\u00f4 Saramanda (percussion), the group draws on inherited memories to create music that flows between personal history and collective resonance.[\/vc_column_text][\/vc_column_inner][\/vc_row_inner][vc_row_inner][vc_column_inner][vc_column_text css=\u00a0\u00bb.vc_custom_1741195216265{padding-right: 36px !important;padding-left: 36px !important;}\u00a0\u00bb css_animation=\u00a0\u00bbnone\u00a0\u00bb]<\/p>\n<h4 style=\"text-align: left;\"><span style=\"color: #025971;\"><strong>2024-2025<\/strong><\/span><\/h4>\n<p>[\/vc_column_text][\/vc_column_inner][\/vc_row_inner][vc_row_inner content_placement=\u00a0\u00bbmiddle\u00a0\u00bb css=\u00a0\u00bb.vc_custom_1741196795543{padding-bottom: 20px !important;}\u00a0\u00bb][vc_column_inner width=\u00a0\u00bb1\/4&Prime;][vc_single_image image=\u00a0\u00bb43353&Prime; img_size=\u00a0\u00bbmedium\u00a0\u00bb alignment=\u00a0\u00bbcenter\u00a0\u00bb style=\u00a0\u00bbvc_box_circle_2&Prime; css=\u00a0\u00bb\u00a0\u00bb][\/vc_column_inner][vc_column_inner width=\u00a0\u00bb3\/4&Prime; css=\u00a0\u00bb.vc_custom_1750097027021{padding-right: 65px !important;padding-left: 65px !important;}\u00a0\u00bb mobile_padding_left=\u00a0\u00bb10&Prime; mobile_padding_right=\u00a0\u00bb10&Prime;][vc_column_text css=\u00a0\u00bb\u00a0\u00bb]<span style=\"font-weight: 400;\">Pianiste renomm\u00e9e, auteur et interpr\u00e8te de talent, <strong>Gili Loftus<\/strong> a pr\u00e9sent\u00e9 un programme de concert cr\u00e9\u00e9 en collaboration avec le marionnettiste et dramaturge Jake (Yankl) Krakovsky, intitul\u00e9 <a href=\"https:\/\/museemontrealjuif.ca\/fr\/event\/don-golem-a-prague-un-concert-de-marionnettes-dombre\/\">Don Golem \u00e0 Prague<\/a>. Le programme utilise la performance th\u00e9\u00e2trale de marionnettes en conversation avec des \u00e9l\u00e9ments musicaux et po\u00e9tiques pour explorer la mythologie derri\u00e8re la cr\u00e9ature \u00ab Golem \u00bb du folklore mystique juif et ses influences possibles sur la cr\u00e9ation et la mise en sc\u00e8ne de l&rsquo;op\u00e9ra Don Giovanni de Wolfgang Amadeus Mozart (1787). Ce projet s&rsquo;inscrit dans le cadre du programme \u00ab Ida&rsquo;s Salon \u00bb de Loftus, qui b\u00e9n\u00e9ficie d&rsquo;une micro-subvention pour l&rsquo;ann\u00e9e 2021. <\/span>[\/vc_column_text][\/vc_column_inner][\/vc_row_inner][vc_row_inner content_placement=\u00a0\u00bbmiddle\u00a0\u00bb css=\u00a0\u00bb.vc_custom_1741196772757{padding-bottom: 20px !important;}\u00a0\u00bb][vc_column_inner width=\u00a0\u00bb1\/4&Prime;][vc_single_image image=\u00a0\u00bb43355&Prime; img_size=\u00a0\u00bbmedium\u00a0\u00bb alignment=\u00a0\u00bbcenter\u00a0\u00bb style=\u00a0\u00bbvc_box_circle_2&Prime; css=\u00a0\u00bb\u00a0\u00bb][\/vc_column_inner][vc_column_inner width=\u00a0\u00bb3\/4&Prime; css=\u00a0\u00bb.vc_custom_1750097040988{padding-right: 65px !important;padding-left: 65px !important;}\u00a0\u00bb mobile_padding_left=\u00a0\u00bb10&Prime; mobile_padding_right=\u00a0\u00bb10&Prime;][vc_column_text css=\u00a0\u00bb\u00a0\u00bb]<span style=\"font-weight: 400;\">\u00c9crit par <strong>Daniel Carkner<\/strong> et illustr\u00e9 par <strong>Ava Berkson<\/strong>, le livre de poche<\/span> <a href=\"https:\/\/museemontrealjuif.ca\/wp-content\/uploads\/2025\/03\/Elenkrig-Feb-8-final.pdf\"><strong><i>Elenkrig<\/i><\/strong><\/a><span style=\"font-weight: 400;\"> est un hommage \u00e0 Eva Elenrkig, musicienne ukrainienne de musique klezmer et couturi\u00e8re bas\u00e9e \u00e0 New York au XXe si\u00e8cle. Avec des dessins fluides en \u00e9chelle de gris, <\/span><i><span style=\"font-weight: 400;\">Elenkrig<\/span><\/i> <span style=\"font-weight: 400;\">d\u00e9peint les exp\u00e9riences tumultueuses d&rsquo;Eva dans l&rsquo;industrie du v\u00eatement, mais aussi ses talents de musicienne de balala\u00efka et la dynamique familiale, permettant aux lecteurs de d\u00e9couvrir la vie complexe d&rsquo;une jeune femme juive de son \u00e9poque.<\/span>[\/vc_column_text][\/vc_column_inner][\/vc_row_inner][vc_row_inner content_placement=\u00a0\u00bbmiddle\u00a0\u00bb css=\u00a0\u00bb.vc_custom_1741196779102{padding-bottom: 20px !important;}\u00a0\u00bb][vc_column_inner width=\u00a0\u00bb1\/4&Prime;][vc_single_image image=\u00a0\u00bb42439&Prime; img_size=\u00a0\u00bbmedium\u00a0\u00bb alignment=\u00a0\u00bbcenter\u00a0\u00bb style=\u00a0\u00bbvc_box_circle_2&Prime; css=\u00a0\u00bb\u00a0\u00bb][\/vc_column_inner][vc_column_inner width=\u00a0\u00bb3\/4&Prime; css=\u00a0\u00bb.vc_custom_1750097057087{padding-right: 65px !important;padding-left: 65px !important;}\u00a0\u00bb mobile_padding_left=\u00a0\u00bb10&Prime; mobile_padding_right=\u00a0\u00bb10&Prime;][vc_column_text css=\u00a0\u00bb\u00a0\u00bb]Engag\u00e9e dans l&rsquo;herboristerie et ses liens avec les rituels juifs, <strong>Celia Robinovitch<\/strong> a anim\u00e9 <strong><a href=\"https:\/\/museemontrealjuif.ca\/fr\/event\/finding-home-in-our-ancestors-stories-un-atelier-dherboristerie-juive-et-decriture\/\">un cercle d&rsquo;apprentissage de l&rsquo;herboristerie<\/a><\/strong> qui invitait les invit\u00e9s \u00e0 lire et \u00e0 \u00e9crire sur les traditions diasporiques bas\u00e9es sur la terre, aux c\u00f4t\u00e9s de l&rsquo;\u00e9crivain invit\u00e9 Ami Weintraub. Cet atelier s&rsquo;inscrit dans le prolongement du projet initial de Celia avec MMJ, dans le cadre duquel elle a guid\u00e9 les invit\u00e9s dans la cr\u00e9ation de sachets de besamim et d&rsquo;oxymels \u00e0 base de plantes.[\/vc_column_text][\/vc_column_inner][\/vc_row_inner][vc_row_inner][vc_column_inner][vc_empty_space height=\u00a0\u00bb64px\u00a0\u00bb][vc_column_text css=\u00a0\u00bb\u00a0\u00bb]Le CAMJ ( Collectif des arts du Montr\u00e9al juif) et sa programmation sont rendus possibles gr\u00e2ce au soutien financier de la <a href=\"https:\/\/azrielifoundation.org\/\"><strong>Fondation Azrieli<\/strong><\/a>, de <strong>la Fondation de la famille Averbach<\/strong>, et de <a href=\"https:\/\/bycanvas.org\/\"><strong>CANVAS<\/strong><\/a>.[\/vc_column_text][vc_empty_space][\/vc_column_inner][\/vc_row_inner][\/vc_column][\/vc_row][vc_row full_width=\u00a0\u00bbstretch_row\u00a0\u00bb gap=\u00a0\u00bb35&Prime; equal_height=\u00a0\u00bbyes\u00a0\u00bb css=\u00a0\u00bb.vc_custom_1642087851956{margin-top: 0px !important;margin-bottom: 0px !important;background-color: #e3f4f9 !important;}\u00a0\u00bb][vc_column offset=\u00a0\u00bbvc_hidden-xs\u00a0\u00bb][vc_text_separator title=\u00a0\u00bbAutres programmes du Mus\u00e9e\u00a0\u00bb][vc_row_inner][vc_column_inner width=\u00a0\u00bb1\/3&Prime; css=\u00a0\u00bb.vc_custom_1642087843549{padding-bottom: 20px !important;}\u00a0\u00bb][vc_column_text]<\/p>\n<h3 style=\"text-align: center;\">Expositions<\/h3>\n<p>[\/vc_column_text][vc_single_image image=\u00a0\u00bb39888&Prime; img_size=\u00a0\u00bblarge\u00a0\u00bb alignment=\u00a0\u00bbcenter\u00a0\u00bb][vc_column_text]<a href=\"https:\/\/museemontrealjuif.ca\/fr\/expositions\/\">La programmation artistique et les expositions<\/a> du Mus\u00e9e visent \u00e0 partager le patrimoine juif diversifi\u00e9 de Montr\u00e9al et \u00e0 mettre en lumi\u00e8re les enjeux et questions contemporains par des approches novatrices. Il s&rsquo;agit notamment d&rsquo;expositions et de performances d&rsquo;art contemporain, d&rsquo;expositions \u00e9ph\u00e9m\u00e8res et de peintures murales.[\/vc_column_text][\/vc_column_inner][vc_column_inner width=\u00a0\u00bb1\/3&Prime;][vc_column_text]<\/p>\n<h3 style=\"text-align: center;\">\u00c9v\u00e9nements<\/h3>\n<p>[\/vc_column_text][vc_single_image image=\u00a0\u00bb37040&Prime; img_size=\u00a0\u00bblarge\u00a0\u00bb alignment=\u00a0\u00bbcenter\u00a0\u00bb][vc_column_text]Nos <a href=\"https:\/\/museemontrealjuif.ca\/events\/\">\u00e9v\u00e9nements<\/a> sont un moyen de resserrer les liens du public avec les arts et la culture de la communaut\u00e9 juive gr\u00e2ce \u00e0 de nouvelles exp\u00e9riences \u2013 concerts, ateliers, mise en r\u00e9cit, vernissages, salons, march\u00e9s des f\u00eates, lancements de livres, soir\u00e9es et plus encore.[\/vc_column_text][\/vc_column_inner][vc_column_inner width=\u00a0\u00bb1\/3&Prime;][vc_column_text css=\u00a0\u00bb\u00a0\u00bb]<\/p>\n<h3 style=\"text-align: center;\">Micro-subvention<\/h3>\n<p>[\/vc_column_text][vc_single_image image=\u00a0\u00bb38502&Prime; img_size=\u00a0\u00bblarge\u00a0\u00bb alignment=\u00a0\u00bbcenter\u00a0\u00bb css=\u00a0\u00bb\u00a0\u00bb][vc_column_text css=\u00a0\u00bb\u00a0\u00bb]Nous sommes d\u00e9termin\u00e9s \u00e0 soutenir la prochaine g\u00e9n\u00e9ration de professionnels de l&rsquo;art et de la culture de Montr\u00e9al gr\u00e2ce \u00e0 notre programme de micro-subventions pour l&rsquo;exploration cr\u00e9ative. Notre programme de <a href=\"\/?page_id=39628\" data-uw-rm-brl=\"PR\" data-uw-original-href=\"https:\/\/museemontrealjuif.ca\/fr\/micro-subvention\/\">micro-subventions<\/a> fournit un financement et un soutien pour aider les jeunes adultes \u00e0 donner vie \u00e0 leurs id\u00e9es de projets innovants li\u00e9s aux arts, \u00e0 la culture et \u00e0 l\u2019identit\u00e9 juives.[\/vc_column_text][\/vc_column_inner][\/vc_row_inner][\/vc_column][\/vc_row][vc_row full_width=\u00a0\u00bbstretch_row\u00a0\u00bb gap=\u00a0\u00bb35&Prime; equal_height=\u00a0\u00bbyes\u00a0\u00bb css=\u00a0\u00bb.vc_custom_1750096381636{margin-top: 0px !important;margin-bottom: 0px !important;padding-top: 0px !important;background-color: #e3f4f9 !important;}\u00a0\u00bb][vc_column offset=\u00a0\u00bbvc_hidden-lg vc_hidden-md vc_hidden-sm\u00a0\u00bb mobile_padding_top=\u00a0\u00bb0&Prime;][vc_column_text css=\u00a0\u00bb.vc_custom_1750096392438{margin-top: 0px !important;padding-top: 0px !important;}\u00a0\u00bb]<\/p>\n<h1 style=\"text-align: center;\">Autres programmes du Mus\u00e9e<\/h1>\n<p>[\/vc_column_text][vc_row_inner][vc_column_inner width=\u00a0\u00bb1\/3&Prime; css=\u00a0\u00bb.vc_custom_1642087843549{padding-bottom: 20px !important;}\u00a0\u00bb][vc_column_text]<\/p>\n<h4 style=\"text-align: center;\">Expositions<\/h4>\n<p>[\/vc_column_text][vc_single_image image=\u00a0\u00bb39888&Prime; img_size=\u00a0\u00bblarge\u00a0\u00bb alignment=\u00a0\u00bbcenter\u00a0\u00bb][vc_column_text]<a href=\"https:\/\/museemontrealjuif.ca\/fr\/expositions\/\">La programmation artistique et les expositions<\/a> du Mus\u00e9e visent \u00e0 partager le patrimoine juif diversifi\u00e9 de Montr\u00e9al et \u00e0 mettre en lumi\u00e8re les enjeux et questions contemporains par des approches novatrices. Il s&rsquo;agit notamment d&rsquo;expositions et de performances d&rsquo;art contemporain, d&rsquo;expositions \u00e9ph\u00e9m\u00e8res et de peintures murales.[\/vc_column_text][\/vc_column_inner][vc_column_inner width=\u00a0\u00bb1\/3&Prime;][vc_column_text]<\/p>\n<h4 style=\"text-align: center;\">\u00c9v\u00e9nements<\/h4>\n<p>[\/vc_column_text][vc_single_image image=\u00a0\u00bb37040&Prime; img_size=\u00a0\u00bblarge\u00a0\u00bb alignment=\u00a0\u00bbcenter\u00a0\u00bb][vc_column_text]Nos <a href=\"https:\/\/museemontrealjuif.ca\/events\/\">\u00e9v\u00e9nements<\/a> sont un moyen de resserrer les liens du public avec les arts et la culture de la communaut\u00e9 juive gr\u00e2ce \u00e0 de nouvelles exp\u00e9riences \u2013 concerts, ateliers, mise en r\u00e9cit, vernissages, salons, march\u00e9s des f\u00eates, lancements de livres, soir\u00e9es et plus encore.[\/vc_column_text][\/vc_column_inner][vc_column_inner width=\u00a0\u00bb1\/3&Prime;][vc_column_text css=\u00a0\u00bb\u00a0\u00bb]<\/p>\n<h3 style=\"text-align: center;\">Micro-subvention<\/h3>\n<p>[\/vc_column_text][vc_single_image image=\u00a0\u00bb38502&Prime; img_size=\u00a0\u00bblarge\u00a0\u00bb alignment=\u00a0\u00bbcenter\u00a0\u00bb css=\u00a0\u00bb\u00a0\u00bb][vc_column_text css=\u00a0\u00bb\u00a0\u00bb]Nous sommes d\u00e9termin\u00e9s \u00e0 soutenir la prochaine g\u00e9n\u00e9ration de professionnels de l&rsquo;art et de la culture de Montr\u00e9al gr\u00e2ce \u00e0 notre programme de micro-subventions pour l&rsquo;exploration cr\u00e9ative. Notre programme de <a href=\"\/?page_id=39628\" data-uw-rm-brl=\"PR\" data-uw-original-href=\"https:\/\/museemontrealjuif.ca\/fr\/micro-subvention\/\">micro-subventions<\/a> fournit un financement et un soutien pour aider les jeunes adultes \u00e0 donner vie \u00e0 leurs id\u00e9es de projets innovants li\u00e9s aux arts, \u00e0 la culture et \u00e0 l\u2019identit\u00e9 juives.[\/vc_column_text][\/vc_column_inner][\/vc_row_inner][\/vc_column][\/vc_row]<\/p>\n<\/div>","protected":false},"excerpt":{"rendered":"<p>[vc_row full_width=\u00a0\u00bbstretch_row_content_no_spaces\u00a0\u00bb css=\u00a0\u00bb.vc_custom_1738350440333{background-image: url(https:\/\/museemontrealjuif.ca\/wp-content\/uploads\/2025\/01\/PublicIntimacy-118.jpg?id=43215) !important;background-position: center !important;background-repeat: no-repeat !important;background-size: cover !important;}\u00a0\u00bb][vc_column offset=\u00a0\u00bbvc_hidden-xs\u00a0\u00bb][vc_empty_space height=\u00a0\u00bb120px\u00a0\u00bb css=\u00a0\u00bb.vc_custom_1645620413082{margin-top: 0px !important;border-top-width: 0px !important;padding-top: 0px !important;}\u00a0\u00bb][vc_column_text css=\u00a0\u00bb.vc_custom_1749834796388{padding-top: 60px !important;padding-bottom: 75px !important;background-color: #96D3E4B3 !important;}\u00a0\u00bb] Collectif des arts du Montr\u00e9al juif [\/vc_column_text][vc_empty_space height=\u00a0\u00bb120px\u00a0\u00bb][\/vc_column][\/vc_row][vc_row full_width=\u00a0\u00bbstretch_row_content_no_spaces\u00a0\u00bb css=\u00a0\u00bb.vc_custom_1749834823155{background-image: url(https:\/\/museemontrealjuif.ca\/wp-content\/uploads\/2025\/01\/PublicIntimacy-118.jpg?id=43215) !important;background-position: center !important;background-repeat: no-repeat !important;background-size: cover !important;}\u00a0\u00bb el_id=\u00a0\u00bbmobile\u00a0\u00bb][vc_column offset=\u00a0\u00bbvc_hidden-lg vc_hidden-md vc_hidden-sm\u00a0\u00bb][vc_empty_space height=\u00a0\u00bb45px\u00a0\u00bb&#8230;<\/p>\n","protected":false},"author":5,"featured_media":0,"parent":0,"menu_order":0,"comment_status":"closed","ping_status":"closed","template":"","meta":{"footnotes":""},"class_list":["post-43626","page","type-page","status-publish"],"_links":{"self":[{"href":"https:\/\/museemontrealjuif.ca\/fr\/wp-json\/wp\/v2\/pages\/43626","targetHints":{"allow":["GET"]}}],"collection":[{"href":"https:\/\/museemontrealjuif.ca\/fr\/wp-json\/wp\/v2\/pages"}],"about":[{"href":"https:\/\/museemontrealjuif.ca\/fr\/wp-json\/wp\/v2\/types\/page"}],"author":[{"embeddable":true,"href":"https:\/\/museemontrealjuif.ca\/fr\/wp-json\/wp\/v2\/users\/5"}],"replies":[{"embeddable":true,"href":"https:\/\/museemontrealjuif.ca\/fr\/wp-json\/wp\/v2\/comments?post=43626"}],"version-history":[{"count":0,"href":"https:\/\/museemontrealjuif.ca\/fr\/wp-json\/wp\/v2\/pages\/43626\/revisions"}],"wp:attachment":[{"href":"https:\/\/museemontrealjuif.ca\/fr\/wp-json\/wp\/v2\/media?parent=43626"}],"curies":[{"name":"wp","href":"https:\/\/api.w.org\/{rel}","templated":true}]}}