{"id":32871,"date":"2018-12-17T17:51:13","date_gmt":"2018-12-17T17:51:13","guid":{"rendered":"https:\/\/museemontrealjuif.ca\/event\/appel-projet-murale\/"},"modified":"2019-01-09T19:14:18","modified_gmt":"2019-01-09T19:14:18","slug":"appel-projet-murale","status":"publish","type":"tribe_events","link":"https:\/\/museemontrealjuif.ca\/fr\/event\/appel-projet-murale\/","title":{"rendered":"Appel a\u0300 projet \u2013 Murale ext\u00e9rieure 2019"},"content":{"rendered":"<p>Date limite : 23 janvier 2019 \u00e0 23h59<\/p>\n<p>Le Mus\u00e9e du Montr\u00e9al juif accepte actuellement les propositions pour notre projet de murale ext\u00e9rieure. La murale devrait \u00eatre compl\u00e9t\u00e9e lors de Festival MURAL au d\u00e9but juin 2019. Nous invitons les artistes individuels ainsi que les collectifs d\u2019artistes (3 personnes maximum) a\u0300 soumettre une proposition. Les candidats de toutes disciplines artistiques sont invit\u00e9s \u00e0 postuler. Pour plud d&rsquo;infos : <a href=\"https:\/\/museemontrealjuif.ca\/fr\/2018\/11\/29\/appel-projet-murale\/\">https:\/\/museemontrealjuif.ca\/fr\/2018\/11\/29\/appel-projet-murale\/<\/a><\/p>\n","protected":false},"excerpt":{"rendered":"<p>Date limite : 23 janvier 2019 \u00e0 23h59 Le Mus\u00e9e du Montr\u00e9al juif accepte actuellement les propositions pour notre projet de murale ext\u00e9rieure. La murale devrait \u00eatre compl\u00e9t\u00e9e lors de Festival MURAL au d\u00e9but juin 2019. Nous invitons les artistes individuels ainsi que les collectifs d\u2019artistes (3 personnes maximum) a\u0300&#8230;<\/p>\n","protected":false},"author":5,"featured_media":0,"template":"","meta":{"_tribe_events_status":"","_tribe_events_status_reason":"","footnotes":""},"tags":[],"tribe_events_cat":[],"class_list":["post-32871","tribe_events","type-tribe_events","status-publish"],"_links":{"self":[{"href":"https:\/\/museemontrealjuif.ca\/fr\/wp-json\/wp\/v2\/tribe_events\/32871","targetHints":{"allow":["GET"]}}],"collection":[{"href":"https:\/\/museemontrealjuif.ca\/fr\/wp-json\/wp\/v2\/tribe_events"}],"about":[{"href":"https:\/\/museemontrealjuif.ca\/fr\/wp-json\/wp\/v2\/types\/tribe_events"}],"author":[{"embeddable":true,"href":"https:\/\/museemontrealjuif.ca\/fr\/wp-json\/wp\/v2\/users\/5"}],"version-history":[{"count":0,"href":"https:\/\/museemontrealjuif.ca\/fr\/wp-json\/wp\/v2\/tribe_events\/32871\/revisions"}],"wp:attachment":[{"href":"https:\/\/museemontrealjuif.ca\/fr\/wp-json\/wp\/v2\/media?parent=32871"}],"wp:term":[{"taxonomy":"post_tag","embeddable":true,"href":"https:\/\/museemontrealjuif.ca\/fr\/wp-json\/wp\/v2\/tags?post=32871"},{"taxonomy":"tribe_events_cat","embeddable":true,"href":"https:\/\/museemontrealjuif.ca\/fr\/wp-json\/wp\/v2\/tribe_events_cat?post=32871"}],"curies":[{"name":"wp","href":"https:\/\/api.w.org\/{rel}","templated":true}]}}