{"id":35261,"date":"2019-08-20T16:34:46","date_gmt":"2019-08-20T16:34:46","guid":{"rendered":"https:\/\/museemontrealjuif.ca\/event\/voix-juives-irak\/"},"modified":"2019-09-18T22:22:54","modified_gmt":"2019-09-18T22:22:54","slug":"voix-juives-irak","status":"publish","type":"tribe_events","link":"https:\/\/museemontrealjuif.ca\/fr\/event\/voix-juives-irak\/","title":{"rendered":"Vernissage: Les voix juives d&rsquo;Irak"},"content":{"rendered":"<p>&nbsp;<\/p>\n<p style=\"text-align: center; font-size: 125%;\">Le Mus\u00e9e du Montr\u00e9al juif, en collaboration avec Sephardi Voices, est fier de pr\u00e9senter <em><strong>LES VOIX JUIVES D\u2019IRAK<\/strong><\/em>, une exploration de la derni\u00e8re g\u00e9n\u00e9ration de juifs n\u00e9s en Irak sous la forme d\u2019une exposition multim\u00e9dia.<\/p>\n<p>&nbsp;<\/p>\n<p style=\"text-align: center;\">Inscrite dans le contexte de 2500 ans de pr\u00e9sence juive en Irak, l\u2019exposition s\u2019attarde plus particuli\u00e8rement sur la p\u00e9riode allant des ann\u00e9es 1930 \u00e0 1970, marqu\u00e9es par la discrimination de la part des pouvoirs publics, la violence et l\u2019agitation politique qui forc\u00e8rent les juifs irakiens \u00e0 quitter le pays en masse, beaucoup d\u2019entre eux, comme r\u00e9fugi\u00e9s. Cette exposition pr\u00e9sente les portraits, les histoires orales, les images d\u2019archives ainsi qu\u2019une projection vid\u00e9o mettant en lumi\u00e8re l\u2019histoire m\u00e9connue des juifs irakiens ou babyloniens, une communaut\u00e9 dynamique, maintenant exil\u00e9e, encore fortement attach\u00e9e \u00e0 son pays d\u2019origine d\u2019o\u00f9 elle a \u00e9t\u00e9 chass\u00e9e.<\/p>\n<p>&nbsp;<\/p>\n<p style=\"text-align: center;\">Le vernissage aura lieu <strong>le dimanche 22 septembre 2019 \u00e0 18h00<\/strong>. Gratuit et ouvert au public, il servira d\u2019occasion d\u2019une projection du court m\u00e9trage \u00abLast Class in Baghdad,\u00bb produit par Sephardi Voices. <strong><a href=\"https:\/\/docs.google.com\/forms\/d\/e\/1FAIpQLSdid7J88njC-0nnzpAm25nF6FnZqBhT7SNqXMl5UbAlXY4uAQ\/viewform?usp=sf_link\" target=\"_blank\" rel=\"noopener noreferrer\" data-saferedirecturl=\"https:\/\/www.google.com\/url?q=https:\/\/docs.google.com\/forms\/d\/e\/1FAIpQLSdid7J88njC-0nnzpAm25nF6FnZqBhT7SNqXMl5UbAlXY4uAQ\/viewform?usp%3Dsf_link&amp;source=gmail&amp;ust=1568143318256000&amp;usg=AFQjCNGxBB88bxJz7BTqg5j8gmJHR7uKyw\">Cliquez ici pour confirmer votre pr\u00e9sence<\/a><\/strong>.<\/p>\n<p>&nbsp;<\/p>\n<p style=\"text-align: center;\"><strong>\u00c0 propos de Sephardi Voices<\/strong><\/p>\n<p style=\"text-align: center;\"><a href=\"https:\/\/sephardivoices.com\/\" target=\"_blank\" rel=\"noopener noreferrer\">Sephardi Voices<\/a> est la premi\u00e8re archive num\u00e9rique compl\u00e8te qui documente et pr\u00e9serve, par le biais de vid\u00e9os, d\u2019audio et de photographies, les histoires des Juifs qui ont v\u00e9cu dans l\u2019Afrique du Nord et du Moyen-Orient. Sephardi Voices a \u00e9t\u00e9 fond\u00e9e et est dirig\u00e9e par le Directeur international <a href=\"https:\/\/people.miami.edu\/profile\/hgreen@miami.edu\">Dr. Henry Green<\/a> et David Langer. Dr Green est professeur des \u00e9tudes religieuse \u00e0 l\u2019Universit\u00e9 de Miami et le directeur fondateur de \u00ab<a href=\"https:\/\/jmof.fiu.edu\/exhibits\/current-exhibits\/\" target=\"_blank\" rel=\"noopener noreferrer\">MOSAIC: The Jewish Museum of Florida<\/a>.\u00bb Langer est un sc\u00e9nariste-producteur-r\u00e9alisateur prim\u00e9 qui compte plus de quarante ans d&rsquo;exp\u00e9rience t\u00e9l\u00e9visuelle.<\/p>\n<p>&nbsp;<\/p>\n<p style=\"text-align: center;\">L&rsquo;exposition a \u00e9t\u00e9 rendue possible gr\u00e2ce \u00e0 la contribution g\u00e9n\u00e9reuse contribution\u00a0par la\u00a0fondation Victor et\u00a0Edna Mashaal et Senvest Capital, ainsi que la Communaut\u00e9 des juifs babyloniens et irakiens de Montr\u00e9al et la Fondation communautaire juive de Montr\u00e9al.<\/p>\n","protected":false},"excerpt":{"rendered":"<p>&nbsp; Le Mus\u00e9e du Montr\u00e9al juif, en collaboration avec Sephardi Voices, est fier de pr\u00e9senter LES VOIX JUIVES D\u2019IRAK, une exploration de la derni\u00e8re g\u00e9n\u00e9ration de juifs n\u00e9s en Irak sous la forme d\u2019une exposition multim\u00e9dia. &nbsp; Inscrite dans le contexte de 2500 ans de pr\u00e9sence juive en Irak, l\u2019exposition&#8230;<\/p>\n","protected":false},"author":5,"featured_media":35263,"template":"","meta":{"_tribe_events_status":"","_tribe_events_status_reason":"","footnotes":""},"tags":[],"tribe_events_cat":[],"class_list":["post-35261","tribe_events","type-tribe_events","status-publish","has-post-thumbnail"],"_links":{"self":[{"href":"https:\/\/museemontrealjuif.ca\/fr\/wp-json\/wp\/v2\/tribe_events\/35261","targetHints":{"allow":["GET"]}}],"collection":[{"href":"https:\/\/museemontrealjuif.ca\/fr\/wp-json\/wp\/v2\/tribe_events"}],"about":[{"href":"https:\/\/museemontrealjuif.ca\/fr\/wp-json\/wp\/v2\/types\/tribe_events"}],"author":[{"embeddable":true,"href":"https:\/\/museemontrealjuif.ca\/fr\/wp-json\/wp\/v2\/users\/5"}],"version-history":[{"count":0,"href":"https:\/\/museemontrealjuif.ca\/fr\/wp-json\/wp\/v2\/tribe_events\/35261\/revisions"}],"wp:featuredmedia":[{"embeddable":true,"href":"https:\/\/museemontrealjuif.ca\/fr\/wp-json\/wp\/v2\/media\/35263"}],"wp:attachment":[{"href":"https:\/\/museemontrealjuif.ca\/fr\/wp-json\/wp\/v2\/media?parent=35261"}],"wp:term":[{"taxonomy":"post_tag","embeddable":true,"href":"https:\/\/museemontrealjuif.ca\/fr\/wp-json\/wp\/v2\/tags?post=35261"},{"taxonomy":"tribe_events_cat","embeddable":true,"href":"https:\/\/museemontrealjuif.ca\/fr\/wp-json\/wp\/v2\/tribe_events_cat?post=35261"}],"curies":[{"name":"wp","href":"https:\/\/api.w.org\/{rel}","templated":true}]}}