{"id":38089,"date":"2021-03-24T20:39:42","date_gmt":"2021-03-24T20:39:42","guid":{"rendered":"https:\/\/museemontrealjuif.ca\/event\/blut-und-blintzes-une-piece-radiophonique-de-vampire-en-yiddish\/"},"modified":"2021-03-24T20:39:57","modified_gmt":"2021-03-24T20:39:57","slug":"blut-und-blintzes-une-piece-radiophonique-de-vampire-en-yiddish","status":"publish","type":"tribe_events","link":"https:\/\/museemontrealjuif.ca\/fr\/event\/blut-und-blintzes-une-piece-radiophonique-de-vampire-en-yiddish\/","title":{"rendered":"Blut und Blintzes: Une pi\u00e8ce radiophonique de vampire en yiddish"},"content":{"rendered":"<p>Vous aimez le yiddish ? Et les vampires ? Avez-vous regard\u00e9 <em>Buffy contre les vampires<\/em> au moins quatre fois\u00a0? Et vous vous \u00eates toujours demand\u00e9 ce que cela donnerait si l&rsquo;histoire se d\u00e9roulait \u00e0 Montr\u00e9al et que les vampires \u00e9taient des filles juives excentriques ayant une connaissance m\u00e9diocre de la loi halakhique ? Si vous avez r\u00e9pondu oui \u00e0 toutes ces questions, venez assister \u00e0 la premi\u00e8re lecture de Blut und Blintzes (Sang et Blintzes), une nouvelle pi\u00e8ce radiophonique en yiddish, pour une soir\u00e9e de divertissement. La pi\u00e8ce raconte l&rsquo;histoire de Chayka Moskovitch, un vampire r\u00e9cemment transform\u00e9 \u00e0 Montr\u00e9al, qui s&rsquo;efforce de concilier son identit\u00e9 juive avec sa nouvelle soif de sang. Alerte spoiler : le sang n&rsquo;est d\u00e9finitivement pas casher ! Rempli de r\u00e9flexions halakhiques irr\u00e9v\u00e9rencieuses et de gags sur la m\u00e9t\u00e9o montr\u00e9alaise, Blut un Blintzes r\u00e9pondra aux plus grandes questions des rabbins, r\u00e9alisera les r\u00eaves vampiriques de chaque jeune fille juive et le fera avec des sous-titres anglais. C&rsquo;est \u00e0 mourir de rire !<\/p>\n<p>&nbsp;<\/p>\n<p>La lecture sur table de la premi\u00e8re partie de Blut und Blintzes sera introduite par la directrice et dramaturge Rebecca Turner. Apr\u00e8s la repr\u00e9sentation, il y aura une s\u00e9ance de questions-r\u00e9ponses avec Rebecca Turner et la troupe.<\/p>\n<p>&nbsp;<\/p>\n<p>Veuillez noter que cet \u00e9v\u00e9nement est gratuit, mais que sa capacit\u00e9 est limit\u00e9e &#8211; l&rsquo;inscription est requise pour recevoir le lien Zoom.<\/p>\n<p>&nbsp;<\/p>\n<p>Cet \u00e9v\u00e9nement fait partie du programme de micro-subventions pour l&rsquo;exploration cr\u00e9ative ou culturelle du Mus\u00e9e juif de Montr\u00e9al, qui est financ\u00e9 par le Fonds d&rsquo;investissement communautaire du Quebec Community Group Network.<\/p>\n","protected":false},"excerpt":{"rendered":"<p>Vous aimez le yiddish ? Et les vampires ? Avez-vous regard\u00e9 Buffy contre les vampires au moins quatre fois\u00a0? Et vous vous \u00eates toujours demand\u00e9 ce que cela donnerait si l&rsquo;histoire se d\u00e9roulait \u00e0 Montr\u00e9al et que les vampires \u00e9taient des filles juives excentriques ayant une connaissance m\u00e9diocre de la&#8230;<\/p>\n","protected":false},"author":14,"featured_media":38108,"template":"","meta":{"_tribe_events_status":"","_tribe_events_status_reason":"","footnotes":""},"tags":[],"tribe_events_cat":[77],"class_list":["post-38089","tribe_events","type-tribe_events","status-publish","has-post-thumbnail","tribe_events_cat-microgrants-fr","cat_microgrants-fr"],"_links":{"self":[{"href":"https:\/\/museemontrealjuif.ca\/fr\/wp-json\/wp\/v2\/tribe_events\/38089","targetHints":{"allow":["GET"]}}],"collection":[{"href":"https:\/\/museemontrealjuif.ca\/fr\/wp-json\/wp\/v2\/tribe_events"}],"about":[{"href":"https:\/\/museemontrealjuif.ca\/fr\/wp-json\/wp\/v2\/types\/tribe_events"}],"author":[{"embeddable":true,"href":"https:\/\/museemontrealjuif.ca\/fr\/wp-json\/wp\/v2\/users\/14"}],"version-history":[{"count":0,"href":"https:\/\/museemontrealjuif.ca\/fr\/wp-json\/wp\/v2\/tribe_events\/38089\/revisions"}],"wp:featuredmedia":[{"embeddable":true,"href":"https:\/\/museemontrealjuif.ca\/fr\/wp-json\/wp\/v2\/media\/38108"}],"wp:attachment":[{"href":"https:\/\/museemontrealjuif.ca\/fr\/wp-json\/wp\/v2\/media?parent=38089"}],"wp:term":[{"taxonomy":"post_tag","embeddable":true,"href":"https:\/\/museemontrealjuif.ca\/fr\/wp-json\/wp\/v2\/tags?post=38089"},{"taxonomy":"tribe_events_cat","embeddable":true,"href":"https:\/\/museemontrealjuif.ca\/fr\/wp-json\/wp\/v2\/tribe_events_cat?post=38089"}],"curies":[{"name":"wp","href":"https:\/\/api.w.org\/{rel}","templated":true}]}}