{"id":39955,"date":"2022-03-08T19:06:44","date_gmt":"2022-03-08T19:06:44","guid":{"rendered":"https:\/\/museemontrealjuif.ca\/event\/quest-ce-que-la-representation-signifie-une-lecture-de-script-pour-mazel-avec-hannah-grover\/"},"modified":"2022-03-08T19:06:44","modified_gmt":"2022-03-08T19:06:44","slug":"quest-ce-que-la-representation-signifie-une-lecture-de-script-pour-mazel-avec-hannah-grover","status":"publish","type":"tribe_events","link":"https:\/\/museemontrealjuif.ca\/fr\/event\/quest-ce-que-la-representation-signifie-une-lecture-de-script-pour-mazel-avec-hannah-grover\/","title":{"rendered":"Que signifie repr\u00e9sentation ? Une lecture de sc\u00e9nario pour \u00ab\u00a0Mazel\u00a0\u00bb avec Hannah Grover"},"content":{"rendered":"<p style=\"text-align: center;\"><strong>Rejoignez les acteurs et les membres de l&rsquo;\u00e9quipe d&rsquo;une s\u00e9rie Web en d\u00e9veloppement, provisoirement intitul\u00e9e <em>Mazel<\/em> pour une lecture du sc\u00e9nario d&rsquo;un \u00e9pisode<\/strong> , au cours de laquelle la communaut\u00e9 aura l&rsquo;occasion de fournir des commentaires et un aper\u00e7u de ce qu&rsquo;elle aimerait voir des m\u00e9dias saphiques.<\/p>\n<p style=\"text-align: center;\"><em><strong>Mazel<\/strong><\/em> suit deux jeunes femmes, Miriam et Lindsay, \u00e0 travers leurs \u00e9tudes sup\u00e9rieures alors qu&rsquo;elles naviguent dans le d\u00e9veloppement de leurs sexualit\u00e9s respectives. Il s&rsquo;agit d&rsquo;une exploration importante de divers privil\u00e8ges et exp\u00e9riences v\u00e9cues en ce qui concerne la sexualit\u00e9, l&rsquo;\u00e9ducation religieuse et les efforts politiques. Chaque sujet sera explor\u00e9 par les personnages &#8211; Miriam en tant que lesbienne juive qui exprime un profond int\u00e9r\u00eat pour le fandom queer, en particulier le livre <em>Wicked<\/em> , comme elle se voit repr\u00e9sent\u00e9e positivement dans les nuances \u00e9tranges du r\u00e9cit, et Lindsay, une femme bisexuelle enferm\u00e9e qui a du mal \u00e0 embrasser la sienne en raison d&rsquo;une biphobie int\u00e9rioris\u00e9e. Apr\u00e8s quelques mois de colocation \u00e0 Montr\u00e9al, les deux femmes nouent une amiti\u00e9 qui se transforme plus tard en une idylle permettant l&rsquo;\u00e9panouissement de leurs identit\u00e9s marginalis\u00e9es respectives.<\/p>\n<p style=\"text-align: center;\">\n            <a href=\"https:\/\/jlive.app\/events\/1882\"><br \/>\n              <span style=\"text-decoration: underline;\"><br \/>\n                <strong>L&rsquo;inscription est obligatoire \u00e0 l&rsquo;avance via Jlive. Cliquez ici pour r\u00e9server votre billet.<\/strong><br \/>\n              <\/span><br \/>\n            <\/a>\n          <\/p>\n<p style=\"text-align: center;\">\n            <strong>\u00c0 propos d&rsquo;Hannah&nbsp;:<\/strong>\n          <\/p>\n<p style=\"text-align: center;\">Hannah Grover est une artiste multim\u00e9dia \u00e0 Montr\u00e9al, qui d\u00e9veloppe actuellement une webs\u00e9rie saphique\/juive sur ce que signifie \u00eatre visible et accueilli. Elle est \u00e9galement une chercheuse \u00e9mergente qui vient de terminer une ma\u00eetrise en \u00e9tudes des m\u00e9dias \u00e0 l&rsquo;Universit\u00e9 Concordia. Elle est titulaire d&rsquo;un baccalaur\u00e9at \u00e8s arts sp\u00e9cialis\u00e9 en anglais de l&rsquo;Universit\u00e9 de Regina avec une concentration en \u00e9criture cr\u00e9ative et poss\u00e8de de l&rsquo;exp\u00e9rience en tant que tutrice, \u00e9tudiante journaliste, actrice au cin\u00e9ma, au th\u00e9\u00e2tre et \u00e0 la t\u00e9l\u00e9vision et en tant que productrice de vid\u00e9os \u00e9ducatives. Hannah est passionn\u00e9e par le cin\u00e9ma f\u00e9ministe intersectionnel, l&rsquo;\u00e9criture queer (que ce soit en prose ou en po\u00e9sie) et l&rsquo;activisme communautaire.<\/p>\n<p style=\"text-align: center;\">\n            <em>Cet \u00e9v\u00e9nement s&rsquo;inscrit dans le cadre du Programme de micro-subventions pour l&rsquo;exploration cr\u00e9ative ou culturelle du Mus\u00e9e du Montr\u00e9al juif, qui est financ\u00e9 par le Fonds d&rsquo;investissement communautaire du R\u00e9seau des groupes communautaires du Qu\u00e9bec. <\/em>\n          <\/p>\n","protected":false},"excerpt":{"rendered":"<p>Rejoignez les acteurs et les membres de l&rsquo;\u00e9quipe d&rsquo;une s\u00e9rie Web en d\u00e9veloppement, provisoirement intitul\u00e9e Mazel pour une lecture du sc\u00e9nario d&rsquo;un \u00e9pisode , au cours de laquelle la communaut\u00e9 aura l&rsquo;occasion de fournir des commentaires et un aper\u00e7u de ce qu&rsquo;elle aimerait voir des m\u00e9dias saphiques. Mazel suit deux&#8230;<\/p>\n","protected":false},"author":5,"featured_media":39951,"template":"","meta":{"_tribe_events_status":"","_tribe_events_status_reason":"","footnotes":""},"tags":[],"tribe_events_cat":[77],"class_list":["post-39955","tribe_events","type-tribe_events","status-publish","has-post-thumbnail","tribe_events_cat-microgrants-fr","cat_microgrants-fr"],"_links":{"self":[{"href":"https:\/\/museemontrealjuif.ca\/fr\/wp-json\/wp\/v2\/tribe_events\/39955","targetHints":{"allow":["GET"]}}],"collection":[{"href":"https:\/\/museemontrealjuif.ca\/fr\/wp-json\/wp\/v2\/tribe_events"}],"about":[{"href":"https:\/\/museemontrealjuif.ca\/fr\/wp-json\/wp\/v2\/types\/tribe_events"}],"author":[{"embeddable":true,"href":"https:\/\/museemontrealjuif.ca\/fr\/wp-json\/wp\/v2\/users\/5"}],"version-history":[{"count":0,"href":"https:\/\/museemontrealjuif.ca\/fr\/wp-json\/wp\/v2\/tribe_events\/39955\/revisions"}],"wp:featuredmedia":[{"embeddable":true,"href":"https:\/\/museemontrealjuif.ca\/fr\/wp-json\/wp\/v2\/media\/39951"}],"wp:attachment":[{"href":"https:\/\/museemontrealjuif.ca\/fr\/wp-json\/wp\/v2\/media?parent=39955"}],"wp:term":[{"taxonomy":"post_tag","embeddable":true,"href":"https:\/\/museemontrealjuif.ca\/fr\/wp-json\/wp\/v2\/tags?post=39955"},{"taxonomy":"tribe_events_cat","embeddable":true,"href":"https:\/\/museemontrealjuif.ca\/fr\/wp-json\/wp\/v2\/tribe_events_cat?post=39955"}],"curies":[{"name":"wp","href":"https:\/\/api.w.org\/{rel}","templated":true}]}}