{"id":42952,"date":"2024-10-25T19:31:33","date_gmt":"2024-10-25T19:31:33","guid":{"rendered":"https:\/\/museemontrealjuif.ca\/?post_type=tribe_events&#038;p=42952"},"modified":"2024-10-25T19:49:11","modified_gmt":"2024-10-25T19:49:11","slug":"theatre-dybbuk-au-mmj-dracula-annote","status":"publish","type":"tribe_events","link":"https:\/\/museemontrealjuif.ca\/fr\/event\/theatre-dybbuk-au-mmj-dracula-annote\/","title":{"rendered":"theatre dybbuk au MMJ | Dracula (annot\u00e9)"},"content":{"rendered":"<div class=\"MuiGrid-root MuiGrid-container MuiGrid-item MuiGrid-grid-xs-12 css-18sxilm-item-xs-spacing-3-contentItem\">\n<div class=\"MuiGrid-root MuiGrid-item MuiGrid-grid-xs-12 css-1557cp6-item\">\n<div class=\"css-1ispbu0-root\">\n<p><strong>theatre dybbuk et le Mus\u00e9e du Montr\u00e9al juif (MMJ) sont fiers de pr\u00e9senter le spectacle inaugural canadien de<em>\u00a0Dracula (annot\u00e9),\u00a0<\/em>bas\u00e9 sur le roman classique de Bram Stoker.<\/strong><\/p>\n<p>Comment des croyances pr\u00e9judiciables de longue date apparaissent-elles dans un roman populaire anglais \u00e9crit au d\u00e9but du XXe si\u00e8cle, et de quelle mani\u00e8re ces croyances sont-elles encore pr\u00e9sentes aujourd&rsquo;hui ? Dans quelle mesure les perceptions de l&rsquo;antis\u00e9mitisme, du racisme et de la x\u00e9nophobie peuvent-elles \u00eatre consid\u00e9r\u00e9es comme exactes et vraies, et quelle est la part de l&rsquo;\u0153il de celui qui regarde ?<\/p>\n<p><strong>Dans son prochain projet, theatre dybbuk se penche sur le\u00a0<em>Dracula<\/em>\u00a0de Bram Stoker et tisse son m\u00e9lange unique d&rsquo;enqu\u00eate historique et de th\u00e9\u00e2tralit\u00e9 exacerb\u00e9e pour cr\u00e9er une nouvelle \u0153uvre \u00e0 partir du c\u0153ur du roman.<\/strong>\u00a0Il s&rsquo;agit de la deuxi\u00e8me d&rsquo;une s\u00e9rie de productions \u00ab annot\u00e9es \u00bb dans lesquelles la compagnie explore des \u0153uvres classiques ou bien connues et influentes sur le plan culturel afin de perturber les fa\u00e7ons plus famili\u00e8res ou confortables de les aborder.<\/p>\n<p><strong>Le prix des billets est de 18 $ pour &lsquo;admission g\u00e9n\u00e9rale, ou de 12 $ pour les \u00e9tudiant\u2022e\u2022s.\u00a0<\/strong>Des billets group\u00e9s pour l&rsquo;autre spectacle assis de theatre dybbuk au Mus\u00e9e du Montr\u00e9al juif,\u00a0<a href=\"https:\/\/jlive.app\/events\/9488\" target=\"_blank\" rel=\"noopener\"><em>Le Marchand de Venise (annot\u00e9)<\/em><\/a>, sont \u00e9galement disponibles au tarif r\u00e9duit de 30 $ pour l&rsquo;admission g\u00e9n\u00e9rale, ou 20 $ pour les \u00e9tudiant\u2022e\u2022s. Si le co\u00fbt du billet est un obstacle \u00e0 l&rsquo;entr\u00e9e, veuillez contacter info@imjm.ca. Les places seront attribu\u00e9es selon le principe du premier arriv\u00e9, premier servi. <a href=\"https:\/\/jlive.app\/fr\/events\/9495\"><strong>Cliquez ici pour r\u00e9server votre place.<\/strong><\/a><\/p>\n<p><strong>Il s&rsquo;agit d&rsquo;une lecture assise du texte, d&rsquo;une dur\u00e9e d&rsquo;environ 90 minutes, suivie par un discussion avec le public environ 30 minutes.<\/strong>\u00a0Le public est invit\u00e9 \u00e0 s&rsquo;entretenir avec l&rsquo;ensemble et \u00e0 d\u00e9guster quelques rafra\u00eechissements \u00e0 notre bar (payable par carte). Si le co\u00fbt des billets est un obstacle \u00e0 l&rsquo;entr\u00e9e, veuillez contacter\u00a0<a href=\"https:\/\/info@imjm.ca.\/\" target=\"_blank\" rel=\"noopener\">info@imjm.ca.<\/a>\u00a0<strong>Veuillez noter que ce spectacle se d\u00e9roulera en anglais.\u00a0<\/strong><\/p>\n<p><em><u>Accessibilit\u00e9<\/u>\u00a0: Veuillez noter que notre b\u00e2timent n&rsquo;est actuellement pas accessible aux visiteurs \u00e0 mobilit\u00e9 r\u00e9duite. Cette repr\u00e9sentation aura lieu au rez-de-chauss\u00e9e.\u00a0<\/em><\/p>\n<p><span style=\"text-decoration: underline;\"><strong>\u00c0 propos du theatre dybbuk :<\/strong><\/span><\/p>\n<p>Fond\u00e9 en 2011 et bas\u00e9 \u00e0 Los Angeles,\u00a0<a href=\"https:\/\/www.theatredybbuk.org\/\">theatre dybbuk<\/a>\u00a0cr\u00e9e des spectacles provocateurs et des rencontres \u00e9ducatives novatrices qui explorent la pens\u00e9e juive pour \u00e9clairer l\u2019exp\u00e9rience humaine universelle. Theatre dybbuk envisage un monde o\u00f9 les gens se mettent au d\u00e9fi de se d\u00e9lecter de la complexit\u00e9 de notre humanit\u00e9 partag\u00e9e.<\/p>\n<p>Du 14 au 18 novembre 2024, le Mus\u00e9e du Montr\u00e9al juif accueille theatre dybbuk dans ses locaux pour une pr\u00e9sentation de spectacles de th\u00e9\u00e2tre en direct et d\u2019autres programmes publics.\u00a0<strong><a href=\"https:\/\/museemontrealjuif.ca\/fr\/theatre-dybbuk-au-musee-du-montreal-juif\/\">Cliquez ici<\/a>\u00a0pour en savoir plus sur la r\u00e9sidence.<\/strong><\/p>\n<p><em>Ce programme est rendu possible gr\u00e2ce au soutien de la Fondation Covenant.\u00a0<\/em><\/p>\n<\/div>\n<p><button class=\"MuiTypography-root MuiTypography-button MuiLink-root MuiLink-underlineAlways MuiLink-button css-mz2v9n\">Voir moins<\/button><\/p>\n<\/div>\n<\/div>\n<div class=\"MuiGrid-root MuiGrid-container MuiGrid-item css-8ra5wn-item-contentItem-infoContainer\">\n<div class=\"MuiGrid-root MuiGrid-item MuiGrid-grid-xs-12 css-1557cp6-item\">\n<div class=\"MuiGrid-root MuiGrid-container css-nmfa4y\">\n<div class=\"MuiGrid-root MuiGrid-item MuiGrid-grid-xs-12 css-1fvb8c4-item\"><\/div>\n<\/div>\n<\/div>\n<\/div>\n","protected":false},"excerpt":{"rendered":"<p>theatre dybbuk et le Mus\u00e9e du Montr\u00e9al juif (MMJ) sont fiers de pr\u00e9senter le spectacle inaugural canadien de\u00a0Dracula (annot\u00e9),\u00a0bas\u00e9 sur le roman classique de Bram Stoker. Comment des croyances pr\u00e9judiciables de longue date apparaissent-elles dans un roman populaire anglais \u00e9crit au d\u00e9but du XXe si\u00e8cle, et de quelle mani\u00e8re ces&#8230;<\/p>\n","protected":false},"author":17,"featured_media":42897,"template":"","meta":{"_tribe_events_status":"","_tribe_events_status_reason":"","footnotes":""},"tags":[],"tribe_events_cat":[],"class_list":["post-42952","tribe_events","type-tribe_events","status-publish","has-post-thumbnail"],"_links":{"self":[{"href":"https:\/\/museemontrealjuif.ca\/fr\/wp-json\/wp\/v2\/tribe_events\/42952","targetHints":{"allow":["GET"]}}],"collection":[{"href":"https:\/\/museemontrealjuif.ca\/fr\/wp-json\/wp\/v2\/tribe_events"}],"about":[{"href":"https:\/\/museemontrealjuif.ca\/fr\/wp-json\/wp\/v2\/types\/tribe_events"}],"author":[{"embeddable":true,"href":"https:\/\/museemontrealjuif.ca\/fr\/wp-json\/wp\/v2\/users\/17"}],"version-history":[{"count":0,"href":"https:\/\/museemontrealjuif.ca\/fr\/wp-json\/wp\/v2\/tribe_events\/42952\/revisions"}],"wp:featuredmedia":[{"embeddable":true,"href":"https:\/\/museemontrealjuif.ca\/fr\/wp-json\/wp\/v2\/media\/42897"}],"wp:attachment":[{"href":"https:\/\/museemontrealjuif.ca\/fr\/wp-json\/wp\/v2\/media?parent=42952"}],"wp:term":[{"taxonomy":"post_tag","embeddable":true,"href":"https:\/\/museemontrealjuif.ca\/fr\/wp-json\/wp\/v2\/tags?post=42952"},{"taxonomy":"tribe_events_cat","embeddable":true,"href":"https:\/\/museemontrealjuif.ca\/fr\/wp-json\/wp\/v2\/tribe_events_cat?post=42952"}],"curies":[{"name":"wp","href":"https:\/\/api.w.org\/{rel}","templated":true}]}}