{"id":43139,"date":"2025-01-29T16:48:06","date_gmt":"2025-01-29T16:48:06","guid":{"rendered":"https:\/\/museemontrealjuif.ca\/?post_type=tribe_events&#038;p=43139"},"modified":"2025-01-29T16:48:06","modified_gmt":"2025-01-29T16:48:06","slug":"tresser-les-identites-conference-et-atelier-creatif-pour-les-juifs-queers-et-transgenres","status":"publish","type":"tribe_events","link":"https:\/\/museemontrealjuif.ca\/fr\/event\/tresser-les-identites-conference-et-atelier-creatif-pour-les-juifs-queers-et-transgenres\/","title":{"rendered":"Tresser les identit\u00e9s : Conf\u00e9rence et atelier cr\u00e9atif pour les juifs queers et transgenres"},"content":{"rendered":"<p>Pour de nombreux juif\u2022ve\u2022s queer, il peut \u00eatre complexe de naviguer entre leurs identit\u00e9s sexuelles et de genre et leur h\u00e9ritage familial et culturel. Dirig\u00e9 par\u00a0<strong>naveed L. salek nejad<\/strong>, l&rsquo;un des b\u00e9n\u00e9ficiaires d&rsquo;une micro-subvention du Mus\u00e9e du Montr\u00e9al juif, cet atelier est une occasion pour les gens d&rsquo;\u00e9crire des biographies sur leurs identit\u00e9s crois\u00e9es.<\/p>\n<p>Dans le cadre de cette micro-subvention, naveed a analys\u00e9 des entretiens avec des survivants de \u00ab mars 1968 \u00bb dans une optique queer afin de comprendre les formes d&rsquo;appartenance nationale juive au-del\u00e0 du binaire national\/\u00e9tranger ? Mars 1968 fait r\u00e9f\u00e9rence \u00e0 l&rsquo;expulsion de quinze mille Polonais d&rsquo;origine juive par le gouvernement communiste polonais sous pr\u00e9texte de troubles politiques int\u00e9rieurs. Bien que le contexte historique du projet de naveed soit unique, l&rsquo;atelier est con\u00e7u pour \u00eatre inclusif et accessible aux juifs queer et trans de la communaut\u00e9 montr\u00e9alaise.<\/p>\n<p>Le 27 f\u00e9vrier, l&rsquo;atelier va commencer par une conf\u00e9rence sur la recherche de naveed intitul\u00e9e \u00ab Polish-Jewish Nationality as Queer ? \u00bb, qui a inspir\u00e9 ce projet.\u00a0<strong>\u00c0 travers l&rsquo;art du tressage de papier, les participant\u2022e\u2022s vont r\u00e9fl\u00e9chir \u00e0 leurs exp\u00e9riences personnelles et familiales par le biais de l&rsquo;\u00e9criture, guid\u00e9s par des messages-guides et des opportunit\u00e9s de partage.<\/strong>\u00a0\u00c0 la fin de l&rsquo;atelier, les participants\u2022e\u2022 auront la possibilit\u00e9 d&#8217;emporter leurs tresses de papier, qui pourront servir de souvenirs, de d\u00e9corations ou de signets.<\/p>\n<p><strong>L&rsquo;entr\u00e9e libre.\u00a0<\/strong>Le nombre de places \u00e9tant limit\u00e9, il est n\u00e9cessaire de s&rsquo;inscrire \u00e0 l&rsquo;avance pour toustes. <a href=\"https:\/\/jlive.app\/fr\/events\/10595\"><strong>Cliquez ici pour r\u00e9server votre place.<\/strong><\/a><\/p>\n<p>Veuillez noter que cet atelier se d\u00e9roulera en anglais, mais les questions pourront \u00eatre pos\u00e9es en fran\u00e7ais.<\/p>\n<p><strong>naveed L. salek nejad <\/strong>(elle)\u00a0est artiste-\u00e9crivain et m\u00e9diatrice culturelle. Ayant grandi au bord de la mer, les notions de fluidit\u00e9 et de \u00ab littoral \u00bb aident naveed \u00e0 d\u00e9passer les binaires diaspora\/maison, ici\/ailleurs, et cis\/trans. N\u00e9e d&rsquo;une m\u00e8re polonaise et d&rsquo;un p\u00e8re iranien en Allemagne, naveed r\u00e9side \u00e0 Tiohti\u00e0:ke\/Montr\u00e9al et entretient des liens professionnels avec Berlin et Varsovie.<\/p>\n<p><em>Cet \u00e9v\u00e9nement fait partie du programme 2025 de micro-subventions pour l&rsquo;exploration cr\u00e9ative ou culturelle du Mus\u00e9e du Montr\u00e9al juif, rendu possible gr\u00e2ce au soutien de la Fondation Azrieli, de la Fondation Betty Averbach et de CANVAS.<\/em><\/p>\n","protected":false},"excerpt":{"rendered":"<p>Pour de nombreux juif\u2022ve\u2022s queer, il peut \u00eatre complexe de naviguer entre leurs identit\u00e9s sexuelles et de genre et leur h\u00e9ritage familial et culturel. Dirig\u00e9 par\u00a0naveed L. salek nejad, l&rsquo;un des b\u00e9n\u00e9ficiaires d&rsquo;une micro-subvention du Mus\u00e9e du Montr\u00e9al juif, cet atelier est une occasion pour les gens d&rsquo;\u00e9crire des biographies&#8230;<\/p>\n","protected":false},"author":17,"featured_media":43137,"template":"","meta":{"_tribe_events_status":"","_tribe_events_status_reason":"","footnotes":""},"tags":[],"tribe_events_cat":[77],"class_list":["post-43139","tribe_events","type-tribe_events","status-publish","has-post-thumbnail","tribe_events_cat-microgrants-fr","cat_microgrants-fr"],"_links":{"self":[{"href":"https:\/\/museemontrealjuif.ca\/fr\/wp-json\/wp\/v2\/tribe_events\/43139","targetHints":{"allow":["GET"]}}],"collection":[{"href":"https:\/\/museemontrealjuif.ca\/fr\/wp-json\/wp\/v2\/tribe_events"}],"about":[{"href":"https:\/\/museemontrealjuif.ca\/fr\/wp-json\/wp\/v2\/types\/tribe_events"}],"author":[{"embeddable":true,"href":"https:\/\/museemontrealjuif.ca\/fr\/wp-json\/wp\/v2\/users\/17"}],"version-history":[{"count":0,"href":"https:\/\/museemontrealjuif.ca\/fr\/wp-json\/wp\/v2\/tribe_events\/43139\/revisions"}],"wp:featuredmedia":[{"embeddable":true,"href":"https:\/\/museemontrealjuif.ca\/fr\/wp-json\/wp\/v2\/media\/43137"}],"wp:attachment":[{"href":"https:\/\/museemontrealjuif.ca\/fr\/wp-json\/wp\/v2\/media?parent=43139"}],"wp:term":[{"taxonomy":"post_tag","embeddable":true,"href":"https:\/\/museemontrealjuif.ca\/fr\/wp-json\/wp\/v2\/tags?post=43139"},{"taxonomy":"tribe_events_cat","embeddable":true,"href":"https:\/\/museemontrealjuif.ca\/fr\/wp-json\/wp\/v2\/tribe_events_cat?post=43139"}],"curies":[{"name":"wp","href":"https:\/\/api.w.org\/{rel}","templated":true}]}}